{"id":10450,"date":"2024-11-06T13:03:54","date_gmt":"2024-11-06T12:03:54","guid":{"rendered":"https:\/\/esglesiajove.barcelona\/recomanacions\/"},"modified":"2025-02-25T17:01:05","modified_gmt":"2025-02-25T16:01:05","slug":"recomendaciones","status":"publish","type":"page","link":"https:\/\/esglesiajove.barcelona\/es\/recomendaciones\/","title":{"rendered":"Recomendaciones"},"content":{"rendered":"[vc_row type=\u00bbfull_width_content\u00bb full_screen_row_position=\u00bbmiddle\u00bb column_margin=\u00bbdefault\u00bb column_direction=\u00bbdefault\u00bb column_direction_tablet=\u00bbdefault\u00bb column_direction_phone=\u00bbdefault\u00bb bg_image=\u00bb4219&#8243; bg_position=\u00bbcenter center\u00bb background_image_loading=\u00bbdefault\u00bb bg_repeat=\u00bbno-repeat\u00bb scene_position=\u00bbcenter\u00bb top_padding=\u00bb150&#8243; constrain_group_1=\u00bbyes\u00bb bottom_padding=\u00bb150&#8243; top_padding_tablet=\u00bb80&#8243; constrain_group_3=\u00bbyes\u00bb bottom_padding_tablet=\u00bb80&#8243; text_color=\u00bbdark\u00bb text_align=\u00bbleft\u00bb row_border_radius=\u00bbnone\u00bb row_border_radius_applies=\u00bbbg\u00bb overflow=\u00bbvisible\u00bb color_overlay=\u00bb#000000&#8243; overlay_strength=\u00bb0.3&#8243; gradient_direction=\u00bbleft_to_right\u00bb shape_divider_position=\u00bbbottom\u00bb bg_image_animation=\u00bbnone\u00bb gradient_type=\u00bbdefault\u00bb shape_type=\u00bb\u00bb][vc_column column_padding=\u00bbno-extra-padding\u00bb column_padding_tablet=\u00bbinherit\u00bb column_padding_phone=\u00bbinherit\u00bb column_padding_position=\u00bball\u00bb column_element_direction_desktop=\u00bbdefault\u00bb column_element_spacing=\u00bbdefault\u00bb desktop_text_alignment=\u00bbdefault\u00bb tablet_text_alignment=\u00bbdefault\u00bb phone_text_alignment=\u00bbdefault\u00bb background_color_opacity=\u00bb1&#8243; background_hover_color_opacity=\u00bb1&#8243; column_backdrop_filter=\u00bbnone\u00bb column_shadow=\u00bbnone\u00bb column_border_radius=\u00bbnone\u00bb column_link_target=\u00bb_self\u00bb column_position=\u00bbdefault\u00bb gradient_direction=\u00bbleft_to_right\u00bb overlay_strength=\u00bb0.3&#8243; width=\u00bb1\/1&#8243; tablet_width_inherit=\u00bbdefault\u00bb animation_type=\u00bbdefault\u00bb bg_image_animation=\u00bbnone\u00bb border_type=\u00bbsimple\u00bb column_border_width=\u00bbnone\u00bb column_border_style=\u00bbsolid\u00bb][vc_row_inner column_margin=\u00bbdefault\u00bb column_direction=\u00bbdefault\u00bb column_direction_tablet=\u00bbdefault\u00bb column_direction_phone=\u00bbdefault\u00bb text_align=\u00bbleft\u00bb row_position=\u00bbdefault\u00bb row_position_tablet=\u00bbinherit\u00bb row_position_phone=\u00bbinherit\u00bb overflow=\u00bbvisible\u00bb pointer_events=\u00bball\u00bb][vc_column_inner column_padding=\u00bbno-extra-padding\u00bb column_padding_tablet=\u00bbinherit\u00bb column_padding_phone=\u00bbinherit\u00bb column_padding_position=\u00bball\u00bb column_element_direction_desktop=\u00bbdefault\u00bb column_element_spacing=\u00bbdefault\u00bb centered_text=\u00bbtrue\u00bb desktop_text_alignment=\u00bbdefault\u00bb tablet_text_alignment=\u00bbdefault\u00bb phone_text_alignment=\u00bbdefault\u00bb background_color_opacity=\u00bb1&#8243; background_hover_color_opacity=\u00bb1&#8243; column_backdrop_filter=\u00bbnone\u00bb font_color=\u00bb#ffffff\u00bb column_shadow=\u00bbnone\u00bb column_border_radius=\u00bbnone\u00bb column_link_target=\u00bb_self\u00bb overflow=\u00bbvisible\u00bb gradient_direction=\u00bbleft_to_right\u00bb overlay_strength=\u00bb0.3&#8243; width=\u00bb1\/1&#8243; tablet_width_inherit=\u00bbdefault\u00bb animation_type=\u00bbdefault\u00bb bg_image_animation=\u00bbnone\u00bb border_type=\u00bbsimple\u00bb column_border_width=\u00bbnone\u00bb column_border_style=\u00bbsolid\u00bb column_padding_type=\u00bbdefault\u00bb gradient_type=\u00bbdefault\u00bb][split_line_heading animation_type=\u00bbline-reveal-by-space\u00bb font_style=\u00bbh1&#8243; line_reveal_by_space_text_effect=\u00bbdefault\u00bb content_alignment=\u00bbdefault\u00bb mobile_content_alignment=\u00bbinherit\u00bb link_target=\u00bb_self\u00bb text_content=\u00bbRecomendaciones\u00bb font_size=\u00bb96&#8243; font_size_tablet=\u00bb50&#8243; font_line_height=\u00bb1.1&#8243; text_direction=\u00bbdefault\u00bb el_class=\u00bbextra-bold\u00bb][\/split_line_heading][nectar_btn size=\u00bblarge\u00bb constrain_group_2=\u00bbyes\u00bb button_style=\u00bbregular\u00bb button_color_2=\u00bbExtra-Color-2&#8243; solid_text_color_override=\u00bb#ffffff\u00bb icon_family=\u00bbnone\u00bb text=\u00bbArt\u00edculos\u00bb margin_left=\u00bb10&#8243; margin_right=\u00bb10&#8243; url=\u00bbhttps:\/\/esglesiajove.barcelona\/es\/articles\/\u00bb][nectar_btn size=\u00bblarge\u00bb constrain_group_2=\u00bbyes\u00bb button_style=\u00bbregular\u00bb button_color_2=\u00bbExtra-Color-2&#8243; solid_text_color_override=\u00bb#ffffff\u00bb icon_family=\u00bbnone\u00bb text=\u00bbVideos\u00bb margin_left=\u00bb10&#8243; margin_right=\u00bb10&#8243; url=\u00bbhttps:\/\/esglesiajove.barcelona\/es\/videos\/\u00bb][nectar_btn size=\u00bblarge\u00bb constrain_group_2=\u00bbyes\u00bb button_style=\u00bbregular\u00bb button_color_2=\u00bbExtra-Color-2&#8243; solid_text_color_override=\u00bb#ffffff\u00bb icon_family=\u00bbnone\u00bb text=\u00bbPodcasts\u00bb margin_left=\u00bb10&#8243; margin_right=\u00bb10&#8243; url=\u00bbhttps:\/\/esglesiajove.barcelona\/es\/podcasts\/\u00bb][nectar_btn size=\u00bblarge\u00bb constrain_group_2=\u00bbyes\u00bb button_style=\u00bbsee-through\u00bb button_color_2=\u00bbExtra-Color-2&#8243; icon_family=\u00bbnone\u00bb text=\u00bbRecomendaciones\u00bb margin_left=\u00bb10&#8243; margin_right=\u00bb10&#8243; url=\u00bbhttps:\/\/esglesiajove.barcelona\/es\/recomanacions\/\u00bb][\/vc_column_inner][\/vc_row_inner][\/vc_column][\/vc_row][vc_row type=\u00bbfull_width_background\u00bb full_screen_row_position=\u00bbmiddle\u00bb column_margin=\u00bbdefault\u00bb column_direction=\u00bbdefault\u00bb column_direction_tablet=\u00bbdefault\u00bb column_direction_phone=\u00bbdefault\u00bb bg_color=\u00bb#b2abf2&#8243; scene_position=\u00bbcenter\u00bb top_padding=\u00bb50&#8243; constrain_group_1=\u00bbyes\u00bb bottom_padding=\u00bb50&#8243; top_padding_tablet=\u00bb40&#8243; constrain_group_3=\u00bbyes\u00bb bottom_padding_tablet=\u00bb40&#8243; text_color=\u00bbdark\u00bb text_align=\u00bbleft\u00bb row_border_radius=\u00bbnone\u00bb row_border_radius_applies=\u00bbbg\u00bb overflow=\u00bbvisible\u00bb overlay_strength=\u00bb0.3&#8243; gradient_direction=\u00bbleft_to_right\u00bb shape_divider_position=\u00bbbottom\u00bb bg_image_animation=\u00bbnone\u00bb gradient_type=\u00bbdefault\u00bb shape_type=\u00bb\u00bb][vc_column column_padding=\u00bbno-extra-padding\u00bb column_padding_tablet=\u00bbinherit\u00bb column_padding_phone=\u00bbinherit\u00bb column_padding_position=\u00bball\u00bb column_element_direction_desktop=\u00bbdefault\u00bb column_element_spacing=\u00bbdefault\u00bb desktop_text_alignment=\u00bbdefault\u00bb tablet_text_alignment=\u00bbdefault\u00bb phone_text_alignment=\u00bbdefault\u00bb background_color_opacity=\u00bb1&#8243; background_hover_color_opacity=\u00bb1&#8243; column_backdrop_filter=\u00bbnone\u00bb column_shadow=\u00bbnone\u00bb column_border_radius=\u00bbnone\u00bb column_link_target=\u00bb_self\u00bb column_position=\u00bbdefault\u00bb gradient_direction=\u00bbleft_to_right\u00bb overlay_strength=\u00bb0.3&#8243; width=\u00bb1\/1&#8243; tablet_width_inherit=\u00bbdefault\u00bb animation_type=\u00bbdefault\u00bb bg_image_animation=\u00bbnone\u00bb border_type=\u00bbsimple\u00bb column_border_width=\u00bbnone\u00bb column_border_style=\u00bbsolid\u00bb][vc_row_inner column_margin=\u00bbdefault\u00bb column_direction=\u00bbdefault\u00bb column_direction_tablet=\u00bbdefault\u00bb column_direction_phone=\u00bbdefault\u00bb text_align=\u00bbleft\u00bb row_position=\u00bbdefault\u00bb row_position_tablet=\u00bbinherit\u00bb row_position_phone=\u00bbinherit\u00bb overflow=\u00bbvisible\u00bb pointer_events=\u00bball\u00bb][vc_column_inner column_padding=\u00bbno-extra-padding\u00bb column_padding_tablet=\u00bbinherit\u00bb column_padding_phone=\u00bbinherit\u00bb column_padding_position=\u00bball\u00bb constrain_group_2=\u00bbyes\u00bb column_element_direction_desktop=\u00bbdefault\u00bb column_element_spacing=\u00bbdefault\u00bb desktop_text_alignment=\u00bbdefault\u00bb tablet_text_alignment=\u00bbdefault\u00bb phone_text_alignment=\u00bbdefault\u00bb background_color_opacity=\u00bb1&#8243; background_hover_color_opacity=\u00bb1&#8243; column_backdrop_filter=\u00bbnone\u00bb column_shadow=\u00bbnone\u00bb column_border_radius=\u00bbnone\u00bb column_link_target=\u00bb_self\u00bb overflow=\u00bbvisible\u00bb gradient_direction=\u00bbleft_to_right\u00bb overlay_strength=\u00bb0.3&#8243; width=\u00bb1\/3&#8243; tablet_width_inherit=\u00bbdefault\u00bb animation_type=\u00bbdefault\u00bb bg_image_animation=\u00bbnone\u00bb border_type=\u00bbsimple\u00bb column_border_width=\u00bbnone\u00bb column_border_style=\u00bbsolid\u00bb column_padding_type=\u00bbdefault\u00bb gradient_type=\u00bbdefault\u00bb][nectar_responsive_text inherited_font_style=\u00bbdefault\u00bb font_size_desktop=\u00bb25px\u00bb font_line_height=\u00bb1.1&#8243; text_direction=\u00bbdefault\u00bb]Material formativo e informativo para j\u00f3venes y acompa\u00f1antes[\/nectar_responsive_text][\/vc_column_inner][vc_column_inner left_padding_desktop=\u00bb10%\u00bb left_padding_tablet=\u00bb0&#8243; column_element_direction_desktop=\u00bbdefault\u00bb column_element_spacing=\u00bbdefault\u00bb desktop_text_alignment=\u00bbright\u00bb tablet_text_alignment=\u00bbleft\u00bb phone_text_alignment=\u00bbdefault\u00bb background_color_opacity=\u00bb1&#8243; background_hover_color_opacity=\u00bb1&#8243; column_backdrop_filter=\u00bbnone\u00bb column_shadow=\u00bbnone\u00bb column_border_radius=\u00bbnone\u00bb column_link_target=\u00bb_self\u00bb overflow=\u00bbvisible\u00bb gradient_direction=\u00bbleft_to_right\u00bb overlay_strength=\u00bb0.3&#8243; width=\u00bb2\/3&#8243; tablet_width_inherit=\u00bbdefault\u00bb animation_type=\u00bbdefault\u00bb bg_image_animation=\u00bbnone\u00bb border_type=\u00bbsimple\u00bb column_border_width=\u00bbnone\u00bb column_border_style=\u00bbsolid\u00bb column_padding_type=\u00bbadvanced\u00bb gradient_type=\u00bbdefault\u00bb][nectar_responsive_text inherited_font_style=\u00bbp\u00bb font_size_desktop=\u00bb22&#8243; text_direction=\u00bbdefault\u00bb font_line_height=\u00bb1.1&#8243;]\n<p style=\"font-weight: 900;\">\u201cLa formaci\u00f3n en el discernimiento es urgente pues nos ayuda a escuchar, a reconocer y ser d\u00f3ciles al Esp\u00edritu del Se\u00f1or en los grandes desaf\u00edos del mundo y de la misi\u00f3n de la Iglesia\u201d<\/p>\n<p style=\"font-weight: 900;\"><em>Papa Francisco<\/em><\/p>\n[\/nectar_responsive_text][\/vc_column_inner][\/vc_row_inner][\/vc_column][\/vc_row][vc_row type=\u00bbfull_width_background\u00bb full_screen_row_position=\u00bbmiddle\u00bb column_margin=\u00bbdefault\u00bb column_direction=\u00bbdefault\u00bb column_direction_tablet=\u00bbdefault\u00bb column_direction_phone=\u00bbdefault\u00bb bg_color=\u00bb#f9f4f1&#8243; scene_position=\u00bbcenter\u00bb top_padding=\u00bb80&#8243; constrain_group_1=\u00bbyes\u00bb bottom_padding=\u00bb80&#8243; top_padding_tablet=\u00bb40&#8243; constrain_group_3=\u00bbyes\u00bb bottom_padding_tablet=\u00bb40&#8243; text_color=\u00bbdark\u00bb text_align=\u00bbleft\u00bb row_border_radius=\u00bbnone\u00bb row_border_radius_applies=\u00bbbg\u00bb overflow=\u00bbvisible\u00bb overlay_strength=\u00bb0.3&#8243; gradient_direction=\u00bbleft_to_right\u00bb shape_divider_position=\u00bbbottom\u00bb bg_image_animation=\u00bbnone\u00bb gradient_type=\u00bbdefault\u00bb shape_type=\u00bb\u00bb][vc_column column_padding=\u00bbno-extra-padding\u00bb column_padding_tablet=\u00bbinherit\u00bb column_padding_phone=\u00bbinherit\u00bb column_padding_position=\u00bball\u00bb column_element_direction_desktop=\u00bbdefault\u00bb column_element_spacing=\u00bbdefault\u00bb desktop_text_alignment=\u00bbdefault\u00bb tablet_text_alignment=\u00bbdefault\u00bb phone_text_alignment=\u00bbdefault\u00bb background_color_opacity=\u00bb1&#8243; background_hover_color_opacity=\u00bb1&#8243; column_backdrop_filter=\u00bbnone\u00bb column_shadow=\u00bbnone\u00bb column_border_radius=\u00bbnone\u00bb column_link_target=\u00bb_self\u00bb column_position=\u00bbdefault\u00bb gradient_direction=\u00bbleft_to_right\u00bb overlay_strength=\u00bb0.3&#8243; width=\u00bb1\/1&#8243; tablet_width_inherit=\u00bbdefault\u00bb animation_type=\u00bbdefault\u00bb bg_image_animation=\u00bbnone\u00bb border_type=\u00bbsimple\u00bb column_border_width=\u00bbnone\u00bb column_border_style=\u00bbsolid\u00bb][vc_row_inner column_margin=\u00bbdefault\u00bb column_direction=\u00bbdefault\u00bb column_direction_tablet=\u00bbdefault\u00bb column_direction_phone=\u00bbdefault\u00bb text_align=\u00bbleft\u00bb row_position=\u00bbdefault\u00bb row_position_tablet=\u00bbinherit\u00bb row_position_phone=\u00bbinherit\u00bb overflow=\u00bbvisible\u00bb pointer_events=\u00bball\u00bb][vc_column_inner column_padding=\u00bbno-extra-padding\u00bb column_padding_tablet=\u00bbinherit\u00bb column_padding_phone=\u00bbinherit\u00bb column_padding_position=\u00bball\u00bb column_element_direction_desktop=\u00bbdefault\u00bb column_element_spacing=\u00bbdefault\u00bb desktop_text_alignment=\u00bbdefault\u00bb tablet_text_alignment=\u00bbdefault\u00bb phone_text_alignment=\u00bbdefault\u00bb background_color_opacity=\u00bb1&#8243; background_hover_color_opacity=\u00bb1&#8243; column_backdrop_filter=\u00bbnone\u00bb column_shadow=\u00bbnone\u00bb column_border_radius=\u00bbnone\u00bb column_link_target=\u00bb_self\u00bb overflow=\u00bbvisible\u00bb gradient_direction=\u00bbleft_to_right\u00bb overlay_strength=\u00bb0.3&#8243; width=\u00bb1\/1&#8243; tablet_width_inherit=\u00bbdefault\u00bb animation_type=\u00bbdefault\u00bb bg_image_animation=\u00bbnone\u00bb border_type=\u00bbsimple\u00bb column_border_width=\u00bbnone\u00bb column_border_style=\u00bbsolid\u00bb][split_line_heading animation_type=\u00bbline-reveal-by-space\u00bb font_style=\u00bbh2&#8243; line_reveal_by_space_text_effect=\u00bbdefault\u00bb content_alignment=\u00bbdefault\u00bb mobile_content_alignment=\u00bbinherit\u00bb link_target=\u00bb_self\u00bb text_content=\u00bbRecomendaciones\u00bb font_size=\u00bb40&#8243; font_size_tablet=\u00bb50&#8243; font_line_height=\u00bb1.1&#8243; text_direction=\u00bbdefault\u00bb el_class=\u00bbextra-bold\u00bb][\/split_line_heading][\/vc_column_inner][\/vc_row_inner][carousel script=\u00bbflickity\u00bb flickity_formatting=\u00bbdefault\u00bb desktop_cols_flickity=\u00bb3&#8243; desktop_small_cols_flickity=\u00bb3&#8243; tablet_cols_flickity=\u00bb2&#8243; phone_cols_flickity=\u00bb1&#8243; flickity_controls=\u00bbdefault\u00bb color=\u00bbdefault\u00bb flickity_overflow=\u00bbhidden\u00bb flickity_wrap_around=\u00bbwrap\u00bb pagination_alignment_flickity=\u00bbdefault\u00bb flickity_spacing=\u00bb15px\u00bb flickity_column_vertical_alignment=\u00bbdefault\u00bb column_padding=\u00bb0&#8243; flickity_element_spacing=\u00bb0&#8243; flickity_image_scale_on_drag=\u00bbtrue\u00bb border_radius=\u00bbnone\u00bb][item simple_slider_bg_image_position=\u00bbdefault\u00bb simple_slider_overlay_strength=\u00bb0.3&#8243; simple_slider_bg_image_loading=\u00bbdefault\u00bb id=\u00bb1737037108442-2&#8243; title=\u00bbItem\u00bb tab_id=\u00bb1737037108442-10&#8243;][vc_row_inner column_margin=\u00bbdefault\u00bb column_direction=\u00bbdefault\u00bb column_direction_tablet=\u00bbdefault\u00bb column_direction_phone=\u00bbdefault\u00bb text_align=\u00bbleft\u00bb row_position=\u00bbdefault\u00bb row_position_tablet=\u00bbinherit\u00bb row_position_phone=\u00bbinherit\u00bb overflow=\u00bbvisible\u00bb pointer_events=\u00bball\u00bb][vc_column_inner top_padding_desktop=\u00bb20&#8243; bottom_padding_desktop=\u00bb20&#8243; left_padding_desktop=\u00bb20&#8243; right_padding_desktop=\u00bb20&#8243; column_element_direction_desktop=\u00bbdefault\u00bb column_element_spacing=\u00bbdefault\u00bb centered_text=\u00bbtrue\u00bb desktop_text_alignment=\u00bbdefault\u00bb tablet_text_alignment=\u00bbdefault\u00bb phone_text_alignment=\u00bbdefault\u00bb background_color=\u00bb#cafe48&#8243; background_color_opacity=\u00bb1&#8243; background_hover_color_opacity=\u00bb1&#8243; column_backdrop_filter=\u00bbnone\u00bb column_shadow=\u00bbnone\u00bb column_border_radius=\u00bb20px\u00bb column_link_target=\u00bb_self\u00bb overflow=\u00bbvisible\u00bb gradient_direction=\u00bbleft_to_right\u00bb overlay_strength=\u00bb0.3&#8243; width=\u00bb1\/1&#8243; tablet_width_inherit=\u00bbdefault\u00bb animation_type=\u00bbdefault\u00bb bg_image_animation=\u00bbnone\u00bb border_type=\u00bbsimple\u00bb column_border_width=\u00bbnone\u00bb column_border_style=\u00bbsolid\u00bb column_padding_type=\u00bbadvanced\u00bb gradient_type=\u00bbdefault\u00bb][image_with_animation image_url=\u00bb4295&#8243; image_size=\u00bbfull\u00bb animation_type=\u00bbentrance\u00bb animation=\u00bbNone\u00bb animation_movement_type=\u00bbtransform_y\u00bb hover_animation=\u00bbnone\u00bb alignment=\u00bbcenter\u00bb border_radius=\u00bb20px\u00bb box_shadow=\u00bbnone\u00bb image_loading=\u00bbdefault\u00bb max_width=\u00bb100%\u00bb max_width_mobile=\u00bbdefault\u00bb][nectar_responsive_text inherited_font_style=\u00bbdefault\u00bb font_size_desktop=\u00bb30&#8243; text_direction=\u00bbdefault\u00bb font_size_tablet=\u00bb22&#8243;]<strong>Serie The Chosen<\/strong>[\/nectar_responsive_text][vc_column_text css=\u00bb\u00bb text_direction=\u00bbdefault\u00bb]Una sorprendente serie (todav\u00eda rod\u00e1ndose) sobre la vida de Cristo[\/vc_column_text][nectar_btn size=\u00bblarge\u00bb open_new_tab=\u00bbtrue\u00bb button_style=\u00bbsee-through-2&#8243; color_override=\u00bb#000000&#8243; hover_color_override=\u00bb#000000&#8243; hover_text_color_override=\u00bb#ffffff\u00bb icon_family=\u00bbnone\u00bb text=\u00bbAccede\u00bb url=\u00bbhttps:\/\/thechosen.es\/\u00bb][\/vc_column_inner][\/vc_row_inner][\/item][item simple_slider_bg_image_position=\u00bbdefault\u00bb simple_slider_overlay_strength=\u00bb0.3&#8243; simple_slider_bg_image_loading=\u00bbdefault\u00bb id=\u00bb1737037108514-1&#8243; title=\u00bbItem\u00bb tab_id=\u00bb1737037108515-6&#8243;][vc_row_inner column_margin=\u00bbdefault\u00bb column_direction=\u00bbdefault\u00bb column_direction_tablet=\u00bbdefault\u00bb column_direction_phone=\u00bbdefault\u00bb text_align=\u00bbleft\u00bb row_position=\u00bbdefault\u00bb row_position_tablet=\u00bbinherit\u00bb row_position_phone=\u00bbinherit\u00bb overflow=\u00bbvisible\u00bb pointer_events=\u00bball\u00bb][vc_column_inner top_padding_desktop=\u00bb20&#8243; bottom_padding_desktop=\u00bb20&#8243; left_padding_desktop=\u00bb20&#8243; right_padding_desktop=\u00bb20&#8243; column_element_direction_desktop=\u00bbdefault\u00bb column_element_spacing=\u00bbdefault\u00bb centered_text=\u00bbtrue\u00bb desktop_text_alignment=\u00bbdefault\u00bb tablet_text_alignment=\u00bbdefault\u00bb phone_text_alignment=\u00bbdefault\u00bb background_color=\u00bb#cafe48&#8243; background_color_opacity=\u00bb1&#8243; background_hover_color_opacity=\u00bb1&#8243; column_backdrop_filter=\u00bbnone\u00bb column_shadow=\u00bbnone\u00bb column_border_radius=\u00bb20px\u00bb column_link_target=\u00bb_self\u00bb overflow=\u00bbvisible\u00bb gradient_direction=\u00bbleft_to_right\u00bb overlay_strength=\u00bb0.3&#8243; width=\u00bb1\/1&#8243; tablet_width_inherit=\u00bbdefault\u00bb animation_type=\u00bbdefault\u00bb bg_image_animation=\u00bbnone\u00bb border_type=\u00bbsimple\u00bb column_border_width=\u00bbnone\u00bb column_border_style=\u00bbsolid\u00bb column_padding_type=\u00bbadvanced\u00bb gradient_type=\u00bbdefault\u00bb][image_with_animation image_url=\u00bb4296&#8243; image_size=\u00bbfull\u00bb animation_type=\u00bbentrance\u00bb animation=\u00bbNone\u00bb animation_movement_type=\u00bbtransform_y\u00bb hover_animation=\u00bbnone\u00bb alignment=\u00bbcenter\u00bb border_radius=\u00bb20px\u00bb box_shadow=\u00bbnone\u00bb image_loading=\u00bbdefault\u00bb max_width=\u00bb100%\u00bb max_width_mobile=\u00bbdefault\u00bb][nectar_responsive_text inherited_font_style=\u00bbdefault\u00bb font_size_desktop=\u00bb30&#8243; text_direction=\u00bbdefault\u00bb font_size_tablet=\u00bb22&#8243;]<strong>Alpha<\/strong>[\/nectar_responsive_text][vc_column_text css=\u00bb\u00bb text_direction=\u00bbdefault\u00bb]\u00bfTienes preguntas sobre la vida? Prueba alfa.[\/vc_column_text][nectar_btn size=\u00bblarge\u00bb open_new_tab=\u00bbtrue\u00bb button_style=\u00bbsee-through-2&#8243; color_override=\u00bb#000000&#8243; hover_color_override=\u00bb#000000&#8243; hover_text_color_override=\u00bb#ffffff\u00bb icon_family=\u00bbnone\u00bb text=\u00bbAccede\u00bb url=\u00bbhttps:\/\/alpha.org.uk\/\u00bb][\/vc_column_inner][\/vc_row_inner][\/item][item simple_slider_bg_image_position=\u00bbdefault\u00bb simple_slider_overlay_strength=\u00bb0.3&#8243; simple_slider_bg_image_loading=\u00bbdefault\u00bb id=\u00bb1737037108405-3&#8243; title=\u00bbItem\u00bb tab_id=\u00bb1737037108405-4&#8243;][vc_row_inner column_margin=\u00bbdefault\u00bb column_direction=\u00bbdefault\u00bb column_direction_tablet=\u00bbdefault\u00bb column_direction_phone=\u00bbdefault\u00bb text_align=\u00bbleft\u00bb row_position=\u00bbdefault\u00bb row_position_tablet=\u00bbinherit\u00bb row_position_phone=\u00bbinherit\u00bb overflow=\u00bbvisible\u00bb pointer_events=\u00bball\u00bb][vc_column_inner top_padding_desktop=\u00bb20&#8243; bottom_padding_desktop=\u00bb20&#8243; left_padding_desktop=\u00bb20&#8243; right_padding_desktop=\u00bb20&#8243; column_element_direction_desktop=\u00bbdefault\u00bb column_element_spacing=\u00bbdefault\u00bb centered_text=\u00bbtrue\u00bb desktop_text_alignment=\u00bbdefault\u00bb tablet_text_alignment=\u00bbdefault\u00bb phone_text_alignment=\u00bbdefault\u00bb background_color=\u00bb#cafe48&#8243; background_color_opacity=\u00bb1&#8243; background_hover_color_opacity=\u00bb1&#8243; column_backdrop_filter=\u00bbnone\u00bb column_shadow=\u00bbnone\u00bb column_border_radius=\u00bb20px\u00bb column_link_target=\u00bb_self\u00bb overflow=\u00bbvisible\u00bb gradient_direction=\u00bbleft_to_right\u00bb overlay_strength=\u00bb0.3&#8243; width=\u00bb1\/1&#8243; tablet_width_inherit=\u00bbdefault\u00bb animation_type=\u00bbdefault\u00bb bg_image_animation=\u00bbnone\u00bb border_type=\u00bbsimple\u00bb column_border_width=\u00bbnone\u00bb column_border_style=\u00bbsolid\u00bb column_padding_type=\u00bbadvanced\u00bb gradient_type=\u00bbdefault\u00bb][image_with_animation image_url=\u00bb4294&#8243; image_size=\u00bbfull\u00bb animation_type=\u00bbentrance\u00bb animation=\u00bbNone\u00bb animation_movement_type=\u00bbtransform_y\u00bb hover_animation=\u00bbnone\u00bb alignment=\u00bbcenter\u00bb border_radius=\u00bb20px\u00bb box_shadow=\u00bbnone\u00bb image_loading=\u00bbdefault\u00bb max_width=\u00bb100%\u00bb max_width_mobile=\u00bbdefault\u00bb][nectar_responsive_text inherited_font_style=\u00bbdefault\u00bb font_size_desktop=\u00bb30&#8243; text_direction=\u00bbdefault\u00bb font_size_tablet=\u00bb22&#8243;]<strong>YouCat<\/strong>[\/nectar_responsive_text][vc_column_text css=\u00bb\u00bb text_direction=\u00bbdefault\u00bb]Libro para conocer y vivir la fe de la Iglesia[\/vc_column_text][nectar_btn size=\u00bblarge\u00bb open_new_tab=\u00bbtrue\u00bb button_style=\u00bbsee-through-2&#8243; color_override=\u00bb#000000&#8243; hover_color_override=\u00bb#000000&#8243; hover_text_color_override=\u00bb#ffffff\u00bb icon_family=\u00bbnone\u00bb text=\u00bbAccede\u00bb url=\u00bbhttps:\/\/youcat.org\/\u00bb][\/vc_column_inner][\/vc_row_inner][\/item][item simple_slider_bg_image_position=\u00bbdefault\u00bb simple_slider_overlay_strength=\u00bb0.3&#8243; simple_slider_bg_image_loading=\u00bbdefault\u00bb id=\u00bb1737037108360-1&#8243; title=\u00bbItem\u00bb tab_id=\u00bb1737037108360-2&#8243;][vc_row_inner column_margin=\u00bbdefault\u00bb column_direction=\u00bbdefault\u00bb column_direction_tablet=\u00bbdefault\u00bb column_direction_phone=\u00bbdefault\u00bb text_align=\u00bbleft\u00bb row_position=\u00bbdefault\u00bb row_position_tablet=\u00bbinherit\u00bb row_position_phone=\u00bbinherit\u00bb overflow=\u00bbvisible\u00bb pointer_events=\u00bball\u00bb][vc_column_inner top_padding_desktop=\u00bb20&#8243; bottom_padding_desktop=\u00bb20&#8243; left_padding_desktop=\u00bb20&#8243; right_padding_desktop=\u00bb20&#8243; column_element_direction_desktop=\u00bbdefault\u00bb column_element_spacing=\u00bbdefault\u00bb centered_text=\u00bbtrue\u00bb desktop_text_alignment=\u00bbdefault\u00bb tablet_text_alignment=\u00bbdefault\u00bb phone_text_alignment=\u00bbdefault\u00bb background_color=\u00bb#cafe48&#8243; background_color_opacity=\u00bb1&#8243; background_hover_color_opacity=\u00bb1&#8243; column_backdrop_filter=\u00bbnone\u00bb column_shadow=\u00bbnone\u00bb column_border_radius=\u00bb20px\u00bb column_link_target=\u00bb_self\u00bb overflow=\u00bbvisible\u00bb gradient_direction=\u00bbleft_to_right\u00bb overlay_strength=\u00bb0.3&#8243; width=\u00bb1\/1&#8243; tablet_width_inherit=\u00bbdefault\u00bb animation_type=\u00bbdefault\u00bb bg_image_animation=\u00bbnone\u00bb border_type=\u00bbsimple\u00bb column_border_width=\u00bbnone\u00bb column_border_style=\u00bbsolid\u00bb column_padding_type=\u00bbadvanced\u00bb gradient_type=\u00bbdefault\u00bb][image_with_animation image_url=\u00bb9008&#8243; image_size=\u00bbfull\u00bb animation_type=\u00bbentrance\u00bb animation=\u00bbNone\u00bb animation_movement_type=\u00bbtransform_y\u00bb hover_animation=\u00bbnone\u00bb alignment=\u00bbcenter\u00bb border_radius=\u00bb20px\u00bb box_shadow=\u00bbnone\u00bb image_loading=\u00bbdefault\u00bb max_width=\u00bb100%\u00bb max_width_mobile=\u00bbdefault\u00bb][nectar_responsive_text inherited_font_style=\u00bbdefault\u00bb font_size_desktop=\u00bb30&#8243; text_direction=\u00bbdefault\u00bb font_size_tablet=\u00bb22&#8243;]<strong>LifeTeen<\/strong>[\/nectar_responsive_text][vc_column_text css=\u00bb\u00bb text_direction=\u00bbdefault\u00bb]M\u00e9todo de formaci\u00f3n catequ\u00e9tica por adolescentes.[\/vc_column_text][nectar_btn size=\u00bblarge\u00bb open_new_tab=\u00bbtrue\u00bb button_style=\u00bbsee-through-2&#8243; color_override=\u00bb#000000&#8243; hover_color_override=\u00bb#000000&#8243; hover_text_color_override=\u00bb#ffffff\u00bb icon_family=\u00bbnone\u00bb text=\u00bbAccede\u00bb url=\u00bbhttps:\/\/www.lifeteen.es\u00bb][\/vc_column_inner][\/vc_row_inner][\/item][item simple_slider_bg_image_position=\u00bbdefault\u00bb simple_slider_overlay_strength=\u00bb0.3&#8243; simple_slider_bg_image_loading=\u00bbdefault\u00bb id=\u00bb1737037108474-10&#8243; title=\u00bbItem\u00bb tab_id=\u00bb1737037108474-8&#8243;][vc_row_inner column_margin=\u00bbdefault\u00bb column_direction=\u00bbdefault\u00bb column_direction_tablet=\u00bbdefault\u00bb column_direction_phone=\u00bbdefault\u00bb text_align=\u00bbleft\u00bb row_position=\u00bbdefault\u00bb row_position_tablet=\u00bbinherit\u00bb row_position_phone=\u00bbinherit\u00bb overflow=\u00bbvisible\u00bb pointer_events=\u00bball\u00bb][vc_column_inner top_padding_desktop=\u00bb20&#8243; bottom_padding_desktop=\u00bb20&#8243; left_padding_desktop=\u00bb20&#8243; right_padding_desktop=\u00bb20&#8243; column_element_direction_desktop=\u00bbdefault\u00bb column_element_spacing=\u00bbdefault\u00bb centered_text=\u00bbtrue\u00bb desktop_text_alignment=\u00bbdefault\u00bb tablet_text_alignment=\u00bbdefault\u00bb phone_text_alignment=\u00bbdefault\u00bb background_color=\u00bb#cafe48&#8243; background_color_opacity=\u00bb1&#8243; background_hover_color_opacity=\u00bb1&#8243; column_backdrop_filter=\u00bbnone\u00bb column_shadow=\u00bbnone\u00bb column_border_radius=\u00bb20px\u00bb column_link_target=\u00bb_self\u00bb overflow=\u00bbvisible\u00bb gradient_direction=\u00bbleft_to_right\u00bb overlay_strength=\u00bb0.3&#8243; width=\u00bb1\/1&#8243; tablet_width_inherit=\u00bbdefault\u00bb animation_type=\u00bbdefault\u00bb bg_image_animation=\u00bbnone\u00bb border_type=\u00bbsimple\u00bb column_border_width=\u00bbnone\u00bb column_border_style=\u00bbsolid\u00bb column_padding_type=\u00bbadvanced\u00bb gradient_type=\u00bbdefault\u00bb][image_with_animation image_url=\u00bb9013&#8243; image_size=\u00bbfull\u00bb animation_type=\u00bbentrance\u00bb animation=\u00bbNone\u00bb animation_movement_type=\u00bbtransform_y\u00bb hover_animation=\u00bbnone\u00bb alignment=\u00bbcenter\u00bb border_radius=\u00bb20px\u00bb box_shadow=\u00bbnone\u00bb image_loading=\u00bbdefault\u00bb max_width=\u00bb100%\u00bb max_width_mobile=\u00bbdefault\u00bb][nectar_responsive_text inherited_font_style=\u00bbdefault\u00bb font_size_desktop=\u00bb30&#8243; text_direction=\u00bbdefault\u00bb font_size_tablet=\u00bb22&#8243;]<strong>Christus Vivit<\/strong>[\/nectar_responsive_text][vc_column_text css=\u00bb\u00bb text_direction=\u00bbdefault\u00bb]Exhortaci\u00f3n Apost\u00f3lica sobre la fe y el discernimiento vocacional[\/vc_column_text][nectar_btn size=\u00bblarge\u00bb open_new_tab=\u00bbtrue\u00bb button_style=\u00bbsee-through-2&#8243; color_override=\u00bb#000000&#8243; hover_color_override=\u00bb#000000&#8243; hover_text_color_override=\u00bb#ffffff\u00bb icon_family=\u00bbnone\u00bb text=\u00bbAccede\u00bb url=\u00bbhttps:\/\/www.vatican.va\/content\/francesco\/es\/apost_exhortations\/documents\/papa-francesco_esortazione-ap_20190325_christus-vivit.html\u00bb][\/vc_column_inner][\/vc_row_inner][\/item][item simple_slider_bg_image_position=\u00bbdefault\u00bb simple_slider_overlay_strength=\u00bb0.3&#8243; simple_slider_bg_image_loading=\u00bbdefault\u00bb id=\u00bb1737037108554-6&#8243; title=\u00bbItem\u00bb tab_id=\u00bb1737037108554-8&#8243;][vc_row_inner column_margin=\u00bbdefault\u00bb column_direction=\u00bbdefault\u00bb column_direction_tablet=\u00bbdefault\u00bb column_direction_phone=\u00bbdefault\u00bb text_align=\u00bbleft\u00bb row_position=\u00bbdefault\u00bb row_position_tablet=\u00bbinherit\u00bb row_position_phone=\u00bbinherit\u00bb overflow=\u00bbvisible\u00bb pointer_events=\u00bball\u00bb][vc_column_inner top_padding_desktop=\u00bb20&#8243; bottom_padding_desktop=\u00bb20&#8243; left_padding_desktop=\u00bb20&#8243; right_padding_desktop=\u00bb20&#8243; column_element_direction_desktop=\u00bbdefault\u00bb column_element_spacing=\u00bbdefault\u00bb centered_text=\u00bbtrue\u00bb desktop_text_alignment=\u00bbdefault\u00bb tablet_text_alignment=\u00bbdefault\u00bb phone_text_alignment=\u00bbdefault\u00bb background_color=\u00bb#cafe48&#8243; background_color_opacity=\u00bb1&#8243; background_hover_color_opacity=\u00bb1&#8243; column_backdrop_filter=\u00bbnone\u00bb column_shadow=\u00bbnone\u00bb column_border_radius=\u00bb20px\u00bb column_link_target=\u00bb_self\u00bb overflow=\u00bbvisible\u00bb gradient_direction=\u00bbleft_to_right\u00bb overlay_strength=\u00bb0.3&#8243; width=\u00bb1\/1&#8243; tablet_width_inherit=\u00bbdefault\u00bb animation_type=\u00bbdefault\u00bb bg_image_animation=\u00bbnone\u00bb border_type=\u00bbsimple\u00bb column_border_width=\u00bbnone\u00bb column_border_style=\u00bbsolid\u00bb column_padding_type=\u00bbadvanced\u00bb gradient_type=\u00bbdefault\u00bb][image_with_animation image_url=\u00bb8927&#8243; image_size=\u00bbfull\u00bb animation_type=\u00bbentrance\u00bb animation=\u00bbNone\u00bb animation_movement_type=\u00bbtransform_y\u00bb hover_animation=\u00bbnone\u00bb alignment=\u00bbcenter\u00bb border_radius=\u00bb20px\u00bb box_shadow=\u00bbnone\u00bb image_loading=\u00bbdefault\u00bb max_width=\u00bb100%\u00bb max_width_mobile=\u00bbdefault\u00bb][nectar_responsive_text inherited_font_style=\u00bbdefault\u00bb font_size_desktop=\u00bb30&#8243; text_direction=\u00bbdefault\u00bb font_size_tablet=\u00bb22&#8243;]<strong>Oraci\u00f3n Joan Roig<\/strong>[\/nectar_responsive_text][vc_column_text css=\u00bb\u00bb text_direction=\u00bbdefault\u00bb]Oraci\u00f3n pidiendo la intercesi\u00f3n del beato Joan Roig.[\/vc_column_text][nectar_btn size=\u00bblarge\u00bb open_new_tab=\u00bbtrue\u00bb button_style=\u00bbsee-through-2&#8243; color_override=\u00bb#000000&#8243; hover_color_override=\u00bb#000000&#8243; hover_text_color_override=\u00bb#ffffff\u00bb icon_family=\u00bbnone\u00bb text=\u00bbAccede\u00bb url=\u00bbhttps:\/\/joanroigdiggle.com\/web\/wp-content\/uploads\/Estampa-Beat-Joan-Roig-CAT.pdf\u00bb][\/vc_column_inner][\/vc_row_inner][\/item][\/carousel][divider line_type=\u00bbNo Line\u00bb custom_height=\u00bb80&#8243; custom_height_tablet=\u00bb40&#8243;][\/vc_column][\/vc_row][vc_row type=\u00bbin_container\u00bb full_screen_row_position=\u00bbmiddle\u00bb column_margin=\u00bbdefault\u00bb column_direction=\u00bbdefault\u00bb column_direction_tablet=\u00bbdefault\u00bb column_direction_phone=\u00bbdefault\u00bb scene_position=\u00bbcenter\u00bb top_padding=\u00bb80&#8243; bottom_padding=\u00bb80&#8243; top_padding_tablet=\u00bb40&#8243; bottom_padding_tablet=\u00bb40&#8243; text_color=\u00bbdark\u00bb text_align=\u00bbleft\u00bb row_border_radius=\u00bbnone\u00bb row_border_radius_applies=\u00bbbg\u00bb overflow=\u00bbvisible\u00bb overlay_strength=\u00bb0.3&#8243; gradient_direction=\u00bbleft_to_right\u00bb shape_divider_position=\u00bbbottom\u00bb bg_image_animation=\u00bbnone\u00bb gradient_type=\u00bbdefault\u00bb shape_type=\u00bb\u00bb][vc_column column_padding=\u00bbno-extra-padding\u00bb column_padding_tablet=\u00bbinherit\u00bb column_padding_phone=\u00bbinherit\u00bb column_padding_position=\u00bball\u00bb column_element_direction_desktop=\u00bbdefault\u00bb column_element_spacing=\u00bbdefault\u00bb desktop_text_alignment=\u00bbdefault\u00bb tablet_text_alignment=\u00bbdefault\u00bb phone_text_alignment=\u00bbdefault\u00bb background_color_opacity=\u00bb1&#8243; background_hover_color_opacity=\u00bb1&#8243; column_backdrop_filter=\u00bbnone\u00bb column_shadow=\u00bbnone\u00bb column_border_radius=\u00bbnone\u00bb column_link_target=\u00bb_self\u00bb column_position=\u00bbdefault\u00bb gradient_direction=\u00bbleft_to_right\u00bb overlay_strength=\u00bb0.3&#8243; width=\u00bb1\/1&#8243; tablet_width_inherit=\u00bbdefault\u00bb animation_type=\u00bbdefault\u00bb bg_image_animation=\u00bbnone\u00bb border_type=\u00bbsimple\u00bb column_border_width=\u00bbnone\u00bb column_border_style=\u00bbsolid\u00bb][vc_row_inner equal_height=\u00bbyes\u00bb content_placement=\u00bbtop\u00bb column_margin=\u00bb20px\u00bb column_direction=\u00bbdefault\u00bb column_direction_tablet=\u00bbdefault\u00bb column_direction_phone=\u00bbdefault\u00bb text_align=\u00bbleft\u00bb row_position=\u00bbdefault\u00bb row_position_tablet=\u00bbinherit\u00bb row_position_phone=\u00bbinherit\u00bb overflow=\u00bbvisible\u00bb pointer_events=\u00bball\u00bb][vc_column_inner top_padding_desktop=\u00bb20&#8243; bottom_padding_desktop=\u00bb20&#8243; left_padding_desktop=\u00bb20&#8243; right_padding_desktop=\u00bb20&#8243; column_element_direction_desktop=\u00bbdefault\u00bb column_element_spacing=\u00bbdefault\u00bb desktop_text_alignment=\u00bbdefault\u00bb tablet_text_alignment=\u00bbdefault\u00bb phone_text_alignment=\u00bbdefault\u00bb background_color_opacity=\u00bb1&#8243; background_hover_color_opacity=\u00bb1&#8243; column_backdrop_filter=\u00bbnone\u00bb column_shadow=\u00bbnone\u00bb column_border_radius=\u00bb20px\u00bb column_link_target=\u00bb_self\u00bb overflow=\u00bbvisible\u00bb gradient_direction=\u00bbleft_to_right\u00bb overlay_strength=\u00bb0.3&#8243; width=\u00bb1\/4&#8243; tablet_width_inherit=\u00bbdefault\u00bb animation_type=\u00bbdefault\u00bb bg_image_animation=\u00bbnone\u00bb border_type=\u00bbsimple\u00bb column_border_width=\u00bb2px\u00bb column_border_color=\u00bb#f9f4f1&#8243; column_border_style=\u00bbsolid\u00bb column_padding_type=\u00bbadvanced\u00bb gradient_type=\u00bbdefault\u00bb][image_with_animation image_url=\u00bb8923&#8243; image_size=\u00bbfull\u00bb animation_type=\u00bbentrance\u00bb animation=\u00bbNone\u00bb animation_movement_type=\u00bbtransform_y\u00bb hover_animation=\u00bbnone\u00bb alignment=\u00bbcenter\u00bb border_radius=\u00bb20px\u00bb box_shadow=\u00bbnone\u00bb image_loading=\u00bbdefault\u00bb max_width=\u00bb100%\u00bb max_width_mobile=\u00bbdefault\u00bb][divider line_type=\u00bbNo Line\u00bb custom_height=\u00bb30&#8243; custom_height_tablet=\u00bb40&#8243;][nectar_responsive_text inherited_font_style=\u00bbdefault\u00bb font_size_desktop=\u00bb30&#8243; text_direction=\u00bbdefault\u00bb font_size_tablet=\u00bb22&#8243; font_line_height=\u00bb1.1&#8243;]<strong> Alpha <\/strong>[\/nectar_responsive_text][vc_column_text css=\u00bb\u00bb text_direction=\u00bbdefault\u00bb]\u00bfTienes preguntas sobre la vida? Prueba alfa.<br \/>\n Alpha es\u2026 Una cena divertida, una charla genial y un debate abierto.<br \/>\n Sin presi\u00f3n, gratis y apetecible.[\/vc_column_text][nectar_btn size=\u00bblarge\u00bb open_new_tab=\u00bbtrue\u00bb button_style=\u00bbsee-through-2&#8243; color_override=\u00bb#000000&#8243; hover_color_override=\u00bb#000000&#8243; hover_text_color_override=\u00bb#ffffff\u00bb icon_family=\u00bbnone\u00bb text=\u00bbVisita la web oficial\u00bb url=\u00bbhttps:\/\/spain.alpha.org\/\u00bb][\/vc_column_inner][vc_column_inner top_padding_desktop=\u00bb20&#8243; constrain_group_100=\u00bbyes\u00bb bottom_padding_desktop=\u00bb20&#8243; left_padding_desktop=\u00bb20&#8243; constrain_group_101=\u00bbyes\u00bb right_padding_desktop=\u00bb20&#8243; column_element_direction_desktop=\u00bbdefault\u00bb column_element_spacing=\u00bbdefault\u00bb desktop_text_alignment=\u00bbdefault\u00bb tablet_text_alignment=\u00bbdefault\u00bb phone_text_alignment=\u00bbdefault\u00bb background_color_opacity=\u00bb1&#8243; background_hover_color_opacity=\u00bb1&#8243; column_backdrop_filter=\u00bbnone\u00bb column_shadow=\u00bbnone\u00bb column_border_radius=\u00bb20px\u00bb column_link_target=\u00bb_self\u00bb overflow=\u00bbvisible\u00bb gradient_direction=\u00bbleft_to_right\u00bb overlay_strength=\u00bb0.3&#8243; width=\u00bb1\/4&#8243; tablet_width_inherit=\u00bbdefault\u00bb animation_type=\u00bbdefault\u00bb bg_image_animation=\u00bbnone\u00bb border_type=\u00bbsimple\u00bb column_border_width=\u00bb2px\u00bb column_border_color=\u00bb#f9f4f1&#8243; column_border_style=\u00bbsolid\u00bb column_padding_type=\u00bbadvanced\u00bb gradient_type=\u00bbdefault\u00bb][image_with_animation image_url=\u00bb8925&#8243; image_size=\u00bbfull\u00bb animation_type=\u00bbentrance\u00bb animation=\u00bbNone\u00bb animation_movement_type=\u00bbtransform_y\u00bb hover_animation=\u00bbnone\u00bb alignment=\u00bbcenter\u00bb border_radius=\u00bb20px\u00bb box_shadow=\u00bbnone\u00bb image_loading=\u00bbdefault\u00bb max_width=\u00bb100%\u00bb max_width_mobile=\u00bbdefault\u00bb][divider line_type=\u00bbNo Line\u00bb custom_height=\u00bb30&#8243; custom_height_tablet=\u00bb40&#8243;][nectar_responsive_text inherited_font_style=\u00bbdefault\u00bb font_size_desktop=\u00bb30&#8243; text_direction=\u00bbdefault\u00bb font_size_tablet=\u00bb22&#8243; font_line_height=\u00bb1.1&#8243;]<strong>Catequesis para la JMJ Lisboa 2023 (Rise Up)<\/strong>[\/nectar_responsive_text][vc_column_text css=\u00bb\u00bb text_direction=\u00bbdefault\u00bb]La JMJ de Lisboa 2023 nos ofrece unas catequesis para prepararnos en agosto.[\/vc_column_text][nectar_btn size=\u00bblarge\u00bb open_new_tab=\u00bbtrue\u00bb button_style=\u00bbsee-through-2&#8243; color_override=\u00bb#000000&#8243; hover_color_override=\u00bb#000000&#8243; hover_text_color_override=\u00bb#ffffff\u00bb icon_family=\u00bbnone\u00bb text=\u00bbWeb oficial\u00bb url=\u00bbhttps:\/\/www.lisboa2023.org\/es\/preparacion\/rise-up-2&#8243;][\/vc_column_inner][vc_column_inner top_padding_desktop=\u00bb20&#8243; bottom_padding_desktop=\u00bb20&#8243; left_padding_desktop=\u00bb20&#8243; right_padding_desktop=\u00bb20&#8243; column_element_direction_desktop=\u00bbdefault\u00bb column_element_spacing=\u00bbdefault\u00bb desktop_text_alignment=\u00bbdefault\u00bb tablet_text_alignment=\u00bbdefault\u00bb phone_text_alignment=\u00bbdefault\u00bb background_color_opacity=\u00bb1&#8243; background_hover_color_opacity=\u00bb1&#8243; column_backdrop_filter=\u00bbnone\u00bb column_shadow=\u00bbnone\u00bb column_border_radius=\u00bb20px\u00bb column_link_target=\u00bb_self\u00bb overflow=\u00bbvisible\u00bb gradient_direction=\u00bbleft_to_right\u00bb overlay_strength=\u00bb0.3&#8243; width=\u00bb1\/4&#8243; tablet_width_inherit=\u00bbdefault\u00bb animation_type=\u00bbdefault\u00bb bg_image_animation=\u00bbnone\u00bb border_type=\u00bbsimple\u00bb column_border_width=\u00bb2px\u00bb column_border_color=\u00bb#f9f4f1&#8243; column_border_style=\u00bbsolid\u00bb column_padding_type=\u00bbadvanced\u00bb gradient_type=\u00bbdefault\u00bb][image_with_animation image_url=\u00bb8927&#8243; image_size=\u00bbfull\u00bb animation_type=\u00bbentrance\u00bb animation=\u00bbNone\u00bb animation_movement_type=\u00bbtransform_y\u00bb hover_animation=\u00bbnone\u00bb alignment=\u00bbcenter\u00bb border_radius=\u00bb20px\u00bb box_shadow=\u00bbnone\u00bb image_loading=\u00bbdefault\u00bb max_width=\u00bb100%\u00bb max_width_mobile=\u00bbdefault\u00bb][divider line_type=\u00bbNo Line\u00bb custom_height=\u00bb30&#8243; custom_height_tablet=\u00bb40&#8243;][nectar_responsive_text inherited_font_style=\u00bbdefault\u00bb font_size_desktop=\u00bb30&#8243; text_direction=\u00bbdefault\u00bb font_size_tablet=\u00bb22&#8243; font_line_height=\u00bb1.1&#8243;]<strong>Catequesis beato Joan Roig<\/strong>[\/nectar_responsive_text][vc_column_text css=\u00bb\u00bb text_direction=\u00bbdefault\u00bb]Aqu\u00ed encontrar\u00e1s las catequesis sobre la figura del beato Joan Roig preparadas por ni\u00f1os, adolescentes y j\u00f3venes.<\/p>\n[\/vc_column_text][nectar_btn size=\u00bblarge\u00bb open_new_tab=\u00bbtrue\u00bb button_style=\u00bbsee-through-2&#8243; color_override=\u00bb#000000&#8243; hover_color_override=\u00bb#000000&#8243; hover_text_color_override=\u00bb#ffffff\u00bb icon_family=\u00bbnone\u00bb text=\u00bbAccede\u00bb url=\u00bbhttps:\/\/joanroigdiggle.com\/web\/wp-content\/uploads\/Introduccio-JRD_CA.pdf\u00bb][\/vc_column_inner][vc_column_inner top_padding_desktop=\u00bb20&#8243; bottom_padding_desktop=\u00bb20&#8243; left_padding_desktop=\u00bb20&#8243; right_padding_desktop=\u00bb20&#8243; column_element_direction_desktop=\u00bbdefault\u00bb column_element_spacing=\u00bbdefault\u00bb desktop_text_alignment=\u00bbdefault\u00bb tablet_text_alignment=\u00bbdefault\u00bb phone_text_alignment=\u00bbdefault\u00bb background_color_opacity=\u00bb1&#8243; background_hover_color_opacity=\u00bb1&#8243; column_backdrop_filter=\u00bbnone\u00bb column_shadow=\u00bbnone\u00bb column_border_radius=\u00bb20px\u00bb column_link_target=\u00bb_self\u00bb overflow=\u00bbvisible\u00bb gradient_direction=\u00bbleft_to_right\u00bb overlay_strength=\u00bb0.3&#8243; width=\u00bb1\/4&#8243; tablet_width_inherit=\u00bbdefault\u00bb animation_type=\u00bbdefault\u00bb bg_image_animation=\u00bbnone\u00bb border_type=\u00bbsimple\u00bb column_border_width=\u00bb2px\u00bb column_border_color=\u00bb#f9f4f1&#8243; column_border_style=\u00bbsolid\u00bb column_padding_type=\u00bbadvanced\u00bb gradient_type=\u00bbdefault\u00bb][image_with_animation image_url=\u00bb8929&#8243; image_size=\u00bbfull\u00bb animation_type=\u00bbentrance\u00bb animation=\u00bbNone\u00bb animation_movement_type=\u00bbtransform_y\u00bb hover_animation=\u00bbnone\u00bb alignment=\u00bbcenter\u00bb border_radius=\u00bb20px\u00bb box_shadow=\u00bbnone\u00bb image_loading=\u00bbdefault\u00bb max_width=\u00bb100%\u00bb max_width_mobile=\u00bbdefault\u00bb][divider line_type=\u00bbNo Line\u00bb custom_height=\u00bb30&#8243; custom_height_tablet=\u00bb40&#8243;][nectar_responsive_text inherited_font_style=\u00bbdefault\u00bb font_size_desktop=\u00bb30&#8243; text_direction=\u00bbdefault\u00bb font_size_tablet=\u00bb22&#8243; font_line_height=\u00bb1.1&#8243;]<strong>YOUCAT: Para conocer y vivir la fe de la Iglesia<\/strong>[\/nectar_responsive_text][vc_column_text css=\u00bb\u00bb text_direction=\u00bbdefault\u00bb]Este texto expone con lenguaje adaptado a los j\u00f3venes la fe cat\u00f3lica en su conjunto tal y como ha sido propuesta en el \u00abCatecismo de la Iglesia cat\u00f3lica\u00bb (CEC de 1997).[\/vc_column_text][nectar_btn size=\u00bblarge\u00bb open_new_tab=\u00bbtrue\u00bb button_style=\u00bbsee-through-2&#8243; color_override=\u00bb#000000&#8243; hover_color_override=\u00bb#000000&#8243; hover_text_color_override=\u00bb#ffffff\u00bb icon_family=\u00bbnone\u00bb text=\u00bbAccede\u00bb url=\u00bbhttps:\/\/www.amazon.es\/dp\/8498464889?ref_=k4w_embed_dp_err&amp;tag=kpembed-20&#8243;][\/vc_column_inner][\/vc_row_inner][vc_row_inner equal_height=\u00bbyes\u00bb content_placement=\u00bbtop\u00bb column_margin=\u00bb20px\u00bb column_direction=\u00bbdefault\u00bb column_direction_tablet=\u00bbdefault\u00bb column_direction_phone=\u00bbdefault\u00bb text_align=\u00bbleft\u00bb row_position=\u00bbdefault\u00bb row_position_tablet=\u00bbinherit\u00bb row_position_phone=\u00bbinherit\u00bb overflow=\u00bbvisible\u00bb pointer_events=\u00bball\u00bb][vc_column_inner top_padding_desktop=\u00bb20&#8243; bottom_padding_desktop=\u00bb20&#8243; left_padding_desktop=\u00bb20&#8243; right_padding_desktop=\u00bb20&#8243; column_element_direction_desktop=\u00bbdefault\u00bb column_element_spacing=\u00bbdefault\u00bb desktop_text_alignment=\u00bbdefault\u00bb tablet_text_alignment=\u00bbdefault\u00bb phone_text_alignment=\u00bbdefault\u00bb background_color_opacity=\u00bb1&#8243; background_hover_color_opacity=\u00bb1&#8243; column_backdrop_filter=\u00bbnone\u00bb column_shadow=\u00bbnone\u00bb column_border_radius=\u00bb20px\u00bb column_link_target=\u00bb_self\u00bb overflow=\u00bbvisible\u00bb gradient_direction=\u00bbleft_to_right\u00bb overlay_strength=\u00bb0.3&#8243; width=\u00bb1\/4&#8243; tablet_width_inherit=\u00bbdefault\u00bb animation_type=\u00bbdefault\u00bb bg_image_animation=\u00bbnone\u00bb border_type=\u00bbsimple\u00bb column_border_width=\u00bb2px\u00bb column_border_color=\u00bb#f9f4f1&#8243; column_border_style=\u00bbsolid\u00bb column_padding_type=\u00bbadvanced\u00bb gradient_type=\u00bbdefault\u00bb][image_with_animation image_url=\u00bb8931&#8243; image_size=\u00bbfull\u00bb animation_type=\u00bbentrance\u00bb animation=\u00bbNone\u00bb animation_movement_type=\u00bbtransform_y\u00bb hover_animation=\u00bbnone\u00bb alignment=\u00bbcenter\u00bb border_radius=\u00bb20px\u00bb box_shadow=\u00bbnone\u00bb image_loading=\u00bbdefault\u00bb max_width=\u00bb100%\u00bb max_width_mobile=\u00bbdefault\u00bb][divider line_type=\u00bbNo Line\u00bb custom_height=\u00bb30&#8243; custom_height_tablet=\u00bb40&#8243;][nectar_responsive_text inherited_font_style=\u00bbdefault\u00bb font_size_desktop=\u00bb30&#8243; text_direction=\u00bbdefault\u00bb font_size_tablet=\u00bb22&#8243; font_line_height=\u00bb1.1&#8243;]<strong>  Liturgia de las Horas (CPL)  <\/strong>[\/nectar_responsive_text][vc_column_text css=\u00bb\u00bb text_direction=\u00bbdefault\u00bb]Aplicaci\u00f3n para tel\u00e9fono m\u00f3vil de la Liturgia de las Horas<\/p>\n[\/vc_column_text][nectar_btn size=\u00bblarge\u00bb open_new_tab=\u00bbtrue\u00bb button_style=\u00bbsee-through-2&#8243; color_override=\u00bb#000000&#8243; hover_color_override=\u00bb#000000&#8243; hover_text_color_override=\u00bb#ffffff\u00bb icon_family=\u00bbnone\u00bb text=\u00bbLa Liturgia de las Horas\u00bb url=\u00bbhttps:\/\/pastoral.cpl.es\/index.php\/la-liturgia-de-les-hores\/\u00bb][\/vc_column_inner][vc_column_inner top_padding_desktop=\u00bb20&#8243; constrain_group_100=\u00bbyes\u00bb bottom_padding_desktop=\u00bb20&#8243; left_padding_desktop=\u00bb20&#8243; constrain_group_101=\u00bbyes\u00bb right_padding_desktop=\u00bb20&#8243; column_element_direction_desktop=\u00bbdefault\u00bb column_element_spacing=\u00bbdefault\u00bb desktop_text_alignment=\u00bbdefault\u00bb tablet_text_alignment=\u00bbdefault\u00bb phone_text_alignment=\u00bbdefault\u00bb background_color_opacity=\u00bb1&#8243; background_hover_color_opacity=\u00bb1&#8243; column_backdrop_filter=\u00bbnone\u00bb column_shadow=\u00bbnone\u00bb column_border_radius=\u00bb20px\u00bb column_link_target=\u00bb_self\u00bb overflow=\u00bbvisible\u00bb gradient_direction=\u00bbleft_to_right\u00bb overlay_strength=\u00bb0.3&#8243; width=\u00bb1\/4&#8243; tablet_width_inherit=\u00bbdefault\u00bb animation_type=\u00bbdefault\u00bb bg_image_animation=\u00bbnone\u00bb border_type=\u00bbsimple\u00bb column_border_width=\u00bb2px\u00bb column_border_color=\u00bb#f9f4f1&#8243; column_border_style=\u00bbsolid\u00bb column_padding_type=\u00bbadvanced\u00bb gradient_type=\u00bbdefault\u00bb][image_with_animation image_url=\u00bb8933&#8243; image_size=\u00bbfull\u00bb animation_type=\u00bbentrance\u00bb animation=\u00bbNone\u00bb animation_movement_type=\u00bbtransform_y\u00bb hover_animation=\u00bbnone\u00bb alignment=\u00bbcenter\u00bb border_radius=\u00bb20px\u00bb box_shadow=\u00bbnone\u00bb image_loading=\u00bbdefault\u00bb max_width=\u00bb100%\u00bb max_width_mobile=\u00bbdefault\u00bb][divider line_type=\u00bbNo Line\u00bb custom_height=\u00bb30&#8243; custom_height_tablet=\u00bb40&#8243;][nectar_responsive_text inherited_font_style=\u00bbdefault\u00bb font_size_desktop=\u00bb30&#8243; text_direction=\u00bbdefault\u00bb font_size_tablet=\u00bb22&#8243; font_line_height=\u00bb1.1&#8243;]<strong>THE CHOSEN<br \/>\n<\/strong>[\/nectar_responsive_text][vc_column_text css=\u00bb\u00bb text_direction=\u00bbdefault\u00bb]Una sorprendente serie (todav\u00eda rod\u00e1ndose) sobre la vida de Cristo. La serie nos va ayudando a adentrarnos en la historia de los elegidos (the chosen) por Jes\u00fas y su relaci\u00f3n con el maestro.[\/vc_column_text][nectar_btn size=\u00bblarge\u00bb open_new_tab=\u00bbtrue\u00bb button_style=\u00bbsee-through-2&#8243; color_override=\u00bb#000000&#8243; hover_color_override=\u00bb#000000&#8243; hover_text_color_override=\u00bb#ffffff\u00bb icon_family=\u00bbnone\u00bb text=\u00bbAccede\u00bb url=\u00bbhttps:\/\/www.acontracorrientefilms.com\/movie\/the-chosen-1\/watch-at-home\u00bb][\/vc_column_inner][vc_column_inner top_padding_desktop=\u00bb20&#8243; bottom_padding_desktop=\u00bb20&#8243; left_padding_desktop=\u00bb20&#8243; right_padding_desktop=\u00bb20&#8243; column_element_direction_desktop=\u00bbdefault\u00bb column_element_spacing=\u00bbdefault\u00bb desktop_text_alignment=\u00bbdefault\u00bb tablet_text_alignment=\u00bbdefault\u00bb phone_text_alignment=\u00bbdefault\u00bb background_color_opacity=\u00bb1&#8243; background_hover_color_opacity=\u00bb1&#8243; column_backdrop_filter=\u00bbnone\u00bb column_shadow=\u00bbnone\u00bb column_border_radius=\u00bb20px\u00bb column_link_target=\u00bb_self\u00bb overflow=\u00bbvisible\u00bb gradient_direction=\u00bbleft_to_right\u00bb overlay_strength=\u00bb0.3&#8243; width=\u00bb1\/4&#8243; tablet_width_inherit=\u00bbdefault\u00bb animation_type=\u00bbdefault\u00bb bg_image_animation=\u00bbnone\u00bb border_type=\u00bbsimple\u00bb column_border_width=\u00bb2px\u00bb column_border_color=\u00bb#f9f4f1&#8243; column_border_style=\u00bbsolid\u00bb column_padding_type=\u00bbadvanced\u00bb gradient_type=\u00bbdefault\u00bb][image_with_animation image_url=\u00bb8935&#8243; image_size=\u00bbfull\u00bb animation_type=\u00bbentrance\u00bb animation=\u00bbNone\u00bb animation_movement_type=\u00bbtransform_y\u00bb hover_animation=\u00bbnone\u00bb alignment=\u00bbcenter\u00bb border_radius=\u00bb20px\u00bb box_shadow=\u00bbnone\u00bb image_loading=\u00bbdefault\u00bb max_width=\u00bb100%\u00bb max_width_mobile=\u00bbdefault\u00bb][divider line_type=\u00bbNo Line\u00bb custom_height=\u00bb30&#8243; custom_height_tablet=\u00bb40&#8243;][nectar_responsive_text inherited_font_style=\u00bbdefault\u00bb font_size_desktop=\u00bb30&#8243; text_direction=\u00bbdefault\u00bb font_size_tablet=\u00bb22&#8243; font_line_height=\u00bb1.1&#8243;]<strong>BCI \u2013 Biblia catalana<\/strong>[\/nectar_responsive_text][vc_column_text css=\u00bb\u00bb text_direction=\u00bbdefault\u00bb]La BCI (Biblia catalana, traducci\u00f3n interconfesional), la versi\u00f3n m\u00e1s moderna y cuidada de la Biblia en catal\u00e1n, ahora en una aplicaci\u00f3n web que permite leer, buscar y estudiar el texto de la Palabra de Dios.<\/p>\n[\/vc_column_text][nectar_btn size=\u00bblarge\u00bb open_new_tab=\u00bbtrue\u00bb button_style=\u00bbsee-through-2&#8243; color_override=\u00bb#000000&#8243; hover_color_override=\u00bb#000000&#8243; hover_text_color_override=\u00bb#ffffff\u00bb icon_family=\u00bbnone\u00bb text=\u00bbAccede\u00bb url=\u00bbhttps:\/\/www.bci.cat\/\u00bb][\/vc_column_inner][vc_column_inner top_padding_desktop=\u00bb20&#8243; bottom_padding_desktop=\u00bb20&#8243; left_padding_desktop=\u00bb20&#8243; right_padding_desktop=\u00bb20&#8243; column_element_direction_desktop=\u00bbdefault\u00bb column_element_spacing=\u00bbdefault\u00bb desktop_text_alignment=\u00bbdefault\u00bb tablet_text_alignment=\u00bbdefault\u00bb phone_text_alignment=\u00bbdefault\u00bb background_color_opacity=\u00bb1&#8243; background_hover_color_opacity=\u00bb1&#8243; column_backdrop_filter=\u00bbnone\u00bb column_shadow=\u00bbnone\u00bb column_border_radius=\u00bb20px\u00bb column_link_target=\u00bb_self\u00bb overflow=\u00bbvisible\u00bb gradient_direction=\u00bbleft_to_right\u00bb overlay_strength=\u00bb0.3&#8243; width=\u00bb1\/4&#8243; tablet_width_inherit=\u00bbdefault\u00bb animation_type=\u00bbdefault\u00bb bg_image_animation=\u00bbnone\u00bb border_type=\u00bbsimple\u00bb column_border_width=\u00bb2px\u00bb column_border_color=\u00bb#f9f4f1&#8243; column_border_style=\u00bbsolid\u00bb column_padding_type=\u00bbadvanced\u00bb gradient_type=\u00bbdefault\u00bb][image_with_animation image_url=\u00bb8937&#8243; image_size=\u00bbfull\u00bb animation_type=\u00bbentrance\u00bb animation=\u00bbNone\u00bb animation_movement_type=\u00bbtransform_y\u00bb hover_animation=\u00bbnone\u00bb alignment=\u00bbcenter\u00bb border_radius=\u00bb20px\u00bb box_shadow=\u00bbnone\u00bb image_loading=\u00bbdefault\u00bb max_width=\u00bb100%\u00bb max_width_mobile=\u00bbdefault\u00bb][divider line_type=\u00bbNo Line\u00bb custom_height=\u00bb30&#8243; custom_height_tablet=\u00bb40&#8243;][nectar_responsive_text inherited_font_style=\u00bbdefault\u00bb font_size_desktop=\u00bb30&#8243; text_direction=\u00bbdefault\u00bb font_size_tablet=\u00bb22&#8243; font_line_height=\u00bb1.1&#8243;]<strong>  Rezandovoy  <\/strong>[\/nectar_responsive_text][vc_column_text css=\u00bb\u00bb text_direction=\u00bbdefault\u00bb]Rezandovoy ofrece a diario una oraci\u00f3n en audio para rezar al hilo de lecturas b\u00edblicas, poemas y textos para la reflexi\u00f3n, im\u00e1genes y m\u00fasicas. Es un proyecto de la Compa\u00f1\u00eda de Jes\u00fas de Espa\u00f1a.[\/vc_column_text][nectar_btn size=\u00bblarge\u00bb open_new_tab=\u00bbtrue\u00bb button_style=\u00bbsee-through-2&#8243; color_override=\u00bb#000000&#8243; hover_color_override=\u00bb#000000&#8243; hover_text_color_override=\u00bb#ffffff\u00bb icon_family=\u00bbnone\u00bb text=\u00bbEscuchar podcast\u00bb url=\u00bbhttps:\/\/www.rezandovoy.org\/\u00bb][\/vc_column_inner][\/vc_row_inner][vc_row_inner equal_height=\u00bbyes\u00bb content_placement=\u00bbtop\u00bb column_margin=\u00bb20px\u00bb column_direction=\u00bbdefault\u00bb column_direction_tablet=\u00bbdefault\u00bb column_direction_phone=\u00bbdefault\u00bb text_align=\u00bbleft\u00bb row_position=\u00bbdefault\u00bb row_position_tablet=\u00bbinherit\u00bb row_position_phone=\u00bbinherit\u00bb overflow=\u00bbvisible\u00bb pointer_events=\u00bball\u00bb][vc_column_inner top_padding_desktop=\u00bb20&#8243; bottom_padding_desktop=\u00bb20&#8243; left_padding_desktop=\u00bb20&#8243; right_padding_desktop=\u00bb20&#8243; column_element_direction_desktop=\u00bbdefault\u00bb column_element_spacing=\u00bbdefault\u00bb desktop_text_alignment=\u00bbdefault\u00bb tablet_text_alignment=\u00bbdefault\u00bb phone_text_alignment=\u00bbdefault\u00bb background_color_opacity=\u00bb1&#8243; background_hover_color_opacity=\u00bb1&#8243; column_backdrop_filter=\u00bbnone\u00bb column_shadow=\u00bbnone\u00bb column_border_radius=\u00bb20px\u00bb column_link_target=\u00bb_self\u00bb overflow=\u00bbvisible\u00bb gradient_direction=\u00bbleft_to_right\u00bb overlay_strength=\u00bb0.3&#8243; width=\u00bb1\/4&#8243; tablet_width_inherit=\u00bbdefault\u00bb animation_type=\u00bbdefault\u00bb bg_image_animation=\u00bbnone\u00bb border_type=\u00bbsimple\u00bb column_border_width=\u00bb2px\u00bb column_border_color=\u00bb#f9f4f1&#8243; column_border_style=\u00bbsolid\u00bb column_padding_type=\u00bbadvanced\u00bb gradient_type=\u00bbdefault\u00bb][image_with_animation image_url=\u00bb8940&#8243; image_size=\u00bbfull\u00bb animation_type=\u00bbentrance\u00bb animation=\u00bbNone\u00bb animation_movement_type=\u00bbtransform_y\u00bb hover_animation=\u00bbnone\u00bb alignment=\u00bbcenter\u00bb border_radius=\u00bb20px\u00bb box_shadow=\u00bbnone\u00bb image_loading=\u00bbdefault\u00bb max_width=\u00bb100%\u00bb max_width_mobile=\u00bbdefault\u00bb][divider line_type=\u00bbNo Line\u00bb custom_height=\u00bb30&#8243; custom_height_tablet=\u00bb40&#8243;][nectar_responsive_text inherited_font_style=\u00bbdefault\u00bb font_size_desktop=\u00bb30&#8243; text_direction=\u00bbdefault\u00bb font_size_tablet=\u00bb22&#8243; font_line_height=\u00bb1.1&#8243;]<strong>  10 minutos con Jes\u00fas  <\/strong>[\/nectar_responsive_text][vc_column_text css=\u00bb\u00bb text_direction=\u00bbdefault\u00bb]Audios grabados por curas j\u00f3venes que ayudan a orar. Curas y laicos de todo el mundo formamos el equipo que hace posible que miles de personas de todo el mundo pasen 10 minutos diarios de conversaci\u00f3n con Jes\u00fas.[\/vc_column_text][nectar_btn size=\u00bblarge\u00bb open_new_tab=\u00bbtrue\u00bb button_style=\u00bbsee-through-2&#8243; color_override=\u00bb#000000&#8243; hover_color_override=\u00bb#000000&#8243; hover_text_color_override=\u00bb#ffffff\u00bb icon_family=\u00bbnone\u00bb text=\u00bbAccede\u00bb url=\u00bbhttps:\/\/10minutosconjesus.org\/\u00bb][\/vc_column_inner][vc_column_inner top_padding_desktop=\u00bb20&#8243; constrain_group_100=\u00bbyes\u00bb bottom_padding_desktop=\u00bb20&#8243; left_padding_desktop=\u00bb20&#8243; constrain_group_101=\u00bbyes\u00bb right_padding_desktop=\u00bb20&#8243; column_element_direction_desktop=\u00bbdefault\u00bb column_element_spacing=\u00bbdefault\u00bb desktop_text_alignment=\u00bbdefault\u00bb tablet_text_alignment=\u00bbdefault\u00bb phone_text_alignment=\u00bbdefault\u00bb background_color_opacity=\u00bb1&#8243; background_hover_color_opacity=\u00bb1&#8243; column_backdrop_filter=\u00bbnone\u00bb column_shadow=\u00bbnone\u00bb column_border_radius=\u00bb20px\u00bb column_link_target=\u00bb_self\u00bb overflow=\u00bbvisible\u00bb gradient_direction=\u00bbleft_to_right\u00bb overlay_strength=\u00bb0.3&#8243; width=\u00bb1\/4&#8243; tablet_width_inherit=\u00bbdefault\u00bb animation_type=\u00bbdefault\u00bb bg_image_animation=\u00bbnone\u00bb border_type=\u00bbsimple\u00bb column_border_width=\u00bb2px\u00bb column_border_color=\u00bb#f9f4f1&#8243; column_border_style=\u00bbsolid\u00bb column_padding_type=\u00bbadvanced\u00bb gradient_type=\u00bbdefault\u00bb][image_with_animation image_url=\u00bb8942&#8243; image_size=\u00bbfull\u00bb animation_type=\u00bbentrance\u00bb animation=\u00bbNone\u00bb animation_movement_type=\u00bbtransform_y\u00bb hover_animation=\u00bbnone\u00bb alignment=\u00bbcenter\u00bb border_radius=\u00bb20px\u00bb box_shadow=\u00bbnone\u00bb image_loading=\u00bbdefault\u00bb max_width=\u00bb100%\u00bb max_width_mobile=\u00bbdefault\u00bb][divider line_type=\u00bbNo Line\u00bb custom_height=\u00bb30&#8243; custom_height_tablet=\u00bb40&#8243;][nectar_responsive_text inherited_font_style=\u00bbdefault\u00bb font_size_desktop=\u00bb30&#8243; text_direction=\u00bbdefault\u00bb font_size_tablet=\u00bb22&#8243; font_line_height=\u00bb1.1&#8243;]<strong>Worship.cat<\/strong>[\/nectar_responsive_text][vc_column_text css=\u00bb\u00bb text_direction=\u00bbdefault\u00bb]J\u00f3venes de diversas di\u00f3cesis catalanas nos unimos para traducir, interpretar y difundir versiones en catal\u00e1n de los cantos de worship (alabanza) de los mejores cantantes y bandas en lengua inglesa.[\/vc_column_text][nectar_btn size=\u00bblarge\u00bb open_new_tab=\u00bbtrue\u00bb button_style=\u00bbsee-through-2&#8243; color_override=\u00bb#000000&#8243; hover_color_override=\u00bb#000000&#8243; hover_text_color_override=\u00bb#ffffff\u00bb icon_family=\u00bbnone\u00bb text=\u00bbAccede\u00bb url=\u00bbhttps:\/\/worship.cat\/\u00bb][\/vc_column_inner][vc_column_inner top_padding_desktop=\u00bb20&#8243; bottom_padding_desktop=\u00bb20&#8243; left_padding_desktop=\u00bb20&#8243; right_padding_desktop=\u00bb20&#8243; column_element_direction_desktop=\u00bbdefault\u00bb column_element_spacing=\u00bbdefault\u00bb desktop_text_alignment=\u00bbdefault\u00bb tablet_text_alignment=\u00bbdefault\u00bb phone_text_alignment=\u00bbdefault\u00bb background_color_opacity=\u00bb1&#8243; background_hover_color_opacity=\u00bb1&#8243; column_backdrop_filter=\u00bbnone\u00bb column_shadow=\u00bbnone\u00bb column_border_radius=\u00bb20px\u00bb column_link_target=\u00bb_self\u00bb overflow=\u00bbvisible\u00bb gradient_direction=\u00bbleft_to_right\u00bb overlay_strength=\u00bb0.3&#8243; width=\u00bb1\/4&#8243; tablet_width_inherit=\u00bbdefault\u00bb animation_type=\u00bbdefault\u00bb bg_image_animation=\u00bbnone\u00bb border_type=\u00bbsimple\u00bb column_border_width=\u00bb2px\u00bb column_border_color=\u00bb#f9f4f1&#8243; column_border_style=\u00bbsolid\u00bb column_padding_type=\u00bbadvanced\u00bb gradient_type=\u00bbdefault\u00bb][image_with_animation image_url=\u00bb8944&#8243; image_size=\u00bbfull\u00bb animation_type=\u00bbentrance\u00bb animation=\u00bbNone\u00bb animation_movement_type=\u00bbtransform_y\u00bb hover_animation=\u00bbnone\u00bb alignment=\u00bbcenter\u00bb border_radius=\u00bb20px\u00bb box_shadow=\u00bbnone\u00bb image_loading=\u00bbdefault\u00bb max_width=\u00bb100%\u00bb max_width_mobile=\u00bbdefault\u00bb][divider line_type=\u00bbNo Line\u00bb custom_height=\u00bb30&#8243; custom_height_tablet=\u00bb40&#8243;][nectar_responsive_text inherited_font_style=\u00bbdefault\u00bb font_size_desktop=\u00bb30&#8243; text_direction=\u00bbdefault\u00bb font_size_tablet=\u00bb22&#8243; font_line_height=\u00bb1.1&#8243;]<strong>La Misa de cada d\u00eda<br \/>\n<\/strong>[\/nectar_responsive_text][vc_column_text css=\u00bb\u00bb text_direction=\u00bbdefault\u00bb]El misal que te acompa\u00f1a. Sigue la misa diaria donde quiera que est\u00e9s, todos los d\u00edas del a\u00f1o.[\/vc_column_text][nectar_btn size=\u00bblarge\u00bb open_new_tab=\u00bbtrue\u00bb button_style=\u00bbsee-through-2&#8243; color_override=\u00bb#000000&#8243; hover_color_override=\u00bb#000000&#8243; hover_text_color_override=\u00bb#ffffff\u00bb icon_family=\u00bbnone\u00bb text=\u00bbAccede\u00bb url=\u00bbhttps:\/\/www.missadecadadia.cat\/\u00bb][\/vc_column_inner][vc_column_inner top_padding_desktop=\u00bb20&#8243; bottom_padding_desktop=\u00bb20&#8243; left_padding_desktop=\u00bb20&#8243; right_padding_desktop=\u00bb20&#8243; column_element_direction_desktop=\u00bbdefault\u00bb column_element_spacing=\u00bbdefault\u00bb desktop_text_alignment=\u00bbdefault\u00bb tablet_text_alignment=\u00bbdefault\u00bb phone_text_alignment=\u00bbdefault\u00bb background_color_opacity=\u00bb1&#8243; background_hover_color_opacity=\u00bb1&#8243; column_backdrop_filter=\u00bbnone\u00bb column_shadow=\u00bbnone\u00bb column_border_radius=\u00bb20px\u00bb column_link_target=\u00bb_self\u00bb overflow=\u00bbvisible\u00bb gradient_direction=\u00bbleft_to_right\u00bb overlay_strength=\u00bb0.3&#8243; width=\u00bb1\/4&#8243; tablet_width_inherit=\u00bbdefault\u00bb animation_type=\u00bbdefault\u00bb bg_image_animation=\u00bbnone\u00bb border_type=\u00bbsimple\u00bb column_border_width=\u00bb2px\u00bb column_border_color=\u00bb#f9f4f1&#8243; column_border_style=\u00bbsolid\u00bb column_padding_type=\u00bbadvanced\u00bb gradient_type=\u00bbdefault\u00bb][image_with_animation image_url=\u00bb8946&#8243; image_size=\u00bbfull\u00bb animation_type=\u00bbentrance\u00bb animation=\u00bbNone\u00bb animation_movement_type=\u00bbtransform_y\u00bb hover_animation=\u00bbnone\u00bb alignment=\u00bbcenter\u00bb border_radius=\u00bb20px\u00bb box_shadow=\u00bbnone\u00bb image_loading=\u00bbdefault\u00bb max_width=\u00bb100%\u00bb max_width_mobile=\u00bbdefault\u00bb][divider line_type=\u00bbNo Line\u00bb custom_height=\u00bb30&#8243; custom_height_tablet=\u00bb40&#8243;][nectar_responsive_text inherited_font_style=\u00bbdefault\u00bb font_size_desktop=\u00bb30&#8243; text_direction=\u00bbdefault\u00bb font_size_tablet=\u00bb22&#8243; font_line_height=\u00bb1.1&#8243;]<strong>Acci\u00f3n Cat\u00f3lica General<br \/>\n<\/strong>[\/nectar_responsive_text][vc_column_text css=\u00bb\u00bb text_direction=\u00bbdefault\u00bb]Aqu\u00ed podr\u00e1s encontrar todo tipo de herramientas e instrumentos para llevar a cabo tus convivencias, oraciones, remansos, peregrinaciones o cualquier \u201clocura\u201d, que se te ocurra, con los j\u00f3venes.[\/vc_column_text][nectar_btn size=\u00bblarge\u00bb open_new_tab=\u00bbtrue\u00bb button_style=\u00bbsee-through-2&#8243; color_override=\u00bb#000000&#8243; hover_color_override=\u00bb#000000&#8243; hover_text_color_override=\u00bb#ffffff\u00bb icon_family=\u00bbnone\u00bb text=\u00bbAccede\u00bb url=\u00bbhttps:\/\/www.accioncatolicageneral.es\/index.php\/jovenes\/151-baul-jovenes\u00bb][\/vc_column_inner][\/vc_row_inner][vc_row_inner equal_height=\u00bbyes\u00bb content_placement=\u00bbtop\u00bb column_margin=\u00bb20px\u00bb column_direction=\u00bbdefault\u00bb column_direction_tablet=\u00bbdefault\u00bb column_direction_phone=\u00bbdefault\u00bb text_align=\u00bbleft\u00bb row_position=\u00bbdefault\u00bb row_position_tablet=\u00bbinherit\u00bb row_position_phone=\u00bbinherit\u00bb overflow=\u00bbvisible\u00bb pointer_events=\u00bball\u00bb][vc_column_inner top_padding_desktop=\u00bb20&#8243; bottom_padding_desktop=\u00bb20&#8243; left_padding_desktop=\u00bb20&#8243; right_padding_desktop=\u00bb20&#8243; column_element_direction_desktop=\u00bbdefault\u00bb column_element_spacing=\u00bbdefault\u00bb desktop_text_alignment=\u00bbdefault\u00bb tablet_text_alignment=\u00bbdefault\u00bb phone_text_alignment=\u00bbdefault\u00bb background_color_opacity=\u00bb1&#8243; background_hover_color_opacity=\u00bb1&#8243; column_backdrop_filter=\u00bbnone\u00bb column_shadow=\u00bbnone\u00bb column_border_radius=\u00bb20px\u00bb column_link_target=\u00bb_self\u00bb overflow=\u00bbvisible\u00bb gradient_direction=\u00bbleft_to_right\u00bb overlay_strength=\u00bb0.3&#8243; width=\u00bb1\/4&#8243; tablet_width_inherit=\u00bbdefault\u00bb animation_type=\u00bbdefault\u00bb bg_image_animation=\u00bbnone\u00bb border_type=\u00bbsimple\u00bb column_border_width=\u00bb2px\u00bb column_border_color=\u00bb#f9f4f1&#8243; column_border_style=\u00bbsolid\u00bb column_padding_type=\u00bbadvanced\u00bb gradient_type=\u00bbdefault\u00bb][image_with_animation image_url=\u00bb8949&#8243; image_size=\u00bbfull\u00bb animation_type=\u00bbentrance\u00bb animation=\u00bbNone\u00bb animation_movement_type=\u00bbtransform_y\u00bb hover_animation=\u00bbnone\u00bb alignment=\u00bbcenter\u00bb border_radius=\u00bb20px\u00bb box_shadow=\u00bbnone\u00bb image_loading=\u00bbdefault\u00bb max_width=\u00bb100%\u00bb max_width_mobile=\u00bbdefault\u00bb][divider line_type=\u00bbNo Line\u00bb custom_height=\u00bb30&#8243; custom_height_tablet=\u00bb40&#8243;][nectar_responsive_text inherited_font_style=\u00bbdefault\u00bb font_size_desktop=\u00bb30&#8243; text_direction=\u00bbdefault\u00bb font_size_tablet=\u00bb22&#8243; font_line_height=\u00bb1.1&#8243;]<strong>  O todo o nada: Hna. Clare Crockett   <\/strong>[\/nectar_responsive_text][vc_column_text css=\u00bb\u00bb text_direction=\u00bbdefault\u00bb]Una incipiente actriz deja atr\u00e1s su carrera y las puertas que se le abren a la fama para dar su vida a Dios. Quiz\u00e1s algunos vean esto como un fracaso total. Pero\u2026 \u00bflo fue? En esta pel\u00edcula hablan quienes conocieron a la hermana Claire[\/vc_column_text][nectar_btn size=\u00bblarge\u00bb open_new_tab=\u00bbtrue\u00bb button_style=\u00bbsee-through-2&#8243; color_override=\u00bb#000000&#8243; hover_color_override=\u00bb#000000&#8243; hover_text_color_override=\u00bb#ffffff\u00bb icon_family=\u00bbnone\u00bb text=\u00bbAccede\u00bb url=\u00bbhttps:\/\/www.youtube.com\/watch?v=sQv8db9xsks\u00bb][\/vc_column_inner][vc_column_inner top_padding_desktop=\u00bb20&#8243; constrain_group_100=\u00bbyes\u00bb bottom_padding_desktop=\u00bb20&#8243; left_padding_desktop=\u00bb20&#8243; constrain_group_101=\u00bbyes\u00bb right_padding_desktop=\u00bb20&#8243; column_element_direction_desktop=\u00bbdefault\u00bb column_element_spacing=\u00bbdefault\u00bb desktop_text_alignment=\u00bbdefault\u00bb tablet_text_alignment=\u00bbdefault\u00bb phone_text_alignment=\u00bbdefault\u00bb background_color_opacity=\u00bb1&#8243; background_hover_color_opacity=\u00bb1&#8243; column_backdrop_filter=\u00bbnone\u00bb column_shadow=\u00bbnone\u00bb column_border_radius=\u00bb20px\u00bb column_link_target=\u00bb_self\u00bb overflow=\u00bbvisible\u00bb gradient_direction=\u00bbleft_to_right\u00bb overlay_strength=\u00bb0.3&#8243; width=\u00bb1\/4&#8243; tablet_width_inherit=\u00bbdefault\u00bb animation_type=\u00bbdefault\u00bb bg_image_animation=\u00bbnone\u00bb border_type=\u00bbsimple\u00bb column_border_width=\u00bb2px\u00bb column_border_color=\u00bb#f9f4f1&#8243; column_border_style=\u00bbsolid\u00bb column_padding_type=\u00bbadvanced\u00bb gradient_type=\u00bbdefault\u00bb][image_with_animation image_url=\u00bb8951&#8243; image_size=\u00bbfull\u00bb animation_type=\u00bbentrance\u00bb animation=\u00bbNone\u00bb animation_movement_type=\u00bbtransform_y\u00bb hover_animation=\u00bbnone\u00bb alignment=\u00bbcenter\u00bb border_radius=\u00bb20px\u00bb box_shadow=\u00bbnone\u00bb image_loading=\u00bbdefault\u00bb max_width=\u00bb100%\u00bb max_width_mobile=\u00bbdefault\u00bb][divider line_type=\u00bbNo Line\u00bb custom_height=\u00bb30&#8243; custom_height_tablet=\u00bb40&#8243;][nectar_responsive_text inherited_font_style=\u00bbdefault\u00bb font_size_desktop=\u00bb30&#8243; text_direction=\u00bbdefault\u00bb font_size_tablet=\u00bb22&#8243; font_line_height=\u00bb1.1&#8243;]<strong>Pastoral FECC<br \/>\n<\/strong>[\/nectar_responsive_text][vc_column_text css=\u00bb\u00bb text_direction=\u00bbdefault\u00bb]Este sitio web se ofrece como espacio de encuentro en toda la comunidad educativa de la Escuela Cristiana para facilitar la labor evangelizadora de los centros educativos.<\/p>\n[\/vc_column_text][nectar_btn size=\u00bblarge\u00bb open_new_tab=\u00bbtrue\u00bb button_style=\u00bbsee-through-2&#8243; color_override=\u00bb#000000&#8243; hover_color_override=\u00bb#000000&#8243; hover_text_color_override=\u00bb#ffffff\u00bb icon_family=\u00bbnone\u00bb text=\u00bbAccede\u00bb url=\u00bbhttp:\/\/www.pastoralfecc.cat\/\u00bb][\/vc_column_inner][vc_column_inner top_padding_desktop=\u00bb20&#8243; bottom_padding_desktop=\u00bb20&#8243; left_padding_desktop=\u00bb20&#8243; right_padding_desktop=\u00bb20&#8243; column_element_direction_desktop=\u00bbdefault\u00bb column_element_spacing=\u00bbdefault\u00bb desktop_text_alignment=\u00bbdefault\u00bb tablet_text_alignment=\u00bbdefault\u00bb phone_text_alignment=\u00bbdefault\u00bb background_color_opacity=\u00bb1&#8243; background_hover_color_opacity=\u00bb1&#8243; column_backdrop_filter=\u00bbnone\u00bb column_shadow=\u00bbnone\u00bb column_border_radius=\u00bb20px\u00bb column_link_target=\u00bb_self\u00bb overflow=\u00bbvisible\u00bb gradient_direction=\u00bbleft_to_right\u00bb overlay_strength=\u00bb0.3&#8243; width=\u00bb1\/4&#8243; tablet_width_inherit=\u00bbdefault\u00bb animation_type=\u00bbdefault\u00bb bg_image_animation=\u00bbnone\u00bb border_type=\u00bbsimple\u00bb column_border_width=\u00bb2px\u00bb column_border_color=\u00bb#f9f4f1&#8243; column_border_style=\u00bbsolid\u00bb column_padding_type=\u00bbadvanced\u00bb gradient_type=\u00bbdefault\u00bb][image_with_animation image_url=\u00bb8953&#8243; image_size=\u00bbfull\u00bb animation_type=\u00bbentrance\u00bb animation=\u00bbNone\u00bb animation_movement_type=\u00bbtransform_y\u00bb hover_animation=\u00bbnone\u00bb alignment=\u00bbcenter\u00bb border_radius=\u00bb20px\u00bb box_shadow=\u00bbnone\u00bb image_loading=\u00bbdefault\u00bb max_width=\u00bb100%\u00bb max_width_mobile=\u00bbdefault\u00bb][divider line_type=\u00bbNo Line\u00bb custom_height=\u00bb30&#8243; custom_height_tablet=\u00bb40&#8243;][nectar_responsive_text inherited_font_style=\u00bbdefault\u00bb font_size_desktop=\u00bb30&#8243; text_direction=\u00bbdefault\u00bb font_size_tablet=\u00bb22&#8243; font_line_height=\u00bb1.1&#8243;]<strong>SIC (Secretariado Interdiosesano de Catequesis)<br \/>\n<\/strong>[\/nectar_responsive_text][vc_column_text css=\u00bb\u00bb text_direction=\u00bbdefault\u00bb]Te presentamos los materiales dispuestos para que puedas preparar la catequesis con las familias de la parroquia o la comunidad, tanto para acompa\u00f1ar a adultos (padres y catec\u00famenos) como a los ni\u00f1os.<\/p>\n[\/vc_column_text][nectar_btn size=\u00bblarge\u00bb open_new_tab=\u00bbtrue\u00bb button_style=\u00bbsee-through-2&#8243; color_override=\u00bb#000000&#8243; hover_color_override=\u00bb#000000&#8243; hover_text_color_override=\u00bb#ffffff\u00bb icon_family=\u00bbnone\u00bb text=\u00bbAccede\u00bb url=\u00bbhttps:\/\/sic-catequesi.cat\/ca\/materials\u00bb][\/vc_column_inner][vc_column_inner top_padding_desktop=\u00bb20&#8243; bottom_padding_desktop=\u00bb20&#8243; left_padding_desktop=\u00bb20&#8243; right_padding_desktop=\u00bb20&#8243; column_element_direction_desktop=\u00bbdefault\u00bb column_element_spacing=\u00bbdefault\u00bb desktop_text_alignment=\u00bbdefault\u00bb tablet_text_alignment=\u00bbdefault\u00bb phone_text_alignment=\u00bbdefault\u00bb background_color_opacity=\u00bb1&#8243; background_hover_color_opacity=\u00bb1&#8243; column_backdrop_filter=\u00bbnone\u00bb column_shadow=\u00bbnone\u00bb column_border_radius=\u00bb20px\u00bb column_link_target=\u00bb_self\u00bb overflow=\u00bbvisible\u00bb gradient_direction=\u00bbleft_to_right\u00bb overlay_strength=\u00bb0.3&#8243; width=\u00bb1\/4&#8243; tablet_width_inherit=\u00bbdefault\u00bb animation_type=\u00bbdefault\u00bb bg_image_animation=\u00bbnone\u00bb border_type=\u00bbsimple\u00bb column_border_width=\u00bb2px\u00bb column_border_color=\u00bb#f9f4f1&#8243; column_border_style=\u00bbsolid\u00bb column_padding_type=\u00bbadvanced\u00bb gradient_type=\u00bbdefault\u00bb][image_with_animation image_url=\u00bb8955&#8243; image_size=\u00bbfull\u00bb animation_type=\u00bbentrance\u00bb animation=\u00bbNone\u00bb animation_movement_type=\u00bbtransform_y\u00bb hover_animation=\u00bbnone\u00bb alignment=\u00bbcenter\u00bb border_radius=\u00bb20px\u00bb box_shadow=\u00bbnone\u00bb image_loading=\u00bbdefault\u00bb max_width=\u00bb100%\u00bb max_width_mobile=\u00bbdefault\u00bb][divider line_type=\u00bbNo Line\u00bb custom_height=\u00bb30&#8243; custom_height_tablet=\u00bb40&#8243;][nectar_responsive_text inherited_font_style=\u00bbdefault\u00bb font_size_desktop=\u00bb30&#8243; text_direction=\u00bbdefault\u00bb font_size_tablet=\u00bb22&#8243; font_line_height=\u00bb1.1&#8243;]<strong>Biblia Project<\/strong><\/p>\n[\/nectar_responsive_text][vc_column_text css=\u00bb\u00bb text_direction=\u00bbdefault\u00bb]Su misi\u00f3n es ayudar a las personas a experimentar la B\u00edblia como una historia unificada que nos gu\u00eda a Jes\u00fas.<\/p>\n[\/vc_column_text][nectar_btn size=\u00bblarge\u00bb open_new_tab=\u00bbtrue\u00bb button_style=\u00bbsee-through-2&#8243; color_override=\u00bb#000000&#8243; hover_color_override=\u00bb#000000&#8243; hover_text_color_override=\u00bb#ffffff\u00bb icon_family=\u00bbnone\u00bb text=\u00bbAccede\u00bb url=\u00bbhttps:\/\/bibleproject.com\/espanol\/#\u00bb][\/vc_column_inner][\/vc_row_inner][vc_row_inner equal_height=\u00bbyes\u00bb content_placement=\u00bbtop\u00bb column_margin=\u00bb20px\u00bb column_direction=\u00bbdefault\u00bb column_direction_tablet=\u00bbdefault\u00bb column_direction_phone=\u00bbdefault\u00bb text_align=\u00bbleft\u00bb row_position=\u00bbdefault\u00bb row_position_tablet=\u00bbinherit\u00bb row_position_phone=\u00bbinherit\u00bb overflow=\u00bbvisible\u00bb pointer_events=\u00bball\u00bb][vc_column_inner top_padding_desktop=\u00bb20&#8243; bottom_padding_desktop=\u00bb20&#8243; left_padding_desktop=\u00bb20&#8243; right_padding_desktop=\u00bb20&#8243; column_element_direction_desktop=\u00bbdefault\u00bb column_element_spacing=\u00bbdefault\u00bb desktop_text_alignment=\u00bbdefault\u00bb tablet_text_alignment=\u00bbdefault\u00bb phone_text_alignment=\u00bbdefault\u00bb background_color_opacity=\u00bb1&#8243; background_hover_color_opacity=\u00bb1&#8243; column_backdrop_filter=\u00bbnone\u00bb column_shadow=\u00bbnone\u00bb column_border_radius=\u00bb20px\u00bb column_link_target=\u00bb_self\u00bb overflow=\u00bbvisible\u00bb gradient_direction=\u00bbleft_to_right\u00bb overlay_strength=\u00bb0.3&#8243; width=\u00bb1\/4&#8243; tablet_width_inherit=\u00bbdefault\u00bb animation_type=\u00bbdefault\u00bb bg_image_animation=\u00bbnone\u00bb border_type=\u00bbsimple\u00bb column_border_width=\u00bb2px\u00bb column_border_color=\u00bb#f9f4f1&#8243; column_border_style=\u00bbsolid\u00bb column_padding_type=\u00bbadvanced\u00bb gradient_type=\u00bbdefault\u00bb][image_with_animation image_url=\u00bb8958&#8243; image_size=\u00bbfull\u00bb animation_type=\u00bbentrance\u00bb animation=\u00bbNone\u00bb animation_movement_type=\u00bbtransform_y\u00bb hover_animation=\u00bbnone\u00bb alignment=\u00bbcenter\u00bb border_radius=\u00bb20px\u00bb box_shadow=\u00bbnone\u00bb image_loading=\u00bbdefault\u00bb max_width=\u00bb100%\u00bb max_width_mobile=\u00bbdefault\u00bb][divider line_type=\u00bbNo Line\u00bb custom_height=\u00bb30&#8243; custom_height_tablet=\u00bb40&#8243;][nectar_responsive_text inherited_font_style=\u00bbdefault\u00bb font_size_desktop=\u00bb30&#8243; text_direction=\u00bbdefault\u00bb font_size_tablet=\u00bb22&#8243; font_line_height=\u00bb1.1&#8243;]<strong>  Cursos de monitor\/ay director\/a de ocio<br \/>\n<\/strong>[\/nectar_responsive_text][vc_column_text css=\u00bb\u00bb text_direction=\u00bbdefault\u00bb]Los cursos de monitor\/a de ocio preparan al alumno para intervenir de manera educativa en actividades de ocio infantil y juvenil, capacit\u00e1ndole para organizar, dinamizar y evaluar estas actividades en el marco de la programaci\u00f3n general de una organizaci\u00f3n educativa.[\/vc_column_text][nectar_btn size=\u00bblarge\u00bb open_new_tab=\u00bbtrue\u00bb button_style=\u00bbsee-through-2&#8243; color_override=\u00bb#000000&#8243; hover_color_override=\u00bb#000000&#8243; hover_text_color_override=\u00bb#ffffff\u00bb icon_family=\u00bbnone\u00bb text=\u00bbAccede\u00bb url=\u00bbhttps:\/\/www.peretarres.org\/formacio\/cursos-de-monitor-i-director-de-lleure\u00bb][\/vc_column_inner][vc_column_inner top_padding_desktop=\u00bb20&#8243; constrain_group_100=\u00bbyes\u00bb bottom_padding_desktop=\u00bb20&#8243; left_padding_desktop=\u00bb20&#8243; constrain_group_101=\u00bbyes\u00bb right_padding_desktop=\u00bb20&#8243; column_element_direction_desktop=\u00bbdefault\u00bb column_element_spacing=\u00bbdefault\u00bb desktop_text_alignment=\u00bbdefault\u00bb tablet_text_alignment=\u00bbdefault\u00bb phone_text_alignment=\u00bbdefault\u00bb background_color_opacity=\u00bb1&#8243; background_hover_color_opacity=\u00bb1&#8243; column_backdrop_filter=\u00bbnone\u00bb column_shadow=\u00bbnone\u00bb column_border_radius=\u00bb20px\u00bb column_link_target=\u00bb_self\u00bb overflow=\u00bbvisible\u00bb gradient_direction=\u00bbleft_to_right\u00bb overlay_strength=\u00bb0.3&#8243; width=\u00bb1\/4&#8243; tablet_width_inherit=\u00bbdefault\u00bb animation_type=\u00bbdefault\u00bb bg_image_animation=\u00bbnone\u00bb border_type=\u00bbsimple\u00bb column_border_width=\u00bb2px\u00bb column_border_color=\u00bb#f9f4f1&#8243; column_border_style=\u00bbsolid\u00bb column_padding_type=\u00bbadvanced\u00bb gradient_type=\u00bbdefault\u00bb][image_with_animation image_url=\u00bb8927&#8243; image_size=\u00bbfull\u00bb animation_type=\u00bbentrance\u00bb animation=\u00bbNone\u00bb animation_movement_type=\u00bbtransform_y\u00bb hover_animation=\u00bbnone\u00bb alignment=\u00bbcenter\u00bb border_radius=\u00bb20px\u00bb box_shadow=\u00bbnone\u00bb image_loading=\u00bbdefault\u00bb max_width=\u00bb100%\u00bb max_width_mobile=\u00bbdefault\u00bb][divider line_type=\u00bbNo Line\u00bb custom_height=\u00bb30&#8243; custom_height_tablet=\u00bb40&#8243;][nectar_responsive_text inherited_font_style=\u00bbdefault\u00bb font_size_desktop=\u00bb30&#8243; text_direction=\u00bbdefault\u00bb font_size_tablet=\u00bb22&#8243; font_line_height=\u00bb1.1&#8243;]<strong>Libro biogr\u00e1fico beat Joan roig<\/strong><\/p>\n[\/nectar_responsive_text][vc_column_text css=\u00bb\u00bb text_direction=\u00bbdefault\u00bb]Desde este enlace puedes comprar la biograf\u00eda de Joan Roig y Diggle escrita por Carla Vilallonga<\/p>\n[\/vc_column_text][nectar_btn size=\u00bblarge\u00bb open_new_tab=\u00bbtrue\u00bb button_style=\u00bbsee-through-2&#8243; color_override=\u00bb#000000&#8243; hover_color_override=\u00bb#000000&#8243; hover_text_color_override=\u00bb#ffffff\u00bb icon_family=\u00bbnone\u00bb text=\u00bbAccede\u00bb url=\u00bbhttps:\/\/libreria.sanpablo.es\/libro\/joan-roig-i-diggle_208722&#8243;][\/vc_column_inner][vc_column_inner top_padding_desktop=\u00bb20&#8243; bottom_padding_desktop=\u00bb20&#8243; left_padding_desktop=\u00bb20&#8243; right_padding_desktop=\u00bb20&#8243; column_element_direction_desktop=\u00bbdefault\u00bb column_element_spacing=\u00bbdefault\u00bb desktop_text_alignment=\u00bbdefault\u00bb tablet_text_alignment=\u00bbdefault\u00bb phone_text_alignment=\u00bbdefault\u00bb background_color_opacity=\u00bb1&#8243; background_hover_color_opacity=\u00bb1&#8243; column_backdrop_filter=\u00bbnone\u00bb column_shadow=\u00bbnone\u00bb column_border_radius=\u00bb20px\u00bb column_link_target=\u00bb_self\u00bb overflow=\u00bbvisible\u00bb gradient_direction=\u00bbleft_to_right\u00bb overlay_strength=\u00bb0.3&#8243; width=\u00bb1\/4&#8243; tablet_width_inherit=\u00bbdefault\u00bb animation_type=\u00bbdefault\u00bb bg_image_animation=\u00bbnone\u00bb border_type=\u00bbsimple\u00bb column_border_width=\u00bb2px\u00bb column_border_color=\u00bb#f9f4f1&#8243; column_border_style=\u00bbsolid\u00bb column_padding_type=\u00bbadvanced\u00bb gradient_type=\u00bbdefault\u00bb][image_with_animation image_url=\u00bb8960&#8243; image_size=\u00bbfull\u00bb animation_type=\u00bbentrance\u00bb animation=\u00bbNone\u00bb animation_movement_type=\u00bbtransform_y\u00bb hover_animation=\u00bbnone\u00bb alignment=\u00bbcenter\u00bb border_radius=\u00bb20px\u00bb box_shadow=\u00bbnone\u00bb image_loading=\u00bbdefault\u00bb max_width=\u00bb100%\u00bb max_width_mobile=\u00bbdefault\u00bb][divider line_type=\u00bbNo Line\u00bb custom_height=\u00bb30&#8243; custom_height_tablet=\u00bb40&#8243;][nectar_responsive_text inherited_font_style=\u00bbdefault\u00bb font_size_desktop=\u00bb30&#8243; text_direction=\u00bbdefault\u00bb font_size_tablet=\u00bb22&#8243; font_line_height=\u00bb1.1&#8243;]<strong>Actividades de reflexi\u00f3n y oraci\u00f3n (Maristas)<\/strong><\/p>\n[\/nectar_responsive_text][vc_column_text css=\u00bb\u00bb text_direction=\u00bbdefault\u00bb]Recopilaci\u00f3n de actividades de reflexi\u00f3n y oraci\u00f3n elaborada en junio de 2019 por el Equipo de Pastoral de Maristas Catalu\u00f1a, con el objetivo de ser una gu\u00eda metodol\u00f3gica con recursos para los animadores.<\/p>\n[\/vc_column_text][nectar_btn size=\u00bblarge\u00bb open_new_tab=\u00bbtrue\u00bb button_style=\u00bbsee-through-2&#8243; color_override=\u00bb#000000&#8243; hover_color_override=\u00bb#000000&#8243; hover_text_color_override=\u00bb#ffffff\u00bb icon_family=\u00bbnone\u00bb text=\u00bbAccede\u00bb url=\u00bbhttps:\/\/www.maristes.cat\/sites\/default\/files\/content\/nodes\/recurs\/file\/6166\/materialsreflexioipregariasecundaria.pdf\u00bb][\/vc_column_inner][vc_column_inner top_padding_desktop=\u00bb20&#8243; bottom_padding_desktop=\u00bb20&#8243; left_padding_desktop=\u00bb20&#8243; right_padding_desktop=\u00bb20&#8243; column_element_direction_desktop=\u00bbdefault\u00bb column_element_spacing=\u00bbdefault\u00bb desktop_text_alignment=\u00bbdefault\u00bb tablet_text_alignment=\u00bbdefault\u00bb phone_text_alignment=\u00bbdefault\u00bb background_color_opacity=\u00bb1&#8243; background_hover_color_opacity=\u00bb1&#8243; column_backdrop_filter=\u00bbnone\u00bb column_shadow=\u00bbnone\u00bb column_border_radius=\u00bb20px\u00bb column_link_target=\u00bb_self\u00bb overflow=\u00bbvisible\u00bb gradient_direction=\u00bbleft_to_right\u00bb overlay_strength=\u00bb0.3&#8243; width=\u00bb1\/4&#8243; tablet_width_inherit=\u00bbdefault\u00bb animation_type=\u00bbdefault\u00bb bg_image_animation=\u00bbnone\u00bb border_type=\u00bbsimple\u00bb column_border_width=\u00bb2px\u00bb column_border_color=\u00bb#f9f4f1&#8243; column_border_style=\u00bbsolid\u00bb column_padding_type=\u00bbadvanced\u00bb gradient_type=\u00bbdefault\u00bb][image_with_animation image_url=\u00bb8962&#8243; image_size=\u00bbfull\u00bb animation_type=\u00bbentrance\u00bb animation=\u00bbNone\u00bb animation_movement_type=\u00bbtransform_y\u00bb hover_animation=\u00bbnone\u00bb alignment=\u00bbcenter\u00bb border_radius=\u00bb20px\u00bb box_shadow=\u00bbnone\u00bb image_loading=\u00bbdefault\u00bb max_width=\u00bb100%\u00bb max_width_mobile=\u00bbdefault\u00bb][divider line_type=\u00bbNo Line\u00bb custom_height=\u00bb30&#8243; custom_height_tablet=\u00bb40&#8243;][nectar_responsive_text inherited_font_style=\u00bbdefault\u00bb font_size_desktop=\u00bb30&#8243; text_direction=\u00bbdefault\u00bb font_size_tablet=\u00bb22&#8243; font_line_height=\u00bb1.1&#8243;]<strong>Acompa\u00f1ar en la afectividad \u2013 Jordi Cabanes<br \/>\n<\/strong>[\/nectar_responsive_text][vc_column_text css=\u00bb\u00bb text_direction=\u00bbdefault\u00bb]Jordi Cabanes, director del colegio Abat Oliba Sp\u00ednola, nos da una charla en el marco de la jornada \u00abAcompa\u00f1ar en la afectividad\u00bb.[\/vc_column_text][nectar_btn size=\u00bblarge\u00bb open_new_tab=\u00bbtrue\u00bb button_style=\u00bbsee-through-2&#8243; color_override=\u00bb#000000&#8243; hover_color_override=\u00bb#000000&#8243; hover_text_color_override=\u00bb#ffffff\u00bb icon_family=\u00bbnone\u00bb text=\u00bbAccede\u00bb url=\u00bbhttps:\/\/www.youtube.com\/watch?v=JsV8JRmexH4&#8243;][\/vc_column_inner][\/vc_row_inner][vc_row_inner equal_height=\u00bbyes\u00bb content_placement=\u00bbtop\u00bb column_margin=\u00bb20px\u00bb column_direction=\u00bbdefault\u00bb column_direction_tablet=\u00bbdefault\u00bb column_direction_phone=\u00bbdefault\u00bb text_align=\u00bbleft\u00bb row_position=\u00bbdefault\u00bb row_position_tablet=\u00bbinherit\u00bb row_position_phone=\u00bbinherit\u00bb overflow=\u00bbvisible\u00bb pointer_events=\u00bball\u00bb][vc_column_inner top_padding_desktop=\u00bb20&#8243; bottom_padding_desktop=\u00bb20&#8243; left_padding_desktop=\u00bb20&#8243; right_padding_desktop=\u00bb20&#8243; column_element_direction_desktop=\u00bbdefault\u00bb column_element_spacing=\u00bbdefault\u00bb desktop_text_alignment=\u00bbdefault\u00bb tablet_text_alignment=\u00bbdefault\u00bb phone_text_alignment=\u00bbdefault\u00bb background_color_opacity=\u00bb1&#8243; background_hover_color_opacity=\u00bb1&#8243; column_backdrop_filter=\u00bbnone\u00bb column_shadow=\u00bbnone\u00bb column_border_radius=\u00bb20px\u00bb column_link_target=\u00bb_self\u00bb overflow=\u00bbvisible\u00bb gradient_direction=\u00bbleft_to_right\u00bb overlay_strength=\u00bb0.3&#8243; width=\u00bb1\/4&#8243; tablet_width_inherit=\u00bbdefault\u00bb animation_type=\u00bbdefault\u00bb bg_image_animation=\u00bbnone\u00bb border_type=\u00bbsimple\u00bb column_border_width=\u00bb2px\u00bb column_border_color=\u00bb#f9f4f1&#8243; column_border_style=\u00bbsolid\u00bb column_padding_type=\u00bbadvanced\u00bb gradient_type=\u00bbdefault\u00bb][image_with_animation image_url=\u00bb8965&#8243; image_size=\u00bbfull\u00bb animation_type=\u00bbentrance\u00bb animation=\u00bbNone\u00bb animation_movement_type=\u00bbtransform_y\u00bb hover_animation=\u00bbnone\u00bb alignment=\u00bbcenter\u00bb border_radius=\u00bb20px\u00bb box_shadow=\u00bbnone\u00bb image_loading=\u00bbdefault\u00bb max_width=\u00bb100%\u00bb max_width_mobile=\u00bbdefault\u00bb][divider line_type=\u00bbNo Line\u00bb custom_height=\u00bb30&#8243; custom_height_tablet=\u00bb40&#8243;][nectar_responsive_text inherited_font_style=\u00bbdefault\u00bb font_size_desktop=\u00bb30&#8243; text_direction=\u00bbdefault\u00bb font_size_tablet=\u00bb22&#8243; font_line_height=\u00bb1.1&#8243;]<strong>  Ascension Press<\/strong><\/p>\n[\/nectar_responsive_text][vc_column_text css=\u00bb\u00bb text_direction=\u00bbdefault\u00bb]Compartimos recursos valiosos, creamos medios potentes y construimos comunidades para responder a los anhelos del coraz\u00f3n humano con el poder transformador del Evangelio.[\/vc_column_text][nectar_btn size=\u00bblarge\u00bb open_new_tab=\u00bbtrue\u00bb button_style=\u00bbsee-through-2&#8243; color_override=\u00bb#000000&#8243; hover_color_override=\u00bb#000000&#8243; hover_text_color_override=\u00bb#ffffff\u00bb icon_family=\u00bbnone\u00bb text=\u00bbAccede\u00bb url=\u00bbhttps:\/\/www.youtube.com\/c\/ascensionpress\u00bb][\/vc_column_inner][vc_column_inner top_padding_desktop=\u00bb20&#8243; constrain_group_100=\u00bbyes\u00bb bottom_padding_desktop=\u00bb20&#8243; left_padding_desktop=\u00bb20&#8243; constrain_group_101=\u00bbyes\u00bb right_padding_desktop=\u00bb20&#8243; column_element_direction_desktop=\u00bbdefault\u00bb column_element_spacing=\u00bbdefault\u00bb desktop_text_alignment=\u00bbdefault\u00bb tablet_text_alignment=\u00bbdefault\u00bb phone_text_alignment=\u00bbdefault\u00bb background_color_opacity=\u00bb1&#8243; background_hover_color_opacity=\u00bb1&#8243; column_backdrop_filter=\u00bbnone\u00bb column_shadow=\u00bbnone\u00bb column_border_radius=\u00bb20px\u00bb column_link_target=\u00bb_self\u00bb overflow=\u00bbvisible\u00bb gradient_direction=\u00bbleft_to_right\u00bb overlay_strength=\u00bb0.3&#8243; width=\u00bb1\/4&#8243; tablet_width_inherit=\u00bbdefault\u00bb animation_type=\u00bbdefault\u00bb bg_image_animation=\u00bbnone\u00bb border_type=\u00bbsimple\u00bb column_border_width=\u00bb2px\u00bb column_border_color=\u00bb#f9f4f1&#8243; column_border_style=\u00bbsolid\u00bb column_padding_type=\u00bbadvanced\u00bb gradient_type=\u00bbdefault\u00bb][image_with_animation image_url=\u00bb8967&#8243; image_size=\u00bbfull\u00bb animation_type=\u00bbentrance\u00bb animation=\u00bbNone\u00bb animation_movement_type=\u00bbtransform_y\u00bb hover_animation=\u00bbnone\u00bb alignment=\u00bbcenter\u00bb border_radius=\u00bb20px\u00bb box_shadow=\u00bbnone\u00bb image_loading=\u00bbdefault\u00bb max_width=\u00bb100%\u00bb max_width_mobile=\u00bbdefault\u00bb][divider line_type=\u00bbNo Line\u00bb custom_height=\u00bb30&#8243; custom_height_tablet=\u00bb40&#8243;][nectar_responsive_text inherited_font_style=\u00bbdefault\u00bb font_size_desktop=\u00bb30&#8243; text_direction=\u00bbdefault\u00bb font_size_tablet=\u00bb22&#8243; font_line_height=\u00bb1.1&#8243;]<strong>Testigos de Esperanza<br \/>\n<\/strong>[\/nectar_responsive_text][vc_column_text css=\u00bb\u00bb text_direction=\u00bbdefault\u00bb]\u00c9ste es un Podcast cat\u00f3lico, para conocer de cerca la vida de grandes santos.<\/p>\n[\/vc_column_text][nectar_btn size=\u00bblarge\u00bb open_new_tab=\u00bbtrue\u00bb button_style=\u00bbsee-through-2&#8243; color_override=\u00bb#000000&#8243; hover_color_override=\u00bb#000000&#8243; hover_text_color_override=\u00bb#ffffff\u00bb icon_family=\u00bbnone\u00bb text=\u00bbAccede\u00bb url=\u00bbhttps:\/\/open.spotify.com\/episode\/3ak7xWDGKcrSkzowIh2Vbz?go=1&amp;sp_cid=c1a48972f889b948b4fdef8b977fd28a&amp;utm_source=embed_player_p&amp;utm_medium=desktop\u00bb][\/vc_column_inner][vc_column_inner top_padding_desktop=\u00bb20&#8243; bottom_padding_desktop=\u00bb20&#8243; left_padding_desktop=\u00bb20&#8243; right_padding_desktop=\u00bb20&#8243; column_element_direction_desktop=\u00bbdefault\u00bb column_element_spacing=\u00bbdefault\u00bb desktop_text_alignment=\u00bbdefault\u00bb tablet_text_alignment=\u00bbdefault\u00bb phone_text_alignment=\u00bbdefault\u00bb background_color_opacity=\u00bb1&#8243; background_hover_color_opacity=\u00bb1&#8243; column_backdrop_filter=\u00bbnone\u00bb column_shadow=\u00bbnone\u00bb column_border_radius=\u00bb20px\u00bb column_link_target=\u00bb_self\u00bb overflow=\u00bbvisible\u00bb gradient_direction=\u00bbleft_to_right\u00bb overlay_strength=\u00bb0.3&#8243; width=\u00bb1\/4&#8243; tablet_width_inherit=\u00bbdefault\u00bb animation_type=\u00bbdefault\u00bb bg_image_animation=\u00bbnone\u00bb border_type=\u00bbsimple\u00bb column_border_width=\u00bb2px\u00bb column_border_color=\u00bb#f9f4f1&#8243; column_border_style=\u00bbsolid\u00bb column_padding_type=\u00bbadvanced\u00bb gradient_type=\u00bbdefault\u00bb][image_with_animation image_url=\u00bb8969&#8243; image_size=\u00bbfull\u00bb animation_type=\u00bbentrance\u00bb animation=\u00bbNone\u00bb animation_movement_type=\u00bbtransform_y\u00bb hover_animation=\u00bbnone\u00bb alignment=\u00bbcenter\u00bb border_radius=\u00bb20px\u00bb box_shadow=\u00bbnone\u00bb image_loading=\u00bbdefault\u00bb max_width=\u00bb100%\u00bb max_width_mobile=\u00bbdefault\u00bb][divider line_type=\u00bbNo Line\u00bb custom_height=\u00bb30&#8243; custom_height_tablet=\u00bb40&#8243;][nectar_responsive_text inherited_font_style=\u00bbdefault\u00bb font_size_desktop=\u00bb30&#8243; text_direction=\u00bbdefault\u00bb font_size_tablet=\u00bb22&#8243; font_line_height=\u00bb1.1&#8243;]<strong>PastoralSJ \u2013 ver<br \/>\n<\/strong>[\/nectar_responsive_text][vc_column_text css=\u00bb\u00bb text_direction=\u00bbdefault\u00bb]Hay pel\u00edculas y series que nos ayudan a plantear preguntas sobre infinidad de asuntos que nos preocupan. Aqu\u00ed seleccionamos algunas.[\/vc_column_text][nectar_btn size=\u00bblarge\u00bb open_new_tab=\u00bbtrue\u00bb button_style=\u00bbsee-through-2&#8243; color_override=\u00bb#000000&#8243; hover_color_override=\u00bb#000000&#8243; hover_text_color_override=\u00bb#ffffff\u00bb icon_family=\u00bbnone\u00bb text=\u00bbAccede\u00bb url=\u00bbhttps:\/\/pastoralsj.org\/recursos\/ver\u00bb][\/vc_column_inner][vc_column_inner top_padding_desktop=\u00bb20&#8243; bottom_padding_desktop=\u00bb20&#8243; left_padding_desktop=\u00bb20&#8243; right_padding_desktop=\u00bb20&#8243; column_element_direction_desktop=\u00bbdefault\u00bb column_element_spacing=\u00bbdefault\u00bb desktop_text_alignment=\u00bbdefault\u00bb tablet_text_alignment=\u00bbdefault\u00bb phone_text_alignment=\u00bbdefault\u00bb background_color_opacity=\u00bb1&#8243; background_hover_color_opacity=\u00bb1&#8243; column_backdrop_filter=\u00bbnone\u00bb column_shadow=\u00bbnone\u00bb column_border_radius=\u00bb20px\u00bb column_link_target=\u00bb_self\u00bb overflow=\u00bbvisible\u00bb gradient_direction=\u00bbleft_to_right\u00bb overlay_strength=\u00bb0.3&#8243; width=\u00bb1\/4&#8243; tablet_width_inherit=\u00bbdefault\u00bb animation_type=\u00bbdefault\u00bb bg_image_animation=\u00bbnone\u00bb border_type=\u00bbsimple\u00bb column_border_width=\u00bb2px\u00bb column_border_color=\u00bb#f9f4f1&#8243; column_border_style=\u00bbsolid\u00bb column_padding_type=\u00bbadvanced\u00bb gradient_type=\u00bbdefault\u00bb][image_with_animation image_url=\u00bb8971&#8243; image_size=\u00bbfull\u00bb animation_type=\u00bbentrance\u00bb animation=\u00bbNone\u00bb animation_movement_type=\u00bbtransform_y\u00bb hover_animation=\u00bbnone\u00bb alignment=\u00bbcenter\u00bb border_radius=\u00bb20px\u00bb box_shadow=\u00bbnone\u00bb image_loading=\u00bbdefault\u00bb max_width=\u00bb100%\u00bb max_width_mobile=\u00bbdefault\u00bb][divider line_type=\u00bbNo Line\u00bb custom_height=\u00bb30&#8243; custom_height_tablet=\u00bb40&#8243;][nectar_responsive_text inherited_font_style=\u00bbdefault\u00bb font_size_desktop=\u00bb30&#8243; text_direction=\u00bbdefault\u00bb font_size_tablet=\u00bb22&#8243; font_line_height=\u00bb1.1&#8243;]<strong>Cine Espiritual<\/strong><\/p>\n[\/nectar_responsive_text][vc_column_text css=\u00bb\u00bb text_direction=\u00bbdefault\u00bb]Propuesta para ver y trabajar diferentes pel\u00edculas mediante unidades did\u00e1cticas pensadas por un equipo de pedagogos, te\u00f3logos y pastoralistas que desean ayudar a descubrir los valores esenciales que ayudan a afrontar cuestiones vitales y trascendentes.<\/p>\n[\/vc_column_text][nectar_btn size=\u00bblarge\u00bb open_new_tab=\u00bbtrue\u00bb button_style=\u00bbsee-through-2&#8243; color_override=\u00bb#000000&#8243; hover_color_override=\u00bb#000000&#8243; hover_text_color_override=\u00bb#ffffff\u00bb icon_family=\u00bbnone\u00bb text=\u00bbAccede\u00bb url=\u00bbhttps:\/\/www.escuelascatolicas.es\/propuestas-de-cine-espiritual\/#1584450244270-fafb52d8-aa27&#8243;][\/vc_column_inner][\/vc_row_inner][vc_row_inner equal_height=\u00bbyes\u00bb content_placement=\u00bbtop\u00bb column_margin=\u00bb20px\u00bb column_direction=\u00bbdefault\u00bb column_direction_tablet=\u00bbdefault\u00bb column_direction_phone=\u00bbdefault\u00bb text_align=\u00bbleft\u00bb row_position=\u00bbdefault\u00bb row_position_tablet=\u00bbinherit\u00bb row_position_phone=\u00bbinherit\u00bb overflow=\u00bbvisible\u00bb pointer_events=\u00bball\u00bb][vc_column_inner top_padding_desktop=\u00bb20&#8243; bottom_padding_desktop=\u00bb20&#8243; left_padding_desktop=\u00bb20&#8243; right_padding_desktop=\u00bb20&#8243; column_element_direction_desktop=\u00bbdefault\u00bb column_element_spacing=\u00bbdefault\u00bb desktop_text_alignment=\u00bbdefault\u00bb tablet_text_alignment=\u00bbdefault\u00bb phone_text_alignment=\u00bbdefault\u00bb background_color_opacity=\u00bb1&#8243; background_hover_color_opacity=\u00bb1&#8243; column_backdrop_filter=\u00bbnone\u00bb column_shadow=\u00bbnone\u00bb column_border_radius=\u00bb20px\u00bb column_link_target=\u00bb_self\u00bb overflow=\u00bbvisible\u00bb gradient_direction=\u00bbleft_to_right\u00bb overlay_strength=\u00bb0.3&#8243; width=\u00bb1\/4&#8243; tablet_width_inherit=\u00bbdefault\u00bb animation_type=\u00bbdefault\u00bb bg_image_animation=\u00bbnone\u00bb border_type=\u00bbsimple\u00bb column_border_width=\u00bb2px\u00bb column_border_color=\u00bb#f9f4f1&#8243; column_border_style=\u00bbsolid\u00bb column_padding_type=\u00bbadvanced\u00bb gradient_type=\u00bbdefault\u00bb][image_with_animation image_url=\u00bb8974&#8243; image_size=\u00bbfull\u00bb animation_type=\u00bbentrance\u00bb animation=\u00bbNone\u00bb animation_movement_type=\u00bbtransform_y\u00bb hover_animation=\u00bbnone\u00bb alignment=\u00bbcenter\u00bb border_radius=\u00bb20px\u00bb box_shadow=\u00bbnone\u00bb image_loading=\u00bbdefault\u00bb max_width=\u00bb100%\u00bb max_width_mobile=\u00bbdefault\u00bb][divider line_type=\u00bbNo Line\u00bb custom_height=\u00bb30&#8243; custom_height_tablet=\u00bb40&#8243;][nectar_responsive_text inherited_font_style=\u00bbdefault\u00bb font_size_desktop=\u00bb30&#8243; text_direction=\u00bbdefault\u00bb font_size_tablet=\u00bb22&#8243; font_line_height=\u00bb1.1&#8243;]<strong>  Hakuna (\u201cfeed your soul\u201d)<\/strong>[\/nectar_responsive_text][vc_column_text css=\u00bb\u00bb text_direction=\u00bbdefault\u00bb]En este apartado ofrece un itinerario de libros de variada espiritualidad. Est\u00e1n clasificados en cinco categor\u00edas que van ganando en profundidad.<\/p>\n[\/vc_column_text][nectar_btn size=\u00bblarge\u00bb open_new_tab=\u00bbtrue\u00bb button_style=\u00bbsee-through-2&#8243; color_override=\u00bb#000000&#8243; hover_color_override=\u00bb#000000&#8243; hover_text_color_override=\u00bb#ffffff\u00bb icon_family=\u00bbnone\u00bb text=\u00bbAccede\u00bb url=\u00bbhttps:\/\/behakuna.com\/pages\/biblioteca\u00bb][\/vc_column_inner][vc_column_inner top_padding_desktop=\u00bb20&#8243; constrain_group_100=\u00bbyes\u00bb bottom_padding_desktop=\u00bb20&#8243; left_padding_desktop=\u00bb20&#8243; constrain_group_101=\u00bbyes\u00bb right_padding_desktop=\u00bb20&#8243; column_element_direction_desktop=\u00bbdefault\u00bb column_element_spacing=\u00bbdefault\u00bb desktop_text_alignment=\u00bbdefault\u00bb tablet_text_alignment=\u00bbdefault\u00bb phone_text_alignment=\u00bbdefault\u00bb background_color_opacity=\u00bb1&#8243; background_hover_color_opacity=\u00bb1&#8243; column_backdrop_filter=\u00bbnone\u00bb column_shadow=\u00bbnone\u00bb column_border_radius=\u00bb20px\u00bb column_link_target=\u00bb_self\u00bb overflow=\u00bbvisible\u00bb gradient_direction=\u00bbleft_to_right\u00bb overlay_strength=\u00bb0.3&#8243; width=\u00bb1\/4&#8243; tablet_width_inherit=\u00bbdefault\u00bb animation_type=\u00bbdefault\u00bb bg_image_animation=\u00bbnone\u00bb border_type=\u00bbsimple\u00bb column_border_width=\u00bb2px\u00bb column_border_color=\u00bb#f9f4f1&#8243; column_border_style=\u00bbsolid\u00bb column_padding_type=\u00bbadvanced\u00bb gradient_type=\u00bbdefault\u00bb][image_with_animation image_url=\u00bb8976&#8243; image_size=\u00bbfull\u00bb animation_type=\u00bbentrance\u00bb animation=\u00bbNone\u00bb animation_movement_type=\u00bbtransform_y\u00bb hover_animation=\u00bbnone\u00bb alignment=\u00bbcenter\u00bb border_radius=\u00bb20px\u00bb box_shadow=\u00bbnone\u00bb image_loading=\u00bbdefault\u00bb max_width=\u00bb100%\u00bb max_width_mobile=\u00bbdefault\u00bb][divider line_type=\u00bbNo Line\u00bb custom_height=\u00bb30&#8243; custom_height_tablet=\u00bb40&#8243;][nectar_responsive_text inherited_font_style=\u00bbdefault\u00bb font_size_desktop=\u00bb30&#8243; text_direction=\u00bbdefault\u00bb font_size_tablet=\u00bb22&#8243; font_line_height=\u00bb1.1&#8243;]<strong>\u00abCristo te quiere vivo\u00bb &#8211; Padre Joaqu\u00edn @joaquinconp.<br \/>\n<\/strong>[\/nectar_responsive_text][vc_column_text css=\u00bb\u00bb text_direction=\u00bbdefault\u00bb]\u00bfC\u00f3mo es el amor de Dios? Padre Joaqu\u00edn nos lo cuenta en Betel21. Un evento cat\u00f3lico lleno de charlas, conferencias y m\u00fasica.[\/vc_column_text][nectar_btn size=\u00bblarge\u00bb open_new_tab=\u00bbtrue\u00bb button_style=\u00bbsee-through-2&#8243; color_override=\u00bb#000000&#8243; hover_color_override=\u00bb#000000&#8243; hover_text_color_override=\u00bb#ffffff\u00bb icon_family=\u00bbnone\u00bb text=\u00bbAccede\u00bb url=\u00bbhttps:\/\/www.youtube.com\/watch?v=U12EnRLNEQM\u00bb][\/vc_column_inner][vc_column_inner top_padding_desktop=\u00bb20&#8243; bottom_padding_desktop=\u00bb20&#8243; left_padding_desktop=\u00bb20&#8243; right_padding_desktop=\u00bb20&#8243; column_element_direction_desktop=\u00bbdefault\u00bb column_element_spacing=\u00bbdefault\u00bb desktop_text_alignment=\u00bbdefault\u00bb tablet_text_alignment=\u00bbdefault\u00bb phone_text_alignment=\u00bbdefault\u00bb background_color_opacity=\u00bb1&#8243; background_hover_color_opacity=\u00bb1&#8243; column_backdrop_filter=\u00bbnone\u00bb column_shadow=\u00bbnone\u00bb column_border_radius=\u00bb20px\u00bb column_link_target=\u00bb_self\u00bb overflow=\u00bbvisible\u00bb gradient_direction=\u00bbleft_to_right\u00bb overlay_strength=\u00bb0.3&#8243; width=\u00bb1\/4&#8243; tablet_width_inherit=\u00bbdefault\u00bb animation_type=\u00bbdefault\u00bb bg_image_animation=\u00bbnone\u00bb border_type=\u00bbsimple\u00bb column_border_width=\u00bb2px\u00bb column_border_color=\u00bb#f9f4f1&#8243; column_border_style=\u00bbsolid\u00bb column_padding_type=\u00bbadvanced\u00bb gradient_type=\u00bbdefault\u00bb][image_with_animation image_url=\u00bb8978&#8243; image_size=\u00bbfull\u00bb animation_type=\u00bbentrance\u00bb animation=\u00bbNone\u00bb animation_movement_type=\u00bbtransform_y\u00bb hover_animation=\u00bbnone\u00bb alignment=\u00bbcenter\u00bb border_radius=\u00bb20px\u00bb box_shadow=\u00bbnone\u00bb image_loading=\u00bbdefault\u00bb max_width=\u00bb100%\u00bb max_width_mobile=\u00bbdefault\u00bb][divider line_type=\u00bbNo Line\u00bb custom_height=\u00bb30&#8243; custom_height_tablet=\u00bb40&#8243;][nectar_responsive_text inherited_font_style=\u00bbdefault\u00bb font_size_desktop=\u00bb30&#8243; text_direction=\u00bbdefault\u00bb font_size_tablet=\u00bb22&#8243; font_line_height=\u00bb1.1&#8243;]<strong>\u201c\u00bfEs Jes\u00fas el mayor influencer?\u201d \u2013 Obispo Toni Vadell<br \/>\n<\/strong>[\/nectar_responsive_text][vc_column_text css=\u00bb\u00bb text_direction=\u00bbdefault\u00bb]El obispo Toni Vadell habl\u00f3 a los j\u00f3venes en 2018 de c\u00f3mo Jes\u00fas, en la sociedad de los influencers, es aquel que realmente vale la pena seguir. Una charla ideal para preguntarte hasta d\u00f3nde dejas entrar a Jes\u00fas en tu vida.<\/p>\n[\/vc_column_text][nectar_btn size=\u00bblarge\u00bb open_new_tab=\u00bbtrue\u00bb button_style=\u00bbsee-through-2&#8243; color_override=\u00bb#000000&#8243; hover_color_override=\u00bb#000000&#8243; hover_text_color_override=\u00bb#ffffff\u00bb icon_family=\u00bbnone\u00bb text=\u00bbAccede\u00bb url=\u00bbhttps:\/\/www.youtube.com\/watch?v=LDrqmdLB5fA\u00bb][\/vc_column_inner][vc_column_inner top_padding_desktop=\u00bb20&#8243; bottom_padding_desktop=\u00bb20&#8243; left_padding_desktop=\u00bb20&#8243; right_padding_desktop=\u00bb20&#8243; column_element_direction_desktop=\u00bbdefault\u00bb column_element_spacing=\u00bbdefault\u00bb desktop_text_alignment=\u00bbdefault\u00bb tablet_text_alignment=\u00bbdefault\u00bb phone_text_alignment=\u00bbdefault\u00bb background_color_opacity=\u00bb1&#8243; background_hover_color_opacity=\u00bb1&#8243; column_backdrop_filter=\u00bbnone\u00bb column_shadow=\u00bbnone\u00bb column_border_radius=\u00bb20px\u00bb column_link_target=\u00bb_self\u00bb overflow=\u00bbvisible\u00bb gradient_direction=\u00bbleft_to_right\u00bb overlay_strength=\u00bb0.3&#8243; width=\u00bb1\/4&#8243; tablet_width_inherit=\u00bbdefault\u00bb animation_type=\u00bbdefault\u00bb bg_image_animation=\u00bbnone\u00bb border_type=\u00bbsimple\u00bb column_border_width=\u00bb2px\u00bb column_border_color=\u00bb#f9f4f1&#8243; column_border_style=\u00bbsolid\u00bb column_padding_type=\u00bbadvanced\u00bb gradient_type=\u00bbdefault\u00bb][image_with_animation image_url=\u00bb8980&#8243; image_size=\u00bbfull\u00bb animation_type=\u00bbentrance\u00bb animation=\u00bbNone\u00bb animation_movement_type=\u00bbtransform_y\u00bb hover_animation=\u00bbnone\u00bb alignment=\u00bbcenter\u00bb border_radius=\u00bb20px\u00bb box_shadow=\u00bbnone\u00bb image_loading=\u00bbdefault\u00bb max_width=\u00bb100%\u00bb max_width_mobile=\u00bbdefault\u00bb][divider line_type=\u00bbNo Line\u00bb custom_height=\u00bb30&#8243; custom_height_tablet=\u00bb40&#8243;][nectar_responsive_text inherited_font_style=\u00bbdefault\u00bb font_size_desktop=\u00bb30&#8243; text_direction=\u00bbdefault\u00bb font_size_tablet=\u00bb22&#8243; font_line_height=\u00bb1.1&#8243;]<strong>CONTAGIOSOS #7 | PEDRO SAN JOS\u00c9<br \/>\n<\/strong>[\/nectar_responsive_text][vc_column_text css=\u00bb\u00bb text_direction=\u00bbdefault\u00bb]Pedro es un taxista que recorre Barcelona transportando alegr\u00eda y esperanza, ayudando a todo aquel que lo necesite.<\/p>\n[\/vc_column_text][nectar_btn size=\u00bblarge\u00bb open_new_tab=\u00bbtrue\u00bb button_style=\u00bbsee-through-2&#8243; color_override=\u00bb#000000&#8243; hover_color_override=\u00bb#000000&#8243; hover_text_color_override=\u00bb#ffffff\u00bb icon_family=\u00bbnone\u00bb text=\u00bbAccede\u00bb url=\u00bbhttps:\/\/www.youtube.com\/watch?v=0bQIQzHO4xk\u00bb][\/vc_column_inner][\/vc_row_inner][vc_row_inner equal_height=\u00bbyes\u00bb content_placement=\u00bbtop\u00bb column_margin=\u00bb20px\u00bb column_direction=\u00bbdefault\u00bb column_direction_tablet=\u00bbdefault\u00bb column_direction_phone=\u00bbdefault\u00bb text_align=\u00bbleft\u00bb row_position=\u00bbdefault\u00bb row_position_tablet=\u00bbinherit\u00bb row_position_phone=\u00bbinherit\u00bb overflow=\u00bbvisible\u00bb pointer_events=\u00bball\u00bb][vc_column_inner top_padding_desktop=\u00bb20&#8243; bottom_padding_desktop=\u00bb20&#8243; left_padding_desktop=\u00bb20&#8243; right_padding_desktop=\u00bb20&#8243; column_element_direction_desktop=\u00bbdefault\u00bb column_element_spacing=\u00bbdefault\u00bb desktop_text_alignment=\u00bbdefault\u00bb tablet_text_alignment=\u00bbdefault\u00bb phone_text_alignment=\u00bbdefault\u00bb background_color_opacity=\u00bb1&#8243; background_hover_color_opacity=\u00bb1&#8243; column_backdrop_filter=\u00bbnone\u00bb column_shadow=\u00bbnone\u00bb column_border_radius=\u00bb20px\u00bb column_link_target=\u00bb_self\u00bb overflow=\u00bbvisible\u00bb gradient_direction=\u00bbleft_to_right\u00bb overlay_strength=\u00bb0.3&#8243; width=\u00bb1\/4&#8243; tablet_width_inherit=\u00bbdefault\u00bb animation_type=\u00bbdefault\u00bb bg_image_animation=\u00bbnone\u00bb border_type=\u00bbsimple\u00bb column_border_width=\u00bb2px\u00bb column_border_color=\u00bb#f9f4f1&#8243; column_border_style=\u00bbsolid\u00bb column_padding_type=\u00bbadvanced\u00bb gradient_type=\u00bbdefault\u00bb][image_with_animation image_url=\u00bb8983&#8243; image_size=\u00bbfull\u00bb animation_type=\u00bbentrance\u00bb animation=\u00bbNone\u00bb animation_movement_type=\u00bbtransform_y\u00bb hover_animation=\u00bbnone\u00bb alignment=\u00bbcenter\u00bb border_radius=\u00bb20px\u00bb box_shadow=\u00bbnone\u00bb image_loading=\u00bbdefault\u00bb max_width=\u00bb100%\u00bb max_width_mobile=\u00bbdefault\u00bb][divider line_type=\u00bbNo Line\u00bb custom_height=\u00bb30&#8243; custom_height_tablet=\u00bb40&#8243;][nectar_responsive_text inherited_font_style=\u00bbdefault\u00bb font_size_desktop=\u00bb30&#8243; text_direction=\u00bbdefault\u00bb font_size_tablet=\u00bb22&#8243; font_line_height=\u00bb1.1&#8243;]<strong>  SIJ (Secretariado Interdiosesano de Juventud)<br \/>\n<\/strong>[\/nectar_responsive_text][vc_column_text css=\u00bb\u00bb text_direction=\u00bbdefault\u00bb]Aqu\u00ed encontrar\u00e1s todo lleno de recursos (fotos, documentos, v\u00eddeos..) para que puedas descargarlos y utilizar cuando te convenga.<\/p>\n[\/vc_column_text][nectar_btn size=\u00bblarge\u00bb open_new_tab=\u00bbtrue\u00bb button_style=\u00bbsee-through-2&#8243; color_override=\u00bb#000000&#8243; hover_color_override=\u00bb#000000&#8243; hover_text_color_override=\u00bb#ffffff\u00bb icon_family=\u00bbnone\u00bb text=\u00bbAccede\u00bb url=\u00bbhttps:\/\/www.esglesiajove.cat\/recomanacions\/\u00bb][\/vc_column_inner][vc_column_inner top_padding_desktop=\u00bb20&#8243; constrain_group_100=\u00bbyes\u00bb bottom_padding_desktop=\u00bb20&#8243; left_padding_desktop=\u00bb20&#8243; constrain_group_101=\u00bbyes\u00bb right_padding_desktop=\u00bb20&#8243; column_element_direction_desktop=\u00bbdefault\u00bb column_element_spacing=\u00bbdefault\u00bb desktop_text_alignment=\u00bbdefault\u00bb tablet_text_alignment=\u00bbdefault\u00bb phone_text_alignment=\u00bbdefault\u00bb background_color_opacity=\u00bb1&#8243; background_hover_color_opacity=\u00bb1&#8243; column_backdrop_filter=\u00bbnone\u00bb column_shadow=\u00bbnone\u00bb column_border_radius=\u00bb20px\u00bb column_link_target=\u00bb_self\u00bb overflow=\u00bbvisible\u00bb gradient_direction=\u00bbleft_to_right\u00bb overlay_strength=\u00bb0.3&#8243; width=\u00bb1\/4&#8243; tablet_width_inherit=\u00bbdefault\u00bb animation_type=\u00bbdefault\u00bb bg_image_animation=\u00bbnone\u00bb border_type=\u00bbsimple\u00bb column_border_width=\u00bb2px\u00bb column_border_color=\u00bb#f9f4f1&#8243; column_border_style=\u00bbsolid\u00bb column_padding_type=\u00bbadvanced\u00bb gradient_type=\u00bbdefault\u00bb][image_with_animation image_url=\u00bb8985&#8243; image_size=\u00bbfull\u00bb animation_type=\u00bbentrance\u00bb animation=\u00bbNone\u00bb animation_movement_type=\u00bbtransform_y\u00bb hover_animation=\u00bbnone\u00bb alignment=\u00bbcenter\u00bb border_radius=\u00bb20px\u00bb box_shadow=\u00bbnone\u00bb image_loading=\u00bbdefault\u00bb max_width=\u00bb100%\u00bb max_width_mobile=\u00bbdefault\u00bb][divider line_type=\u00bbNo Line\u00bb custom_height=\u00bb30&#8243; custom_height_tablet=\u00bb40&#8243;][nectar_responsive_text inherited_font_style=\u00bbdefault\u00bb font_size_desktop=\u00bb30&#8243; text_direction=\u00bbdefault\u00bb font_size_tablet=\u00bb22&#8243; font_line_height=\u00bb1.1&#8243;]<strong>Catholic-link<\/strong><\/p>\n[\/nectar_responsive_text][vc_column_text css=\u00bb\u00bb text_direction=\u00bbdefault\u00bb]Catholic-link es un portal cat\u00f3lico lleno de recursos para la nueva Evangelizaci\u00f3n. Somos m\u00e1s de 40 j\u00f3venes profesionales de distintas partes del mundo poniendo nuestros dones al servicio de la Iglesia.<\/p>\n[\/vc_column_text][nectar_btn size=\u00bblarge\u00bb open_new_tab=\u00bbtrue\u00bb button_style=\u00bbsee-through-2&#8243; color_override=\u00bb#000000&#8243; hover_color_override=\u00bb#000000&#8243; hover_text_color_override=\u00bb#ffffff\u00bb icon_family=\u00bbnone\u00bb text=\u00bbAccede\u00bb url=\u00bbhttps:\/\/catholic-link.com\/\u00bb][\/vc_column_inner][vc_column_inner top_padding_desktop=\u00bb20&#8243; bottom_padding_desktop=\u00bb20&#8243; left_padding_desktop=\u00bb20&#8243; right_padding_desktop=\u00bb20&#8243; column_element_direction_desktop=\u00bbdefault\u00bb column_element_spacing=\u00bbdefault\u00bb desktop_text_alignment=\u00bbdefault\u00bb tablet_text_alignment=\u00bbdefault\u00bb phone_text_alignment=\u00bbdefault\u00bb background_color_opacity=\u00bb1&#8243; background_hover_color_opacity=\u00bb1&#8243; column_backdrop_filter=\u00bbnone\u00bb column_shadow=\u00bbnone\u00bb column_border_radius=\u00bb20px\u00bb column_link_target=\u00bb_self\u00bb overflow=\u00bbvisible\u00bb gradient_direction=\u00bbleft_to_right\u00bb overlay_strength=\u00bb0.3&#8243; width=\u00bb1\/4&#8243; tablet_width_inherit=\u00bbdefault\u00bb animation_type=\u00bbdefault\u00bb bg_image_animation=\u00bbnone\u00bb border_type=\u00bbsimple\u00bb column_border_width=\u00bb2px\u00bb column_border_color=\u00bb#f9f4f1&#8243; column_border_style=\u00bbsolid\u00bb column_padding_type=\u00bbadvanced\u00bb gradient_type=\u00bbdefault\u00bb][image_with_animation image_url=\u00bb8987&#8243; image_size=\u00bbfull\u00bb animation_type=\u00bbentrance\u00bb animation=\u00bbNone\u00bb animation_movement_type=\u00bbtransform_y\u00bb hover_animation=\u00bbnone\u00bb alignment=\u00bbcenter\u00bb border_radius=\u00bb20px\u00bb box_shadow=\u00bbnone\u00bb image_loading=\u00bbdefault\u00bb max_width=\u00bb100%\u00bb max_width_mobile=\u00bbdefault\u00bb][divider line_type=\u00bbNo Line\u00bb custom_height=\u00bb30&#8243; custom_height_tablet=\u00bb40&#8243;][nectar_responsive_text inherited_font_style=\u00bbdefault\u00bb font_size_desktop=\u00bb30&#8243; text_direction=\u00bbdefault\u00bb font_size_tablet=\u00bb22&#8243; font_line_height=\u00bb1.1&#8243;]<strong>CONTAGIOSOS #1 | GRILEX<\/strong><\/p>\n[\/nectar_responsive_text][vc_column_text css=\u00bb\u00bb text_direction=\u00bbdefault\u00bb]GRILEX es un joven rapero que ha decidido contagiar luz y esperanza a trav\u00e9s de las canciones.<\/p>\n[\/vc_column_text][nectar_btn size=\u00bblarge\u00bb open_new_tab=\u00bbtrue\u00bb button_style=\u00bbsee-through-2&#8243; color_override=\u00bb#000000&#8243; hover_color_override=\u00bb#000000&#8243; hover_text_color_override=\u00bb#ffffff\u00bb icon_family=\u00bbnone\u00bb text=\u00bbAccede\u00bb url=\u00bbhttps:\/\/www.youtube.com\/watch?v=v3rJWQE9kTg\u00bb][\/vc_column_inner][vc_column_inner top_padding_desktop=\u00bb20&#8243; bottom_padding_desktop=\u00bb20&#8243; left_padding_desktop=\u00bb20&#8243; right_padding_desktop=\u00bb20&#8243; column_element_direction_desktop=\u00bbdefault\u00bb column_element_spacing=\u00bbdefault\u00bb desktop_text_alignment=\u00bbdefault\u00bb tablet_text_alignment=\u00bbdefault\u00bb phone_text_alignment=\u00bbdefault\u00bb background_color_opacity=\u00bb1&#8243; background_hover_color_opacity=\u00bb1&#8243; column_backdrop_filter=\u00bbnone\u00bb column_shadow=\u00bbnone\u00bb column_border_radius=\u00bb20px\u00bb column_link_target=\u00bb_self\u00bb overflow=\u00bbvisible\u00bb gradient_direction=\u00bbleft_to_right\u00bb overlay_strength=\u00bb0.3&#8243; width=\u00bb1\/4&#8243; tablet_width_inherit=\u00bbdefault\u00bb animation_type=\u00bbdefault\u00bb bg_image_animation=\u00bbnone\u00bb border_type=\u00bbsimple\u00bb column_border_width=\u00bb2px\u00bb column_border_color=\u00bb#f9f4f1&#8243; column_border_style=\u00bbsolid\u00bb column_padding_type=\u00bbadvanced\u00bb gradient_type=\u00bbdefault\u00bb][image_with_animation image_url=\u00bb8946&#8243; image_size=\u00bbfull\u00bb animation_type=\u00bbentrance\u00bb animation=\u00bbNone\u00bb animation_movement_type=\u00bbtransform_y\u00bb hover_animation=\u00bbnone\u00bb alignment=\u00bbcenter\u00bb border_radius=\u00bb20px\u00bb box_shadow=\u00bbnone\u00bb image_loading=\u00bbdefault\u00bb max_width=\u00bb100%\u00bb max_width_mobile=\u00bbdefault\u00bb][divider line_type=\u00bbNo Line\u00bb custom_height=\u00bb30&#8243; custom_height_tablet=\u00bb40&#8243;][nectar_responsive_text inherited_font_style=\u00bbdefault\u00bb font_size_desktop=\u00bb30&#8243; text_direction=\u00bbdefault\u00bb font_size_tablet=\u00bb22&#8243; font_line_height=\u00bb1.1&#8243;]<strong>Acci\u00f3n Cat\u00f3lica General<\/strong><\/p>\n[\/nectar_responsive_text][vc_column_text css=\u00bb\u00bb text_direction=\u00bbdefault\u00bb]Material para acompa\u00f1ante de adolescentes y j\u00f3venes de la parroquia.<\/p>\n[\/vc_column_text][nectar_btn size=\u00bblarge\u00bb open_new_tab=\u00bbtrue\u00bb button_style=\u00bbsee-through-2&#8243; color_override=\u00bb#000000&#8243; hover_color_override=\u00bb#000000&#8243; hover_text_color_override=\u00bb#ffffff\u00bb icon_family=\u00bbnone\u00bb text=\u00bbAccede\u00bb url=\u00bbhttps:\/\/www.catholicactionforum.org\/wp-content\/uploads\/2016\/12\/ESPANA_ABC_Acompanantes.pdf\u00bb][\/vc_column_inner][\/vc_row_inner][vc_row_inner equal_height=\u00bbyes\u00bb content_placement=\u00bbtop\u00bb column_margin=\u00bb20px\u00bb column_direction=\u00bbdefault\u00bb column_direction_tablet=\u00bbdefault\u00bb column_direction_phone=\u00bbdefault\u00bb text_align=\u00bbleft\u00bb row_position=\u00bbdefault\u00bb row_position_tablet=\u00bbinherit\u00bb row_position_phone=\u00bbinherit\u00bb overflow=\u00bbvisible\u00bb pointer_events=\u00bball\u00bb][vc_column_inner top_padding_desktop=\u00bb20&#8243; bottom_padding_desktop=\u00bb20&#8243; left_padding_desktop=\u00bb20&#8243; right_padding_desktop=\u00bb20&#8243; column_element_direction_desktop=\u00bbdefault\u00bb column_element_spacing=\u00bbdefault\u00bb desktop_text_alignment=\u00bbdefault\u00bb tablet_text_alignment=\u00bbdefault\u00bb phone_text_alignment=\u00bbdefault\u00bb background_color_opacity=\u00bb1&#8243; background_hover_color_opacity=\u00bb1&#8243; column_backdrop_filter=\u00bbnone\u00bb column_shadow=\u00bbnone\u00bb column_border_radius=\u00bb20px\u00bb column_link_target=\u00bb_self\u00bb overflow=\u00bbvisible\u00bb gradient_direction=\u00bbleft_to_right\u00bb overlay_strength=\u00bb0.3&#8243; width=\u00bb1\/4&#8243; tablet_width_inherit=\u00bbdefault\u00bb animation_type=\u00bbdefault\u00bb bg_image_animation=\u00bbnone\u00bb border_type=\u00bbsimple\u00bb column_border_width=\u00bb2px\u00bb column_border_color=\u00bb#f9f4f1&#8243; column_border_style=\u00bbsolid\u00bb column_padding_type=\u00bbadvanced\u00bb gradient_type=\u00bbdefault\u00bb][image_with_animation image_url=\u00bb8991&#8243; image_size=\u00bbfull\u00bb animation_type=\u00bbentrance\u00bb animation=\u00bbNone\u00bb animation_movement_type=\u00bbtransform_y\u00bb hover_animation=\u00bbnone\u00bb alignment=\u00bbcenter\u00bb border_radius=\u00bb20px\u00bb box_shadow=\u00bbnone\u00bb image_loading=\u00bbdefault\u00bb max_width=\u00bb100%\u00bb max_width_mobile=\u00bbdefault\u00bb][divider line_type=\u00bbNo Line\u00bb custom_height=\u00bb30&#8243; custom_height_tablet=\u00bb40&#8243;][nectar_responsive_text inherited_font_style=\u00bbdefault\u00bb font_size_desktop=\u00bb30&#8243; text_direction=\u00bbdefault\u00bb font_size_tablet=\u00bb22&#8243; font_line_height=\u00bb1.1&#8243;]<strong>  MCECC<br \/>\n<\/strong>[\/nectar_responsive_text][vc_column_text css=\u00bb\u00bb text_direction=\u00bbdefault\u00bb]Recopilaci\u00f3n de Materiales y Recursos elaborados por el MCECC de \u00e1mbitos y tem\u00e1ticas bien diferentes, que pueden ser \u00fatiles para la realizaci\u00f3n, desarrollo y gesti\u00f3n de su actividad.<\/p>\n[\/vc_column_text][nectar_btn size=\u00bblarge\u00bb open_new_tab=\u00bbtrue\u00bb button_style=\u00bbsee-through-2&#8243; color_override=\u00bb#000000&#8243; hover_color_override=\u00bb#000000&#8243; hover_text_color_override=\u00bb#ffffff\u00bb icon_family=\u00bbnone\u00bb text=\u00bbAccede\u00bb url=\u00bbhttps:\/\/www.peretarres.org\/mcecc\/publicacions-materials-recursos\/materials-recursos\u00bb][\/vc_column_inner][vc_column_inner top_padding_desktop=\u00bb20&#8243; constrain_group_100=\u00bbyes\u00bb bottom_padding_desktop=\u00bb20&#8243; left_padding_desktop=\u00bb20&#8243; constrain_group_101=\u00bbyes\u00bb right_padding_desktop=\u00bb20&#8243; column_element_direction_desktop=\u00bbdefault\u00bb column_element_spacing=\u00bbdefault\u00bb desktop_text_alignment=\u00bbdefault\u00bb tablet_text_alignment=\u00bbdefault\u00bb phone_text_alignment=\u00bbdefault\u00bb background_color_opacity=\u00bb1&#8243; background_hover_color_opacity=\u00bb1&#8243; column_backdrop_filter=\u00bbnone\u00bb column_shadow=\u00bbnone\u00bb column_border_radius=\u00bb20px\u00bb column_link_target=\u00bb_self\u00bb overflow=\u00bbvisible\u00bb gradient_direction=\u00bbleft_to_right\u00bb overlay_strength=\u00bb0.3&#8243; width=\u00bb1\/4&#8243; tablet_width_inherit=\u00bbdefault\u00bb animation_type=\u00bbdefault\u00bb bg_image_animation=\u00bbnone\u00bb border_type=\u00bbsimple\u00bb column_border_width=\u00bb2px\u00bb column_border_color=\u00bb#f9f4f1&#8243; column_border_style=\u00bbsolid\u00bb column_padding_type=\u00bbadvanced\u00bb gradient_type=\u00bbdefault\u00bb][image_with_animation image_url=\u00bb8993&#8243; image_size=\u00bbfull\u00bb animation_type=\u00bbentrance\u00bb animation=\u00bbNone\u00bb animation_movement_type=\u00bbtransform_y\u00bb hover_animation=\u00bbnone\u00bb alignment=\u00bbcenter\u00bb border_radius=\u00bb20px\u00bb box_shadow=\u00bbnone\u00bb image_loading=\u00bbdefault\u00bb max_width=\u00bb100%\u00bb max_width_mobile=\u00bbdefault\u00bb][divider line_type=\u00bbNo Line\u00bb custom_height=\u00bb30&#8243; custom_height_tablet=\u00bb40&#8243;][nectar_responsive_text inherited_font_style=\u00bbdefault\u00bb font_size_desktop=\u00bb30&#8243; text_direction=\u00bbdefault\u00bb font_size_tablet=\u00bb22&#8243; font_line_height=\u00bb1.1&#8243;]<strong>Docado: \u00bfQu\u00e9 hacer? La doctrina Social de la Iglesia<br \/>\n<\/strong>[\/nectar_responsive_text][vc_column_text css=\u00bb\u00bb text_direction=\u00bbdefault\u00bb]Docat es una excelente fuente de informaci\u00f3n para los j\u00f3venes sobre la justicia social ayud\u00e1ndoles a la vez a conocer ya vivir la Doctrina Social de la Iglesia.<\/p>\n[\/vc_column_text][nectar_btn size=\u00bblarge\u00bb open_new_tab=\u00bbtrue\u00bb button_style=\u00bbsee-through-2&#8243; color_override=\u00bb#000000&#8243; hover_color_override=\u00bb#000000&#8243; hover_text_color_override=\u00bb#ffffff\u00bb icon_family=\u00bbnone\u00bb text=\u00bbLibro\u00bb url=\u00bbhttps:\/\/www.claret.cat\/ca\/llibre\/DOCAT-QUE-CAL-FER-849136186&#8243;][\/vc_column_inner][vc_column_inner top_padding_desktop=\u00bb20&#8243; bottom_padding_desktop=\u00bb20&#8243; left_padding_desktop=\u00bb20&#8243; right_padding_desktop=\u00bb20&#8243; column_element_direction_desktop=\u00bbdefault\u00bb column_element_spacing=\u00bbdefault\u00bb desktop_text_alignment=\u00bbdefault\u00bb tablet_text_alignment=\u00bbdefault\u00bb phone_text_alignment=\u00bbdefault\u00bb background_color_opacity=\u00bb1&#8243; background_hover_color_opacity=\u00bb1&#8243; column_backdrop_filter=\u00bbnone\u00bb column_shadow=\u00bbnone\u00bb column_border_radius=\u00bb20px\u00bb column_link_target=\u00bb_self\u00bb overflow=\u00bbvisible\u00bb gradient_direction=\u00bbleft_to_right\u00bb overlay_strength=\u00bb0.3&#8243; width=\u00bb1\/4&#8243; tablet_width_inherit=\u00bbdefault\u00bb animation_type=\u00bbdefault\u00bb bg_image_animation=\u00bbnone\u00bb border_type=\u00bbsimple\u00bb column_border_width=\u00bb2px\u00bb column_border_color=\u00bb#f9f4f1&#8243; column_border_style=\u00bbsolid\u00bb column_padding_type=\u00bbadvanced\u00bb gradient_type=\u00bbdefault\u00bb][image_with_animation image_url=\u00bb8969&#8243; image_size=\u00bbfull\u00bb animation_type=\u00bbentrance\u00bb animation=\u00bbNone\u00bb animation_movement_type=\u00bbtransform_y\u00bb hover_animation=\u00bbnone\u00bb alignment=\u00bbcenter\u00bb border_radius=\u00bb20px\u00bb box_shadow=\u00bbnone\u00bb image_loading=\u00bbdefault\u00bb max_width=\u00bb100%\u00bb max_width_mobile=\u00bbdefault\u00bb][divider line_type=\u00bbNo Line\u00bb custom_height=\u00bb30&#8243; custom_height_tablet=\u00bb40&#8243;][nectar_responsive_text inherited_font_style=\u00bbdefault\u00bb font_size_desktop=\u00bb30&#8243; text_direction=\u00bbdefault\u00bb font_size_tablet=\u00bb22&#8243; font_line_height=\u00bb1.1&#8243;]<strong>PastoralSJ \u2013 leer<br \/>\n<\/strong>[\/nectar_responsive_text][vc_column_text css=\u00bb\u00bb text_direction=\u00bbdefault\u00bb]Palabras prestadas; en ensayos, novelas, reflexiones que nos abren la puerta a un mundo complejo y plural.<\/p>\n[\/vc_column_text][nectar_btn size=\u00bblarge\u00bb open_new_tab=\u00bbtrue\u00bb button_style=\u00bbsee-through-2&#8243; color_override=\u00bb#000000&#8243; hover_color_override=\u00bb#000000&#8243; hover_text_color_override=\u00bb#ffffff\u00bb icon_family=\u00bbnone\u00bb text=\u00bbAccede\u00bb url=\u00bbhttps:\/\/pastoralsj.org\/recursos\/ver\u00bb][\/vc_column_inner][vc_column_inner top_padding_desktop=\u00bb20&#8243; bottom_padding_desktop=\u00bb20&#8243; left_padding_desktop=\u00bb20&#8243; right_padding_desktop=\u00bb20&#8243; column_element_direction_desktop=\u00bbdefault\u00bb column_element_spacing=\u00bbdefault\u00bb desktop_text_alignment=\u00bbdefault\u00bb tablet_text_alignment=\u00bbdefault\u00bb phone_text_alignment=\u00bbdefault\u00bb background_color_opacity=\u00bb1&#8243; background_hover_color_opacity=\u00bb1&#8243; column_backdrop_filter=\u00bbnone\u00bb column_shadow=\u00bbnone\u00bb column_border_radius=\u00bb20px\u00bb column_link_target=\u00bb_self\u00bb overflow=\u00bbvisible\u00bb gradient_direction=\u00bbleft_to_right\u00bb overlay_strength=\u00bb0.3&#8243; width=\u00bb1\/4&#8243; tablet_width_inherit=\u00bbdefault\u00bb animation_type=\u00bbdefault\u00bb bg_image_animation=\u00bbnone\u00bb border_type=\u00bbsimple\u00bb column_border_width=\u00bb2px\u00bb column_border_color=\u00bb#f9f4f1&#8243; column_border_style=\u00bbsolid\u00bb column_padding_type=\u00bbadvanced\u00bb gradient_type=\u00bbdefault\u00bb][image_with_animation image_url=\u00bb8965&#8243; image_size=\u00bbfull\u00bb animation_type=\u00bbentrance\u00bb animation=\u00bbNone\u00bb animation_movement_type=\u00bbtransform_y\u00bb hover_animation=\u00bbnone\u00bb alignment=\u00bbcenter\u00bb border_radius=\u00bb20px\u00bb box_shadow=\u00bbnone\u00bb image_loading=\u00bbdefault\u00bb max_width=\u00bb100%\u00bb max_width_mobile=\u00bbdefault\u00bb][divider line_type=\u00bbNo Line\u00bb custom_height=\u00bb30&#8243; custom_height_tablet=\u00bb40&#8243;][nectar_responsive_text inherited_font_style=\u00bbdefault\u00bb font_size_desktop=\u00bb30&#8243; text_direction=\u00bbdefault\u00bb font_size_tablet=\u00bb22&#8243; font_line_height=\u00bb1.1&#8243;]<strong>Biblia in a year<br \/>\n<\/strong>[\/nectar_responsive_text][vc_column_text css=\u00bb\u00bb text_direction=\u00bbdefault\u00bb]En el podcast \u201cBible in a year\u201d, Fr. Mike Schmitz te guiar\u00e1 por toda la Biblia en 365 episodios. No s\u00f3lo leer\u00e1s la Biblia\u2026 finalmente entender\u00e1s c\u00f3mo todas las piezas encajan para contar una incre\u00edble historia que contin\u00faa en tu vida hoy!<\/p>\n[\/vc_column_text][nectar_btn size=\u00bblarge\u00bb open_new_tab=\u00bbtrue\u00bb button_style=\u00bbsee-through-2&#8243; color_override=\u00bb#000000&#8243; hover_color_override=\u00bb#000000&#8243; hover_text_color_override=\u00bb#ffffff\u00bb icon_family=\u00bbnone\u00bb text=\u00bbAccede\u00bb url=\u00bbhttps:\/\/media.ascensionpress.com\/all-bible-in-a-year-episodes\/\u00bb][\/vc_column_inner][\/vc_row_inner][vc_row_inner equal_height=\u00bbyes\u00bb content_placement=\u00bbtop\u00bb column_margin=\u00bb20px\u00bb column_direction=\u00bbdefault\u00bb column_direction_tablet=\u00bbdefault\u00bb column_direction_phone=\u00bbdefault\u00bb text_align=\u00bbleft\u00bb row_position=\u00bbdefault\u00bb row_position_tablet=\u00bbinherit\u00bb row_position_phone=\u00bbinherit\u00bb overflow=\u00bbvisible\u00bb pointer_events=\u00bball\u00bb][vc_column_inner top_padding_desktop=\u00bb20&#8243; bottom_padding_desktop=\u00bb20&#8243; left_padding_desktop=\u00bb20&#8243; right_padding_desktop=\u00bb20&#8243; column_element_direction_desktop=\u00bbdefault\u00bb column_element_spacing=\u00bbdefault\u00bb desktop_text_alignment=\u00bbdefault\u00bb tablet_text_alignment=\u00bbdefault\u00bb phone_text_alignment=\u00bbdefault\u00bb background_color_opacity=\u00bb1&#8243; background_hover_color_opacity=\u00bb1&#8243; column_backdrop_filter=\u00bbnone\u00bb column_shadow=\u00bbnone\u00bb column_border_radius=\u00bb20px\u00bb column_link_target=\u00bb_self\u00bb overflow=\u00bbvisible\u00bb gradient_direction=\u00bbleft_to_right\u00bb overlay_strength=\u00bb0.3&#8243; width=\u00bb1\/4&#8243; tablet_width_inherit=\u00bbdefault\u00bb animation_type=\u00bbdefault\u00bb bg_image_animation=\u00bbnone\u00bb border_type=\u00bbsimple\u00bb column_border_width=\u00bb2px\u00bb column_border_color=\u00bb#f9f4f1&#8243; column_border_style=\u00bbsolid\u00bb column_padding_type=\u00bbadvanced\u00bb gradient_type=\u00bbdefault\u00bb][image_with_animation image_url=\u00bb8995&#8243; image_size=\u00bbfull\u00bb animation_type=\u00bbentrance\u00bb animation=\u00bbNone\u00bb animation_movement_type=\u00bbtransform_y\u00bb hover_animation=\u00bbnone\u00bb alignment=\u00bbcenter\u00bb border_radius=\u00bb20px\u00bb box_shadow=\u00bbnone\u00bb image_loading=\u00bbdefault\u00bb max_width=\u00bb100%\u00bb max_width_mobile=\u00bbdefault\u00bb][divider line_type=\u00bbNo Line\u00bb custom_height=\u00bb30&#8243; custom_height_tablet=\u00bb40&#8243;][nectar_responsive_text inherited_font_style=\u00bbdefault\u00bb font_size_desktop=\u00bb30&#8243; text_direction=\u00bbdefault\u00bb font_size_tablet=\u00bb22&#8243; font_line_height=\u00bb1.1&#8243;]<strong>  CONTAGIOSOS #9 | \u201cAS\u00cd SUPER\u00c9 MI ADICCI\u00d3N A LAS DROGAS\u201d<\/strong><\/p>\n[\/nectar_responsive_text][vc_column_text css=\u00bb\u00bb text_direction=\u00bbdefault\u00bb]Era punk y al\u00e9rgico a las normas. Con s\u00f3lo 16 a\u00f1os, ALEXIS se fue de casa, empez\u00f3 a delinquir y traficar con drogas. La adicci\u00f3n a la coca\u00edna y otras sustancias, le hicieron bajar a los infiernos durante varios a\u00f1os, hasta que un d\u00eda no pudo m\u00e1s y, estando al borde del suicidio, pidi\u00f3 auxilio desesperado a sus padres.<\/p>\n[\/vc_column_text][nectar_btn size=\u00bblarge\u00bb open_new_tab=\u00bbtrue\u00bb button_style=\u00bbsee-through-2&#8243; color_override=\u00bb#000000&#8243; hover_color_override=\u00bb#000000&#8243; hover_text_color_override=\u00bb#ffffff\u00bb icon_family=\u00bbnone\u00bb text=\u00bbAccede\u00bb url=\u00bbhttps:\/\/www.youtube.com\/watch?v=kknl7VDt6BY\u00bb][\/vc_column_inner][vc_column_inner top_padding_desktop=\u00bb20&#8243; constrain_group_100=\u00bbyes\u00bb bottom_padding_desktop=\u00bb20&#8243; left_padding_desktop=\u00bb20&#8243; constrain_group_101=\u00bbyes\u00bb right_padding_desktop=\u00bb20&#8243; column_element_direction_desktop=\u00bbdefault\u00bb column_element_spacing=\u00bbdefault\u00bb desktop_text_alignment=\u00bbdefault\u00bb tablet_text_alignment=\u00bbdefault\u00bb phone_text_alignment=\u00bbdefault\u00bb background_color_opacity=\u00bb1&#8243; background_hover_color_opacity=\u00bb1&#8243; column_backdrop_filter=\u00bbnone\u00bb column_shadow=\u00bbnone\u00bb column_border_radius=\u00bb20px\u00bb column_link_target=\u00bb_self\u00bb overflow=\u00bbvisible\u00bb gradient_direction=\u00bbleft_to_right\u00bb overlay_strength=\u00bb0.3&#8243; width=\u00bb1\/4&#8243; tablet_width_inherit=\u00bbdefault\u00bb animation_type=\u00bbdefault\u00bb bg_image_animation=\u00bbnone\u00bb border_type=\u00bbsimple\u00bb column_border_width=\u00bb2px\u00bb column_border_color=\u00bb#f9f4f1&#8243; column_border_style=\u00bbsolid\u00bb column_padding_type=\u00bbadvanced\u00bb gradient_type=\u00bbdefault\u00bb][image_with_animation image_url=\u00bb8997&#8243; image_size=\u00bbfull\u00bb animation_type=\u00bbentrance\u00bb animation=\u00bbNone\u00bb animation_movement_type=\u00bbtransform_y\u00bb hover_animation=\u00bbnone\u00bb alignment=\u00bbcenter\u00bb border_radius=\u00bb20px\u00bb box_shadow=\u00bbnone\u00bb image_loading=\u00bbdefault\u00bb max_width=\u00bb100%\u00bb max_width_mobile=\u00bbdefault\u00bb][divider line_type=\u00bbNo Line\u00bb custom_height=\u00bb30&#8243; custom_height_tablet=\u00bb40&#8243;][nectar_responsive_text inherited_font_style=\u00bbdefault\u00bb font_size_desktop=\u00bb30&#8243; text_direction=\u00bbdefault\u00bb font_size_tablet=\u00bb22&#8243; font_line_height=\u00bb1.1&#8243;]<strong>Estudios B\u00edblicos (FOCUS)<\/strong><\/p>\n[\/nectar_responsive_text][vc_column_text css=\u00bb\u00bb text_direction=\u00bbdefault\u00bb]Aqu\u00ed encontrar\u00e1s gu\u00edas en ingl\u00e9s y castellano para profundizar en la Palabra y en tu relaci\u00f3n con Dios y con los dem\u00e1s.<\/p>\n[\/vc_column_text][nectar_btn size=\u00bblarge\u00bb open_new_tab=\u00bbtrue\u00bb button_style=\u00bbsee-through-2&#8243; color_override=\u00bb#000000&#8243; hover_color_override=\u00bb#000000&#8243; hover_text_color_override=\u00bb#ffffff\u00bb icon_family=\u00bbnone\u00bb text=\u00bbAccede\u00bb url=\u00bbhttps:\/\/focusequip.org\/bible-study-resources\/\u00bb][\/vc_column_inner][vc_column_inner top_padding_desktop=\u00bb20&#8243; bottom_padding_desktop=\u00bb20&#8243; left_padding_desktop=\u00bb20&#8243; right_padding_desktop=\u00bb20&#8243; column_element_direction_desktop=\u00bbdefault\u00bb column_element_spacing=\u00bbdefault\u00bb desktop_text_alignment=\u00bbdefault\u00bb tablet_text_alignment=\u00bbdefault\u00bb phone_text_alignment=\u00bbdefault\u00bb background_color_opacity=\u00bb1&#8243; background_hover_color_opacity=\u00bb1&#8243; column_backdrop_filter=\u00bbnone\u00bb column_shadow=\u00bbnone\u00bb column_border_radius=\u00bb20px\u00bb column_link_target=\u00bb_self\u00bb overflow=\u00bbvisible\u00bb gradient_direction=\u00bbleft_to_right\u00bb overlay_strength=\u00bb0.3&#8243; width=\u00bb1\/4&#8243; tablet_width_inherit=\u00bbdefault\u00bb animation_type=\u00bbdefault\u00bb bg_image_animation=\u00bbnone\u00bb border_type=\u00bbsimple\u00bb column_border_width=\u00bb2px\u00bb column_border_color=\u00bb#f9f4f1&#8243; column_border_style=\u00bbsolid\u00bb column_padding_type=\u00bbadvanced\u00bb gradient_type=\u00bbdefault\u00bb][image_with_animation image_url=\u00bb8999&#8243; image_size=\u00bbfull\u00bb animation_type=\u00bbentrance\u00bb animation=\u00bbNone\u00bb animation_movement_type=\u00bbtransform_y\u00bb hover_animation=\u00bbnone\u00bb alignment=\u00bbcenter\u00bb border_radius=\u00bb20px\u00bb box_shadow=\u00bbnone\u00bb image_loading=\u00bbdefault\u00bb max_width=\u00bb100%\u00bb max_width_mobile=\u00bbdefault\u00bb][divider line_type=\u00bbNo Line\u00bb custom_height=\u00bb30&#8243; custom_height_tablet=\u00bb40&#8243;][nectar_responsive_text inherited_font_style=\u00bbdefault\u00bb font_size_desktop=\u00bb30&#8243; text_direction=\u00bbdefault\u00bb font_size_tablet=\u00bb22&#8243; font_line_height=\u00bb1.1&#8243;]<strong>Pregaria.cat<\/strong><\/p>\n[\/nectar_responsive_text][vc_column_text css=\u00bb\u00bb text_direction=\u00bbdefault\u00bb]Pregaria.cat es un sitio web de recursos de oraci\u00f3n en catal\u00e1n que la Compa\u00f1\u00eda de Jes\u00fas (jesuitas) pone al servicio de personas, grupos, parroquias o movimientos que busquen profundizar en su vida de fe.<\/p>\n[\/vc_column_text][nectar_btn size=\u00bblarge\u00bb open_new_tab=\u00bbtrue\u00bb button_style=\u00bbsee-through-2&#8243; color_override=\u00bb#000000&#8243; hover_color_override=\u00bb#000000&#8243; hover_text_color_override=\u00bb#ffffff\u00bb icon_family=\u00bbnone\u00bb text=\u00bbAccede\u00bb url=\u00bbhttps:\/\/pregaria.cat\/\u00bb][\/vc_column_inner][vc_column_inner top_padding_desktop=\u00bb20&#8243; bottom_padding_desktop=\u00bb20&#8243; left_padding_desktop=\u00bb20&#8243; right_padding_desktop=\u00bb20&#8243; column_element_direction_desktop=\u00bbdefault\u00bb column_element_spacing=\u00bbdefault\u00bb desktop_text_alignment=\u00bbdefault\u00bb tablet_text_alignment=\u00bbdefault\u00bb phone_text_alignment=\u00bbdefault\u00bb background_color_opacity=\u00bb1&#8243; background_hover_color_opacity=\u00bb1&#8243; column_backdrop_filter=\u00bbnone\u00bb column_shadow=\u00bbnone\u00bb column_border_radius=\u00bb20px\u00bb column_link_target=\u00bb_self\u00bb overflow=\u00bbvisible\u00bb gradient_direction=\u00bbleft_to_right\u00bb overlay_strength=\u00bb0.3&#8243; width=\u00bb1\/4&#8243; tablet_width_inherit=\u00bbdefault\u00bb animation_type=\u00bbdefault\u00bb bg_image_animation=\u00bbnone\u00bb border_type=\u00bbsimple\u00bb column_border_width=\u00bb2px\u00bb column_border_color=\u00bb#f9f4f1&#8243; column_border_style=\u00bbsolid\u00bb column_padding_type=\u00bbadvanced\u00bb gradient_type=\u00bbdefault\u00bb][image_with_animation image_url=\u00bb9001&#8243; image_size=\u00bbfull\u00bb animation_type=\u00bbentrance\u00bb animation=\u00bbNone\u00bb animation_movement_type=\u00bbtransform_y\u00bb hover_animation=\u00bbnone\u00bb alignment=\u00bbcenter\u00bb border_radius=\u00bb20px\u00bb box_shadow=\u00bbnone\u00bb image_loading=\u00bbdefault\u00bb max_width=\u00bb100%\u00bb max_width_mobile=\u00bbdefault\u00bb][divider line_type=\u00bbNo Line\u00bb custom_height=\u00bb30&#8243; custom_height_tablet=\u00bb40&#8243;][nectar_responsive_text inherited_font_style=\u00bbdefault\u00bb font_size_desktop=\u00bb30&#8243; text_direction=\u00bbdefault\u00bb font_size_tablet=\u00bb22&#8243; font_line_height=\u00bb1.1&#8243;]<strong>\u201cAprende a amar los d\u00edas grises\u201d \u2013 Jose Mar\u00eda Rodr\u00edguez Olaizola sj<\/strong><\/p>\n[\/nectar_responsive_text][vc_column_text css=\u00bb\u00bb text_direction=\u00bbdefault\u00bb]El Jesuita Josep Maria Olaizola dirige a los graduados de la Pontificia Universidad de Comillas, un memorable discurso. En \u00e9l nos transmite 2 aprendizajes fundamentales: aprender a querer el gris y convertir tu pasi\u00f3n en historia.<\/p>\n[\/vc_column_text][nectar_btn size=\u00bblarge\u00bb open_new_tab=\u00bbtrue\u00bb button_style=\u00bbsee-through-2&#8243; color_override=\u00bb#000000&#8243; hover_color_override=\u00bb#000000&#8243; hover_text_color_override=\u00bb#ffffff\u00bb icon_family=\u00bbnone\u00bb text=\u00bbAccede\u00bb url=\u00bbhttps:\/\/www.youtube.com\/watch?v=_mtQIXDBvzk\u00bb][\/vc_column_inner][\/vc_row_inner][vc_row_inner equal_height=\u00bbyes\u00bb content_placement=\u00bbtop\u00bb column_margin=\u00bb20px\u00bb column_direction=\u00bbdefault\u00bb column_direction_tablet=\u00bbdefault\u00bb column_direction_phone=\u00bbdefault\u00bb text_align=\u00bbleft\u00bb row_position=\u00bbdefault\u00bb row_position_tablet=\u00bbinherit\u00bb row_position_phone=\u00bbinherit\u00bb overflow=\u00bbvisible\u00bb pointer_events=\u00bball\u00bb][vc_column_inner top_padding_desktop=\u00bb20&#8243; bottom_padding_desktop=\u00bb20&#8243; left_padding_desktop=\u00bb20&#8243; right_padding_desktop=\u00bb20&#8243; column_element_direction_desktop=\u00bbdefault\u00bb column_element_spacing=\u00bbdefault\u00bb desktop_text_alignment=\u00bbdefault\u00bb tablet_text_alignment=\u00bbdefault\u00bb phone_text_alignment=\u00bbdefault\u00bb background_color_opacity=\u00bb1&#8243; background_hover_color_opacity=\u00bb1&#8243; column_backdrop_filter=\u00bbnone\u00bb column_shadow=\u00bbnone\u00bb column_border_radius=\u00bb20px\u00bb column_link_target=\u00bb_self\u00bb overflow=\u00bbvisible\u00bb gradient_direction=\u00bbleft_to_right\u00bb overlay_strength=\u00bb0.3&#8243; width=\u00bb1\/4&#8243; tablet_width_inherit=\u00bbdefault\u00bb animation_type=\u00bbdefault\u00bb bg_image_animation=\u00bbnone\u00bb border_type=\u00bbsimple\u00bb column_border_width=\u00bb2px\u00bb column_border_color=\u00bb#f9f4f1&#8243; column_border_style=\u00bbsolid\u00bb column_padding_type=\u00bbadvanced\u00bb gradient_type=\u00bbdefault\u00bb][image_with_animation image_url=\u00bb9004&#8243; image_size=\u00bbfull\u00bb animation_type=\u00bbentrance\u00bb animation=\u00bbNone\u00bb animation_movement_type=\u00bbtransform_y\u00bb hover_animation=\u00bbnone\u00bb alignment=\u00bbcenter\u00bb border_radius=\u00bb20px\u00bb box_shadow=\u00bbnone\u00bb image_loading=\u00bbdefault\u00bb max_width=\u00bb100%\u00bb max_width_mobile=\u00bbdefault\u00bb][divider line_type=\u00bbNo Line\u00bb custom_height=\u00bb30&#8243; custom_height_tablet=\u00bb40&#8243;][nectar_responsive_text inherited_font_style=\u00bbdefault\u00bb font_size_desktop=\u00bb30&#8243; text_direction=\u00bbdefault\u00bb font_size_tablet=\u00bb22&#8243; font_line_height=\u00bb1.1&#8243;]<strong>  Word on fire<br \/>\n<\/strong>[\/nectar_responsive_text][vc_column_text css=\u00bb\u00bb text_direction=\u00bbdefault\u00bb]Word on Fire es una organizaci\u00f3n de medios cat\u00f3licos que utiliza medios digitales y tradicionales para introducir el catolicismo en el mundo m\u00e1s amplio, fundada por el obispo Robert Barron.<\/p>\n[\/vc_column_text][nectar_btn size=\u00bblarge\u00bb open_new_tab=\u00bbtrue\u00bb button_style=\u00bbsee-through-2&#8243; color_override=\u00bb#000000&#8243; hover_color_override=\u00bb#000000&#8243; hover_text_color_override=\u00bb#ffffff\u00bb icon_family=\u00bbnone\u00bb text=\u00bbAccede\u00bb url=\u00bbhttps:\/\/www.wordonfire.org\/\u00bb][\/vc_column_inner][vc_column_inner top_padding_desktop=\u00bb20&#8243; constrain_group_100=\u00bbyes\u00bb bottom_padding_desktop=\u00bb20&#8243; left_padding_desktop=\u00bb20&#8243; constrain_group_101=\u00bbyes\u00bb right_padding_desktop=\u00bb20&#8243; column_element_direction_desktop=\u00bbdefault\u00bb column_element_spacing=\u00bbdefault\u00bb desktop_text_alignment=\u00bbdefault\u00bb tablet_text_alignment=\u00bbdefault\u00bb phone_text_alignment=\u00bbdefault\u00bb background_color_opacity=\u00bb1&#8243; background_hover_color_opacity=\u00bb1&#8243; column_backdrop_filter=\u00bbnone\u00bb column_shadow=\u00bbnone\u00bb column_border_radius=\u00bb20px\u00bb column_link_target=\u00bb_self\u00bb overflow=\u00bbvisible\u00bb gradient_direction=\u00bbleft_to_right\u00bb overlay_strength=\u00bb0.3&#8243; width=\u00bb1\/4&#8243; tablet_width_inherit=\u00bbdefault\u00bb animation_type=\u00bbdefault\u00bb bg_image_animation=\u00bbnone\u00bb border_type=\u00bbsimple\u00bb column_border_width=\u00bb2px\u00bb column_border_color=\u00bb#f9f4f1&#8243; column_border_style=\u00bbsolid\u00bb column_padding_type=\u00bbadvanced\u00bb gradient_type=\u00bbdefault\u00bb][image_with_animation image_url=\u00bb9006&#8243; image_size=\u00bbfull\u00bb animation_type=\u00bbentrance\u00bb animation=\u00bbNone\u00bb animation_movement_type=\u00bbtransform_y\u00bb hover_animation=\u00bbnone\u00bb alignment=\u00bbcenter\u00bb border_radius=\u00bb20px\u00bb box_shadow=\u00bbnone\u00bb image_loading=\u00bbdefault\u00bb max_width=\u00bb100%\u00bb max_width_mobile=\u00bbdefault\u00bb][divider line_type=\u00bbNo Line\u00bb custom_height=\u00bb30&#8243; custom_height_tablet=\u00bb40&#8243;][nectar_responsive_text inherited_font_style=\u00bbdefault\u00bb font_size_desktop=\u00bb30&#8243; text_direction=\u00bbdefault\u00bb font_size_tablet=\u00bb22&#8243; font_line_height=\u00bb1.1&#8243;]<strong>CONTAGIOSOS #2 | KATI Y PANCHO<br \/>\n<\/strong>[\/nectar_responsive_text][vc_column_text css=\u00bb\u00bb text_direction=\u00bbdefault\u00bb]Dios les fue siguiendo mientras ellos surfeaban por separado, en aguas turbulentas. En medio de un festival de m\u00fasica techno, se encontraron y descubrieron su destino. Ambos se sumergieron en la Fe y ahora ayudan con su testimonio a parejas de novios que se preparan para el matrimonio.<\/p>\n[\/vc_column_text][nectar_btn size=\u00bblarge\u00bb open_new_tab=\u00bbtrue\u00bb button_style=\u00bbsee-through-2&#8243; color_override=\u00bb#000000&#8243; hover_color_override=\u00bb#000000&#8243; hover_text_color_override=\u00bb#ffffff\u00bb icon_family=\u00bbnone\u00bb text=\u00bbAccede\u00bb url=\u00bbhttps:\/\/www.youtube.com\/watch?v=vnB6yeEdBX8&#8243;][\/vc_column_inner][vc_column_inner top_padding_desktop=\u00bb20&#8243; bottom_padding_desktop=\u00bb20&#8243; left_padding_desktop=\u00bb20&#8243; right_padding_desktop=\u00bb20&#8243; column_element_direction_desktop=\u00bbdefault\u00bb column_element_spacing=\u00bbdefault\u00bb desktop_text_alignment=\u00bbdefault\u00bb tablet_text_alignment=\u00bbdefault\u00bb phone_text_alignment=\u00bbdefault\u00bb background_color_opacity=\u00bb1&#8243; background_hover_color_opacity=\u00bb1&#8243; column_backdrop_filter=\u00bbnone\u00bb column_shadow=\u00bbnone\u00bb column_border_radius=\u00bb20px\u00bb column_link_target=\u00bb_self\u00bb overflow=\u00bbvisible\u00bb gradient_direction=\u00bbleft_to_right\u00bb overlay_strength=\u00bb0.3&#8243; width=\u00bb1\/4&#8243; tablet_width_inherit=\u00bbdefault\u00bb animation_type=\u00bbdefault\u00bb bg_image_animation=\u00bbnone\u00bb border_type=\u00bbsimple\u00bb column_border_width=\u00bb2px\u00bb column_border_color=\u00bb#f9f4f1&#8243; column_border_style=\u00bbsolid\u00bb column_padding_type=\u00bbadvanced\u00bb gradient_type=\u00bbdefault\u00bb][image_with_animation image_url=\u00bb9008&#8243; image_size=\u00bbfull\u00bb animation_type=\u00bbentrance\u00bb animation=\u00bbNone\u00bb animation_movement_type=\u00bbtransform_y\u00bb hover_animation=\u00bbnone\u00bb alignment=\u00bbcenter\u00bb border_radius=\u00bb20px\u00bb box_shadow=\u00bbnone\u00bb image_loading=\u00bbdefault\u00bb max_width=\u00bb100%\u00bb max_width_mobile=\u00bbdefault\u00bb][divider line_type=\u00bbNo Line\u00bb custom_height=\u00bb30&#8243; custom_height_tablet=\u00bb40&#8243;][nectar_responsive_text inherited_font_style=\u00bbdefault\u00bb font_size_desktop=\u00bb30&#8243; text_direction=\u00bbdefault\u00bb font_size_tablet=\u00bb22&#8243; font_line_height=\u00bb1.1&#8243;]<strong> LifeTeen <\/strong>[\/nectar_responsive_text][vc_column_text css=\u00bb\u00bb text_direction=\u00bbdefault\u00bb]LifeTeen es un m\u00e9todo de formaci\u00f3n catequ\u00e9tica que quiere ayudar a los adolescentes a tener un encuentro personal con Cristo. 100% joven; 100% fiel al magisterio de la Iglesia Cat\u00f3lica.<\/p>\n[\/vc_column_text][nectar_btn size=\u00bblarge\u00bb open_new_tab=\u00bbtrue\u00bb button_style=\u00bbsee-through-2&#8243; color_override=\u00bb#000000&#8243; hover_color_override=\u00bb#000000&#8243; hover_text_color_override=\u00bb#ffffff\u00bb icon_family=\u00bbnone\u00bb text=\u00bbAccede\u00bb url=\u00bbhttps:\/\/www.lifeteen.es\/\u00bb][\/vc_column_inner][vc_column_inner top_padding_desktop=\u00bb20&#8243; bottom_padding_desktop=\u00bb20&#8243; left_padding_desktop=\u00bb20&#8243; right_padding_desktop=\u00bb20&#8243; column_element_direction_desktop=\u00bbdefault\u00bb column_element_spacing=\u00bbdefault\u00bb desktop_text_alignment=\u00bbdefault\u00bb tablet_text_alignment=\u00bbdefault\u00bb phone_text_alignment=\u00bbdefault\u00bb background_color_opacity=\u00bb1&#8243; background_hover_color_opacity=\u00bb1&#8243; column_backdrop_filter=\u00bbnone\u00bb column_shadow=\u00bbnone\u00bb column_border_radius=\u00bb20px\u00bb column_link_target=\u00bb_self\u00bb overflow=\u00bbvisible\u00bb gradient_direction=\u00bbleft_to_right\u00bb overlay_strength=\u00bb0.3&#8243; width=\u00bb1\/4&#8243; tablet_width_inherit=\u00bbdefault\u00bb animation_type=\u00bbdefault\u00bb bg_image_animation=\u00bbnone\u00bb border_type=\u00bbsimple\u00bb column_border_width=\u00bb2px\u00bb column_border_color=\u00bb#f9f4f1&#8243; column_border_style=\u00bbsolid\u00bb column_padding_type=\u00bbadvanced\u00bb gradient_type=\u00bbdefault\u00bb][image_with_animation image_url=\u00bb8927&#8243; image_size=\u00bbfull\u00bb animation_type=\u00bbentrance\u00bb animation=\u00bbNone\u00bb animation_movement_type=\u00bbtransform_y\u00bb hover_animation=\u00bbnone\u00bb alignment=\u00bbcenter\u00bb border_radius=\u00bb20px\u00bb box_shadow=\u00bbnone\u00bb image_loading=\u00bbdefault\u00bb max_width=\u00bb100%\u00bb max_width_mobile=\u00bbdefault\u00bb][divider line_type=\u00bbNo Line\u00bb custom_height=\u00bb30&#8243; custom_height_tablet=\u00bb40&#8243;][nectar_responsive_text inherited_font_style=\u00bbdefault\u00bb font_size_desktop=\u00bb30&#8243; text_direction=\u00bbdefault\u00bb font_size_tablet=\u00bb22&#8243; font_line_height=\u00bb1.1&#8243;]<strong>Oraci\u00f3n beato Joan Roig<br \/>\n<\/strong>[\/nectar_responsive_text][vc_column_text css=\u00bb\u00bb text_direction=\u00bbdefault\u00bb]Oraci\u00f3n pidiendo la intercesi\u00f3n del beato Joan Roig.<\/p>\n[\/vc_column_text][nectar_btn size=\u00bblarge\u00bb open_new_tab=\u00bbtrue\u00bb button_style=\u00bbsee-through-2&#8243; color_override=\u00bb#000000&#8243; hover_color_override=\u00bb#000000&#8243; hover_text_color_override=\u00bb#ffffff\u00bb icon_family=\u00bbnone\u00bb text=\u00bbAccede\u00bb url=\u00bbhttps:\/\/joanroigdiggle.com\/web\/wp-content\/uploads\/Estampa-Beat-Joan-Roig-CAT.pdf\u00bb][\/vc_column_inner][\/vc_row_inner][vc_row_inner equal_height=\u00bbyes\u00bb content_placement=\u00bbtop\u00bb column_margin=\u00bb20px\u00bb column_direction=\u00bbdefault\u00bb column_direction_tablet=\u00bbdefault\u00bb column_direction_phone=\u00bbdefault\u00bb text_align=\u00bbleft\u00bb row_position=\u00bbdefault\u00bb row_position_tablet=\u00bbinherit\u00bb row_position_phone=\u00bbinherit\u00bb overflow=\u00bbvisible\u00bb pointer_events=\u00bball\u00bb][vc_column_inner top_padding_desktop=\u00bb20&#8243; bottom_padding_desktop=\u00bb20&#8243; left_padding_desktop=\u00bb20&#8243; right_padding_desktop=\u00bb20&#8243; column_element_direction_desktop=\u00bbdefault\u00bb column_element_spacing=\u00bbdefault\u00bb desktop_text_alignment=\u00bbdefault\u00bb tablet_text_alignment=\u00bbdefault\u00bb phone_text_alignment=\u00bbdefault\u00bb background_color_opacity=\u00bb1&#8243; background_hover_color_opacity=\u00bb1&#8243; column_backdrop_filter=\u00bbnone\u00bb column_shadow=\u00bbnone\u00bb column_border_radius=\u00bb20px\u00bb column_link_target=\u00bb_self\u00bb overflow=\u00bbvisible\u00bb gradient_direction=\u00bbleft_to_right\u00bb overlay_strength=\u00bb0.3&#8243; width=\u00bb1\/4&#8243; tablet_width_inherit=\u00bbdefault\u00bb animation_type=\u00bbdefault\u00bb bg_image_animation=\u00bbnone\u00bb border_type=\u00bbsimple\u00bb column_border_width=\u00bb2px\u00bb column_border_color=\u00bb#f9f4f1&#8243; column_border_style=\u00bbsolid\u00bb column_padding_type=\u00bbadvanced\u00bb gradient_type=\u00bbdefault\u00bb][image_with_animation image_url=\u00bb9011&#8243; image_size=\u00bbfull\u00bb animation_type=\u00bbentrance\u00bb animation=\u00bbNone\u00bb animation_movement_type=\u00bbtransform_y\u00bb hover_animation=\u00bbnone\u00bb alignment=\u00bbcenter\u00bb border_radius=\u00bb20px\u00bb box_shadow=\u00bbnone\u00bb image_loading=\u00bbdefault\u00bb max_width=\u00bb100%\u00bb max_width_mobile=\u00bbdefault\u00bb][divider line_type=\u00bbNo Line\u00bb custom_height=\u00bb30&#8243; custom_height_tablet=\u00bb40&#8243;][nectar_responsive_text inherited_font_style=\u00bbdefault\u00bb font_size_desktop=\u00bb30&#8243; text_direction=\u00bbdefault\u00bb font_size_tablet=\u00bb22&#8243; font_line_height=\u00bb1.1&#8243;]<strong>  \u00ab\u00bfT\u00fa crees que hoy a Cristo se le puede tocar?\u00bb \u2013 Madre Ver\u00f3nica<\/strong><\/p>\n[\/nectar_responsive_text][vc_column_text css=\u00bb\u00bb text_direction=\u00bbdefault\u00bb]Reflexi\u00f3n de Madre Ver\u00f3nica pronunciada ante un grupo de j\u00f3venes, a la luz del Evangelio de la hemorroisa (Mc 5, 25-34)<\/p>\n[\/vc_column_text][nectar_btn size=\u00bblarge\u00bb open_new_tab=\u00bbtrue\u00bb button_style=\u00bbsee-through-2&#8243; color_override=\u00bb#000000&#8243; hover_color_override=\u00bb#000000&#8243; hover_text_color_override=\u00bb#ffffff\u00bb icon_family=\u00bbnone\u00bb text=\u00bbAccede\u00bb url=\u00bbhttps:\/\/www.youtube.com\/watch?v=X_t59RW08Wo\u00bb][\/vc_column_inner][vc_column_inner top_padding_desktop=\u00bb20&#8243; constrain_group_100=\u00bbyes\u00bb bottom_padding_desktop=\u00bb20&#8243; left_padding_desktop=\u00bb20&#8243; constrain_group_101=\u00bbyes\u00bb right_padding_desktop=\u00bb20&#8243; column_element_direction_desktop=\u00bbdefault\u00bb column_element_spacing=\u00bbdefault\u00bb desktop_text_alignment=\u00bbdefault\u00bb tablet_text_alignment=\u00bbdefault\u00bb phone_text_alignment=\u00bbdefault\u00bb background_color_opacity=\u00bb1&#8243; background_hover_color_opacity=\u00bb1&#8243; column_backdrop_filter=\u00bbnone\u00bb column_shadow=\u00bbnone\u00bb column_border_radius=\u00bb20px\u00bb column_link_target=\u00bb_self\u00bb overflow=\u00bbvisible\u00bb gradient_direction=\u00bbleft_to_right\u00bb overlay_strength=\u00bb0.3&#8243; width=\u00bb1\/4&#8243; tablet_width_inherit=\u00bbdefault\u00bb animation_type=\u00bbdefault\u00bb bg_image_animation=\u00bbnone\u00bb border_type=\u00bbsimple\u00bb column_border_width=\u00bb2px\u00bb column_border_color=\u00bb#f9f4f1&#8243; column_border_style=\u00bbsolid\u00bb column_padding_type=\u00bbadvanced\u00bb gradient_type=\u00bbdefault\u00bb][image_with_animation image_url=\u00bb8971&#8243; image_size=\u00bbfull\u00bb animation_type=\u00bbentrance\u00bb animation=\u00bbNone\u00bb animation_movement_type=\u00bbtransform_y\u00bb hover_animation=\u00bbnone\u00bb alignment=\u00bbcenter\u00bb border_radius=\u00bb20px\u00bb box_shadow=\u00bbnone\u00bb image_loading=\u00bbdefault\u00bb max_width=\u00bb100%\u00bb max_width_mobile=\u00bbdefault\u00bb][divider line_type=\u00bbNo Line\u00bb custom_height=\u00bb30&#8243; custom_height_tablet=\u00bb40&#8243;][nectar_responsive_text inherited_font_style=\u00bbdefault\u00bb font_size_desktop=\u00bb30&#8243; text_direction=\u00bbdefault\u00bb font_size_tablet=\u00bb22&#8243; font_line_height=\u00bb1.1&#8243;]<strong>Cine Espiritual<\/strong><\/p>\n[\/nectar_responsive_text][vc_column_text css=\u00bb\u00bb text_direction=\u00bbdefault\u00bb]Una oferta para los centros educativos que ayuda a profundizar a trav\u00e9s del cine en temas de contenido existencial con referencia trascendente y perspectiva cristiana.<\/p>\n[\/vc_column_text][nectar_btn size=\u00bblarge\u00bb open_new_tab=\u00bbtrue\u00bb button_style=\u00bbsee-through-2&#8243; color_override=\u00bb#000000&#8243; hover_color_override=\u00bb#000000&#8243; hover_text_color_override=\u00bb#ffffff\u00bb icon_family=\u00bbnone\u00bb text=\u00bbAccede\u00bb url=\u00bbhttp:\/\/www.pastoraldejuventud.es\/semanadecineespiritual\/\u00bb][\/vc_column_inner][vc_column_inner top_padding_desktop=\u00bb20&#8243; bottom_padding_desktop=\u00bb20&#8243; left_padding_desktop=\u00bb20&#8243; right_padding_desktop=\u00bb20&#8243; column_element_direction_desktop=\u00bbdefault\u00bb column_element_spacing=\u00bbdefault\u00bb desktop_text_alignment=\u00bbdefault\u00bb tablet_text_alignment=\u00bbdefault\u00bb phone_text_alignment=\u00bbdefault\u00bb background_color_opacity=\u00bb1&#8243; background_hover_color_opacity=\u00bb1&#8243; column_backdrop_filter=\u00bbnone\u00bb column_shadow=\u00bbnone\u00bb column_border_radius=\u00bb20px\u00bb column_link_target=\u00bb_self\u00bb overflow=\u00bbvisible\u00bb gradient_direction=\u00bbleft_to_right\u00bb overlay_strength=\u00bb0.3&#8243; width=\u00bb1\/4&#8243; tablet_width_inherit=\u00bbdefault\u00bb animation_type=\u00bbdefault\u00bb bg_image_animation=\u00bbnone\u00bb border_type=\u00bbsimple\u00bb column_border_width=\u00bb2px\u00bb column_border_color=\u00bb#f9f4f1&#8243; column_border_style=\u00bbsolid\u00bb column_padding_type=\u00bbadvanced\u00bb gradient_type=\u00bbdefault\u00bb][image_with_animation image_url=\u00bb9013&#8243; image_size=\u00bbfull\u00bb animation_type=\u00bbentrance\u00bb animation=\u00bbNone\u00bb animation_movement_type=\u00bbtransform_y\u00bb hover_animation=\u00bbnone\u00bb alignment=\u00bbcenter\u00bb border_radius=\u00bb20px\u00bb box_shadow=\u00bbnone\u00bb image_loading=\u00bbdefault\u00bb max_width=\u00bb100%\u00bb max_width_mobile=\u00bbdefault\u00bb][divider line_type=\u00bbNo Line\u00bb custom_height=\u00bb30&#8243; custom_height_tablet=\u00bb40&#8243;][nectar_responsive_text inherited_font_style=\u00bbdefault\u00bb font_size_desktop=\u00bb30&#8243; text_direction=\u00bbdefault\u00bb font_size_tablet=\u00bb22&#8243; font_line_height=\u00bb1.1&#8243;]<strong>  Christus vivit, Exhortaci\u00f3n apost\u00f3lica postsinodal a los j\u00f3venes<br \/>\n<\/strong>[\/nectar_responsive_text][vc_column_text css=\u00bb\u00bb text_direction=\u00bbdefault\u00bb]Exhortaci\u00f3n Apost\u00f3lica del papa Francisco \u00abChristus vivit\u00bb sobre la fe y el discernimiento vocacional de los j\u00f3venes.<\/p>\n[\/vc_column_text][nectar_btn size=\u00bblarge\u00bb open_new_tab=\u00bbtrue\u00bb button_style=\u00bbsee-through-2&#8243; color_override=\u00bb#000000&#8243; hover_color_override=\u00bb#000000&#8243; hover_text_color_override=\u00bb#ffffff\u00bb icon_family=\u00bbnone\u00bb text=\u00bbAccede\u00bb url=\u00bbhttps:\/\/www.vatican.va\/content\/francesco\/es\/apost_exhortations\/documents\/papa-francesco_esortazione-ap_20190325_christus-vivit.html\u00bb][\/vc_column_inner][vc_column_inner top_padding_desktop=\u00bb20&#8243; bottom_padding_desktop=\u00bb20&#8243; left_padding_desktop=\u00bb20&#8243; right_padding_desktop=\u00bb20&#8243; column_element_direction_desktop=\u00bbdefault\u00bb column_element_spacing=\u00bbdefault\u00bb desktop_text_alignment=\u00bbdefault\u00bb tablet_text_alignment=\u00bbdefault\u00bb phone_text_alignment=\u00bbdefault\u00bb background_color_opacity=\u00bb1&#8243; background_hover_color_opacity=\u00bb1&#8243; column_backdrop_filter=\u00bbnone\u00bb column_shadow=\u00bbnone\u00bb column_border_radius=\u00bb20px\u00bb column_link_target=\u00bb_self\u00bb overflow=\u00bbvisible\u00bb gradient_direction=\u00bbleft_to_right\u00bb overlay_strength=\u00bb0.3&#8243; width=\u00bb1\/4&#8243; tablet_width_inherit=\u00bbdefault\u00bb animation_type=\u00bbdefault\u00bb bg_image_animation=\u00bbnone\u00bb border_type=\u00bbsimple\u00bb column_border_width=\u00bb2px\u00bb column_border_color=\u00bb#f9f4f1&#8243; column_border_style=\u00bbsolid\u00bb column_padding_type=\u00bbadvanced\u00bb gradient_type=\u00bbdefault\u00bb][image_with_animation image_url=\u00bb9015&#8243; image_size=\u00bbfull\u00bb animation_type=\u00bbentrance\u00bb animation=\u00bbNone\u00bb animation_movement_type=\u00bbtransform_y\u00bb hover_animation=\u00bbnone\u00bb alignment=\u00bbcenter\u00bb border_radius=\u00bb20px\u00bb box_shadow=\u00bbnone\u00bb image_loading=\u00bbdefault\u00bb max_width=\u00bb100%\u00bb max_width_mobile=\u00bbdefault\u00bb][divider line_type=\u00bbNo Line\u00bb custom_height=\u00bb30&#8243; custom_height_tablet=\u00bb40&#8243;][nectar_responsive_text inherited_font_style=\u00bbdefault\u00bb font_size_desktop=\u00bb30&#8243; text_direction=\u00bbdefault\u00bb font_size_tablet=\u00bb22&#8243; font_line_height=\u00bb1.1&#8243;]<strong>YOUCAT. Libro de catequesis para la confirmaci\u00f3n <\/strong><\/p>\n[\/nectar_responsive_text][vc_column_text css=\u00bb\u00bb text_direction=\u00bbdefault\u00bb]Este libro es tu entrenador personal y te acompa\u00f1a hasta el d\u00eda de tu Confirmaci\u00f3n. Encontrar\u00e1s un buen programa de entrenamiento para una vida emocionante con Dios.<\/p>\n[\/vc_column_text][nectar_btn size=\u00bblarge\u00bb open_new_tab=\u00bbtrue\u00bb button_style=\u00bbsee-through-2&#8243; color_override=\u00bb#000000&#8243; hover_color_override=\u00bb#000000&#8243; hover_text_color_override=\u00bb#ffffff\u00bb icon_family=\u00bbnone\u00bb text=\u00bbAccede\u00bb url=\u00bbhttps:\/\/www.claret.cat\/ca\/llibre\/YOUCAT-LLIBRE-DE-CATEQUESI-PER-A-LA-CONFIRMACIO&#8211;849136074&#8243;][\/vc_column_inner][\/vc_row_inner][vc_row_inner equal_height=\u00bbyes\u00bb content_placement=\u00bbtop\u00bb column_margin=\u00bb20px\u00bb column_direction=\u00bbdefault\u00bb column_direction_tablet=\u00bbdefault\u00bb column_direction_phone=\u00bbdefault\u00bb text_align=\u00bbleft\u00bb row_position=\u00bbdefault\u00bb row_position_tablet=\u00bbinherit\u00bb row_position_phone=\u00bbinherit\u00bb overflow=\u00bbvisible\u00bb pointer_events=\u00bball\u00bb][vc_column_inner top_padding_desktop=\u00bb20&#8243; bottom_padding_desktop=\u00bb20&#8243; left_padding_desktop=\u00bb20&#8243; right_padding_desktop=\u00bb20&#8243; column_element_direction_desktop=\u00bbdefault\u00bb column_element_spacing=\u00bbdefault\u00bb desktop_text_alignment=\u00bbdefault\u00bb tablet_text_alignment=\u00bbdefault\u00bb phone_text_alignment=\u00bbdefault\u00bb background_color_opacity=\u00bb1&#8243; background_hover_color_opacity=\u00bb1&#8243; column_backdrop_filter=\u00bbnone\u00bb column_shadow=\u00bbnone\u00bb column_border_radius=\u00bb20px\u00bb column_link_target=\u00bb_self\u00bb overflow=\u00bbvisible\u00bb gradient_direction=\u00bbleft_to_right\u00bb overlay_strength=\u00bb0.3&#8243; width=\u00bb1\/4&#8243; tablet_width_inherit=\u00bbdefault\u00bb animation_type=\u00bbdefault\u00bb bg_image_animation=\u00bbnone\u00bb border_type=\u00bbsimple\u00bb column_border_width=\u00bb2px\u00bb column_border_color=\u00bb#f9f4f1&#8243; column_border_style=\u00bbsolid\u00bb column_padding_type=\u00bbadvanced\u00bb gradient_type=\u00bbdefault\u00bb][image_with_animation image_url=\u00bb9011&#8243; image_size=\u00bbfull\u00bb animation_type=\u00bbentrance\u00bb animation=\u00bbNone\u00bb animation_movement_type=\u00bbtransform_y\u00bb hover_animation=\u00bbnone\u00bb alignment=\u00bbcenter\u00bb border_radius=\u00bb20px\u00bb box_shadow=\u00bbnone\u00bb image_loading=\u00bbdefault\u00bb max_width=\u00bb100%\u00bb max_width_mobile=\u00bbdefault\u00bb][divider line_type=\u00bbNo Line\u00bb custom_height=\u00bb30&#8243; custom_height_tablet=\u00bb40&#8243;][nectar_responsive_text inherited_font_style=\u00bbdefault\u00bb font_size_desktop=\u00bb30&#8243; text_direction=\u00bbdefault\u00bb font_size_tablet=\u00bb22&#8243; font_line_height=\u00bb1.1&#8243;]<strong>  Fichas YouCat<br \/>\n<\/strong>[\/nectar_responsive_text][vc_column_text css=\u00bb\u00bb text_direction=\u00bbdefault\u00bb]Pretenden ser una ayuda para facilitar el trabajo de Youcat en grupos de j\u00f3venes, catequesis de confirmaci\u00f3n o clases de religi\u00f3n en escuelas.<\/p>\n[\/vc_column_text][nectar_btn size=\u00bblarge\u00bb open_new_tab=\u00bbtrue\u00bb button_style=\u00bbsee-through-2&#8243; color_override=\u00bb#000000&#8243; hover_color_override=\u00bb#000000&#8243; hover_text_color_override=\u00bb#ffffff\u00bb icon_family=\u00bbnone\u00bb text=\u00bbAccede\u00bb url=\u00bbhttps:\/\/www.claret.cat\/ca\/llibre\/FITXES-YOUCAT-849846952&#8243;][\/vc_column_inner][vc_column_inner top_padding_desktop=\u00bb20&#8243; constrain_group_100=\u00bbyes\u00bb bottom_padding_desktop=\u00bb20&#8243; left_padding_desktop=\u00bb20&#8243; constrain_group_101=\u00bbyes\u00bb right_padding_desktop=\u00bb20&#8243; column_element_direction_desktop=\u00bbdefault\u00bb column_element_spacing=\u00bbdefault\u00bb desktop_text_alignment=\u00bbdefault\u00bb tablet_text_alignment=\u00bbdefault\u00bb phone_text_alignment=\u00bbdefault\u00bb background_color_opacity=\u00bb1&#8243; background_hover_color_opacity=\u00bb1&#8243; column_backdrop_filter=\u00bbnone\u00bb column_shadow=\u00bbnone\u00bb column_border_radius=\u00bb20px\u00bb column_link_target=\u00bb_self\u00bb overflow=\u00bbvisible\u00bb gradient_direction=\u00bbleft_to_right\u00bb overlay_strength=\u00bb0.3&#8243; width=\u00bb1\/4&#8243; tablet_width_inherit=\u00bbdefault\u00bb animation_type=\u00bbdefault\u00bb bg_image_animation=\u00bbnone\u00bb border_type=\u00bbsimple\u00bb column_border_width=\u00bb2px\u00bb column_border_color=\u00bb#f9f4f1&#8243; column_border_style=\u00bbsolid\u00bb column_padding_type=\u00bbadvanced\u00bb gradient_type=\u00bbdefault\u00bb][image_with_animation image_url=\u00bb9018&#8243; image_size=\u00bbfull\u00bb animation_type=\u00bbentrance\u00bb animation=\u00bbNone\u00bb animation_movement_type=\u00bbtransform_y\u00bb hover_animation=\u00bbnone\u00bb alignment=\u00bbcenter\u00bb border_radius=\u00bb20px\u00bb box_shadow=\u00bbnone\u00bb image_loading=\u00bbdefault\u00bb max_width=\u00bb100%\u00bb max_width_mobile=\u00bbdefault\u00bb][divider line_type=\u00bbNo Line\u00bb custom_height=\u00bb30&#8243; custom_height_tablet=\u00bb40&#8243;][nectar_responsive_text inherited_font_style=\u00bbdefault\u00bb font_size_desktop=\u00bb30&#8243; text_direction=\u00bbdefault\u00bb font_size_tablet=\u00bb22&#8243; font_line_height=\u00bb1.1&#8243;]<strong>Libro biogr\u00e1fico beat Joan roig<br \/>\n<\/strong>[\/nectar_responsive_text][vc_column_text css=\u00bb\u00bb text_direction=\u00bbdefault\u00bb]Desde este enlace puedes comprar la biograf\u00eda de Joan Roig y Diggle escrita por Carla Vilallonga<\/p>\n[\/vc_column_text][nectar_btn size=\u00bblarge\u00bb open_new_tab=\u00bbtrue\u00bb button_style=\u00bbsee-through-2&#8243; color_override=\u00bb#000000&#8243; hover_color_override=\u00bb#000000&#8243; hover_text_color_override=\u00bb#ffffff\u00bb icon_family=\u00bbnone\u00bb text=\u00bbAccede\u00bb url=\u00bbhttps:\/\/www.amazon.es\/dp\/8428559228?ref_=k4w_embed_dp_err&amp;tag=kpembed-20&#8243;][\/vc_column_inner][vc_column_inner top_padding_desktop=\u00bb20&#8243; bottom_padding_desktop=\u00bb20&#8243; left_padding_desktop=\u00bb20&#8243; right_padding_desktop=\u00bb20&#8243; column_element_direction_desktop=\u00bbdefault\u00bb column_element_spacing=\u00bbdefault\u00bb desktop_text_alignment=\u00bbdefault\u00bb tablet_text_alignment=\u00bbdefault\u00bb phone_text_alignment=\u00bbdefault\u00bb background_color_opacity=\u00bb1&#8243; background_hover_color_opacity=\u00bb1&#8243; column_backdrop_filter=\u00bbnone\u00bb column_shadow=\u00bbnone\u00bb column_border_radius=\u00bb20px\u00bb column_link_target=\u00bb_self\u00bb overflow=\u00bbvisible\u00bb gradient_direction=\u00bbleft_to_right\u00bb overlay_strength=\u00bb0.3&#8243; width=\u00bb1\/4&#8243; tablet_width_inherit=\u00bbdefault\u00bb animation_type=\u00bbdefault\u00bb bg_image_animation=\u00bbnone\u00bb border_type=\u00bbsimple\u00bb column_border_width=\u00bb2px\u00bb column_border_color=\u00bb#f9f4f1&#8243; column_border_style=\u00bbsolid\u00bb column_padding_type=\u00bbadvanced\u00bb gradient_type=\u00bbdefault\u00bb][image_with_animation image_url=\u00bb8993&#8243; image_size=\u00bbfull\u00bb animation_type=\u00bbentrance\u00bb animation=\u00bbNone\u00bb animation_movement_type=\u00bbtransform_y\u00bb hover_animation=\u00bbnone\u00bb alignment=\u00bbcenter\u00bb border_radius=\u00bb20px\u00bb box_shadow=\u00bbnone\u00bb image_loading=\u00bbdefault\u00bb max_width=\u00bb100%\u00bb max_width_mobile=\u00bbdefault\u00bb][divider line_type=\u00bbNo Line\u00bb custom_height=\u00bb30&#8243; custom_height_tablet=\u00bb40&#8243;][nectar_responsive_text inherited_font_style=\u00bbdefault\u00bb font_size_desktop=\u00bb30&#8243; text_direction=\u00bbdefault\u00bb font_size_tablet=\u00bb22&#8243; font_line_height=\u00bb1.1&#8243;]<strong>  Docado: \u00bfQu\u00e9 hacer? La doctrina Social de la Iglesia <\/strong><\/p>\n[\/nectar_responsive_text][vc_column_text css=\u00bb\u00bb text_direction=\u00bbdefault\u00bb]Docat es una excelente fuente de informaci\u00f3n para los j\u00f3venes sobre la justicia social ayud\u00e1ndoles a la vez a conocer ya vivir la Doctrina Social de la Iglesia.<\/p>\n[\/vc_column_text][nectar_btn size=\u00bblarge\u00bb open_new_tab=\u00bbtrue\u00bb button_style=\u00bbsee-through-2&#8243; color_override=\u00bb#000000&#8243; hover_color_override=\u00bb#000000&#8243; hover_text_color_override=\u00bb#ffffff\u00bb icon_family=\u00bbnone\u00bb text=\u00bbAccede\u00bb url=\u00bbhttps:\/\/www.amazon.es\/dp\/8491361863?ref_=k4w_embed_dp_err&amp;tag=kpembed-20&#8243;][\/vc_column_inner][vc_column_inner top_padding_desktop=\u00bb20&#8243; bottom_padding_desktop=\u00bb20&#8243; left_padding_desktop=\u00bb20&#8243; right_padding_desktop=\u00bb20&#8243; column_element_direction_desktop=\u00bbdefault\u00bb column_element_spacing=\u00bbdefault\u00bb desktop_text_alignment=\u00bbdefault\u00bb tablet_text_alignment=\u00bbdefault\u00bb phone_text_alignment=\u00bbdefault\u00bb background_color_opacity=\u00bb1&#8243; background_hover_color_opacity=\u00bb1&#8243; column_backdrop_filter=\u00bbnone\u00bb column_shadow=\u00bbnone\u00bb column_border_radius=\u00bb20px\u00bb column_link_target=\u00bb_self\u00bb overflow=\u00bbvisible\u00bb gradient_direction=\u00bbleft_to_right\u00bb overlay_strength=\u00bb0.3&#8243; width=\u00bb1\/4&#8243; tablet_width_inherit=\u00bbdefault\u00bb animation_type=\u00bbdefault\u00bb bg_image_animation=\u00bbnone\u00bb border_type=\u00bbsimple\u00bb column_border_width=\u00bb2px\u00bb column_border_color=\u00bb#f9f4f1&#8243; column_border_style=\u00bbsolid\u00bb column_padding_type=\u00bbadvanced\u00bb gradient_type=\u00bbdefault\u00bb][image_with_animation image_url=\u00bb8927&#8243; image_size=\u00bbfull\u00bb animation_type=\u00bbentrance\u00bb animation=\u00bbNone\u00bb animation_movement_type=\u00bbtransform_y\u00bb hover_animation=\u00bbnone\u00bb alignment=\u00bbcenter\u00bb border_radius=\u00bb20px\u00bb box_shadow=\u00bbnone\u00bb image_loading=\u00bbdefault\u00bb max_width=\u00bb100%\u00bb max_width_mobile=\u00bbdefault\u00bb][divider line_type=\u00bbNo Line\u00bb custom_height=\u00bb30&#8243; custom_height_tablet=\u00bb40&#8243;][nectar_responsive_text inherited_font_style=\u00bbdefault\u00bb font_size_desktop=\u00bb30&#8243; text_direction=\u00bbdefault\u00bb font_size_tablet=\u00bb22&#8243; font_line_height=\u00bb1.1&#8243;]<strong>Beato Juan Rojo: un joven que vivi\u00f3 cerca de Dios<br \/>\n<\/strong>[\/nectar_responsive_text][vc_column_text css=\u00bb\u00bb text_direction=\u00bbdefault\u00bb]V\u00eddeo de 6 minutos sobre el beato Joan Roig y Diggle<\/p>\n[\/vc_column_text][nectar_btn size=\u00bblarge\u00bb open_new_tab=\u00bbtrue\u00bb button_style=\u00bbsee-through-2&#8243; color_override=\u00bb#000000&#8243; hover_color_override=\u00bb#000000&#8243; hover_text_color_override=\u00bb#ffffff\u00bb icon_family=\u00bbnone\u00bb text=\u00bbAccede\u00bb url=\u00bbhttps:\/\/www.youtube.com\/watch?v=1xiYQjm1PIw\u00bb][\/vc_column_inner][\/vc_row_inner][vc_row_inner equal_height=\u00bbyes\u00bb content_placement=\u00bbtop\u00bb column_margin=\u00bb20px\u00bb column_direction=\u00bbdefault\u00bb column_direction_tablet=\u00bbdefault\u00bb column_direction_phone=\u00bbdefault\u00bb text_align=\u00bbleft\u00bb row_position=\u00bbdefault\u00bb row_position_tablet=\u00bbinherit\u00bb row_position_phone=\u00bbinherit\u00bb overflow=\u00bbvisible\u00bb pointer_events=\u00bball\u00bb][vc_column_inner top_padding_desktop=\u00bb20&#8243; bottom_padding_desktop=\u00bb20&#8243; left_padding_desktop=\u00bb20&#8243; right_padding_desktop=\u00bb20&#8243; column_element_direction_desktop=\u00bbdefault\u00bb column_element_spacing=\u00bbdefault\u00bb desktop_text_alignment=\u00bbdefault\u00bb tablet_text_alignment=\u00bbdefault\u00bb phone_text_alignment=\u00bbdefault\u00bb background_color_opacity=\u00bb1&#8243; background_hover_color_opacity=\u00bb1&#8243; column_backdrop_filter=\u00bbnone\u00bb column_shadow=\u00bbnone\u00bb column_border_radius=\u00bb20px\u00bb column_link_target=\u00bb_self\u00bb overflow=\u00bbvisible\u00bb gradient_direction=\u00bbleft_to_right\u00bb overlay_strength=\u00bb0.3&#8243; width=\u00bb1\/4&#8243; tablet_width_inherit=\u00bbdefault\u00bb animation_type=\u00bbdefault\u00bb bg_image_animation=\u00bbnone\u00bb border_type=\u00bbsimple\u00bb column_border_width=\u00bb2px\u00bb column_border_color=\u00bb#f9f4f1&#8243; column_border_style=\u00bbsolid\u00bb column_padding_type=\u00bbadvanced\u00bb gradient_type=\u00bbdefault\u00bb][image_with_animation image_url=\u00bb9021&#8243; image_size=\u00bbfull\u00bb animation_type=\u00bbentrance\u00bb animation=\u00bbNone\u00bb animation_movement_type=\u00bbtransform_y\u00bb hover_animation=\u00bbnone\u00bb alignment=\u00bbcenter\u00bb border_radius=\u00bb20px\u00bb box_shadow=\u00bbnone\u00bb image_loading=\u00bbdefault\u00bb max_width=\u00bb100%\u00bb max_width_mobile=\u00bbdefault\u00bb][divider line_type=\u00bbNo Line\u00bb custom_height=\u00bb30&#8243; custom_height_tablet=\u00bb40&#8243;][nectar_responsive_text inherited_font_style=\u00bbdefault\u00bb font_size_desktop=\u00bb30&#8243; text_direction=\u00bbdefault\u00bb font_size_tablet=\u00bb22&#8243; font_line_height=\u00bb1.1&#8243;]<strong>Ejercicios Espirituales con el Obispo Toni<\/strong><\/p>\n[\/nectar_responsive_text][vc_column_text css=\u00bb\u00bb text_direction=\u00bbdefault\u00bb]Ejercicios espirituales que predic\u00f3 el obispo Toni Vadell de forma telem\u00e1tica durante el confinamiento en 2020.<\/p>\n[\/vc_column_text][nectar_btn size=\u00bblarge\u00bb open_new_tab=\u00bbtrue\u00bb button_style=\u00bbsee-through-2&#8243; color_override=\u00bb#000000&#8243; hover_color_override=\u00bb#000000&#8243; hover_text_color_override=\u00bb#ffffff\u00bb icon_family=\u00bbnone\u00bb text=\u00bbAccede\u00bb url=\u00bbhttps:\/\/www.youtube.com\/watch?v=du4ZUiGMnbw\u00bb][\/vc_column_inner][vc_column_inner top_padding_desktop=\u00bb20&#8243; constrain_group_100=\u00bbyes\u00bb bottom_padding_desktop=\u00bb20&#8243; left_padding_desktop=\u00bb20&#8243; constrain_group_101=\u00bbyes\u00bb right_padding_desktop=\u00bb20&#8243; column_element_direction_desktop=\u00bbdefault\u00bb column_element_spacing=\u00bbdefault\u00bb desktop_text_alignment=\u00bbdefault\u00bb tablet_text_alignment=\u00bbdefault\u00bb phone_text_alignment=\u00bbdefault\u00bb background_color_opacity=\u00bb1&#8243; background_hover_color_opacity=\u00bb1&#8243; column_backdrop_filter=\u00bbnone\u00bb column_shadow=\u00bbnone\u00bb column_border_radius=\u00bb20px\u00bb column_link_target=\u00bb_self\u00bb overflow=\u00bbvisible\u00bb gradient_direction=\u00bbleft_to_right\u00bb overlay_strength=\u00bb0.3&#8243; width=\u00bb1\/4&#8243; tablet_width_inherit=\u00bbdefault\u00bb animation_type=\u00bbdefault\u00bb bg_image_animation=\u00bbnone\u00bb border_type=\u00bbsimple\u00bb column_border_width=\u00bb2px\u00bb column_border_color=\u00bb#f9f4f1&#8243; column_border_style=\u00bbsolid\u00bb column_padding_type=\u00bbadvanced\u00bb gradient_type=\u00bbdefault\u00bb][image_with_animation image_url=\u00bb9023&#8243; image_size=\u00bbfull\u00bb animation_type=\u00bbentrance\u00bb animation=\u00bbNone\u00bb animation_movement_type=\u00bbtransform_y\u00bb hover_animation=\u00bbnone\u00bb alignment=\u00bbcenter\u00bb border_radius=\u00bb20px\u00bb box_shadow=\u00bbnone\u00bb image_loading=\u00bbdefault\u00bb max_width=\u00bb100%\u00bb max_width_mobile=\u00bbdefault\u00bb][divider line_type=\u00bbNo Line\u00bb custom_height=\u00bb30&#8243; custom_height_tablet=\u00bb40&#8243;][nectar_responsive_text inherited_font_style=\u00bbdefault\u00bb font_size_desktop=\u00bb30&#8243; text_direction=\u00bbdefault\u00bb font_size_tablet=\u00bb22&#8243; font_line_height=\u00bb1.1&#8243;]<strong>Estampa Joan Roig<\/strong><\/p>\n[\/nectar_responsive_text][nectar_btn size=\u00bblarge\u00bb open_new_tab=\u00bbtrue\u00bb button_style=\u00bbsee-through-2&#8243; color_override=\u00bb#000000&#8243; hover_color_override=\u00bb#000000&#8243; hover_text_color_override=\u00bb#ffffff\u00bb icon_family=\u00bbnone\u00bb text=\u00bbAccede\u00bb url=\u00bbhttp:\/\/arquebisbatdebarcelonas.sg-host.com\/wp-content\/uploads\/Estampa-Beat-JRiD-ES.pdf\u00bb][\/vc_column_inner][vc_column_inner top_padding_desktop=\u00bb20&#8243; bottom_padding_desktop=\u00bb20&#8243; left_padding_desktop=\u00bb20&#8243; right_padding_desktop=\u00bb20&#8243; column_element_direction_desktop=\u00bbdefault\u00bb column_element_spacing=\u00bbdefault\u00bb desktop_text_alignment=\u00bbdefault\u00bb tablet_text_alignment=\u00bbdefault\u00bb phone_text_alignment=\u00bbdefault\u00bb background_color_opacity=\u00bb1&#8243; background_hover_color_opacity=\u00bb1&#8243; column_backdrop_filter=\u00bbnone\u00bb column_shadow=\u00bbnone\u00bb column_border_radius=\u00bb20px\u00bb column_link_target=\u00bb_self\u00bb overflow=\u00bbvisible\u00bb gradient_direction=\u00bbleft_to_right\u00bb overlay_strength=\u00bb0.3&#8243; width=\u00bb1\/4&#8243; tablet_width_inherit=\u00bbdefault\u00bb animation_type=\u00bbdefault\u00bb bg_image_animation=\u00bbnone\u00bb border_type=\u00bbsimple\u00bb column_border_width=\u00bb2px\u00bb column_border_color=\u00bb#f9f4f1&#8243; column_border_style=\u00bbsolid\u00bb column_padding_type=\u00bbadvanced\u00bb gradient_type=\u00bbdefault\u00bb][\/vc_column_inner][vc_column_inner top_padding_desktop=\u00bb20&#8243; bottom_padding_desktop=\u00bb20&#8243; left_padding_desktop=\u00bb20&#8243; right_padding_desktop=\u00bb20&#8243; column_element_direction_desktop=\u00bbdefault\u00bb column_element_spacing=\u00bbdefault\u00bb desktop_text_alignment=\u00bbdefault\u00bb tablet_text_alignment=\u00bbdefault\u00bb phone_text_alignment=\u00bbdefault\u00bb background_color_opacity=\u00bb1&#8243; background_hover_color_opacity=\u00bb1&#8243; column_backdrop_filter=\u00bbnone\u00bb column_shadow=\u00bbnone\u00bb column_border_radius=\u00bb20px\u00bb column_link_target=\u00bb_self\u00bb overflow=\u00bbvisible\u00bb gradient_direction=\u00bbleft_to_right\u00bb overlay_strength=\u00bb0.3&#8243; width=\u00bb1\/4&#8243; tablet_width_inherit=\u00bbdefault\u00bb animation_type=\u00bbdefault\u00bb bg_image_animation=\u00bbnone\u00bb border_type=\u00bbsimple\u00bb column_border_width=\u00bb2px\u00bb column_border_color=\u00bb#f9f4f1&#8243; column_border_style=\u00bbsolid\u00bb column_padding_type=\u00bbadvanced\u00bb gradient_type=\u00bbdefault\u00bb][\/vc_column_inner][\/vc_row_inner][\/vc_column][\/vc_row]\n","protected":false},"excerpt":{"rendered":"<p>[vc_row type=\u00bbfull_width_content\u00bb full_screen_row_position=\u00bbmiddle\u00bb column_margin=\u00bbdefault\u00bb column_direction=\u00bbdefault\u00bb column_direction_tablet=\u00bbdefault\u00bb column_direction_phone=\u00bbdefault\u00bb bg_image=\u00bb4219&#8243; bg_position=\u00bbcenter center\u00bb background_image_loading=\u00bbdefault\u00bb bg_repeat=\u00bbno-repeat\u00bb scene_position=\u00bbcenter\u00bb top_padding=\u00bb150&#8243; constrain_group_1=\u00bbyes\u00bb bottom_padding=\u00bb150&#8243; top_padding_tablet=\u00bb80&#8243; constrain_group_3=\u00bbyes\u00bb bottom_padding_tablet=\u00bb80&#8243; text_color=\u00bbdark\u00bb text_align=\u00bbleft\u00bb row_border_radius=\u00bbnone\u00bb row_border_radius_applies=\u00bbbg\u00bb overflow=\u00bbvisible\u00bb color_overlay=\u00bb#000000&#8243; overlay_strength=\u00bb0.3&#8243; gradient_direction=\u00bbleft_to_right\u00bb shape_divider_position=\u00bbbottom\u00bb bg_image_animation=\u00bbnone\u00bb gradient_type=\u00bbdefault\u00bb&#8230;<\/p>\n","protected":false},"author":1,"featured_media":0,"parent":0,"menu_order":0,"comment_status":"closed","ping_status":"closed","template":"","meta":{"inline_featured_image":false,"footnotes":""},"class_list":["post-10450","page","type-page","status-publish"],"_links":{"self":[{"href":"https:\/\/esglesiajove.barcelona\/es\/wp-json\/wp\/v2\/pages\/10450","targetHints":{"allow":["GET"]}}],"collection":[{"href":"https:\/\/esglesiajove.barcelona\/es\/wp-json\/wp\/v2\/pages"}],"about":[{"href":"https:\/\/esglesiajove.barcelona\/es\/wp-json\/wp\/v2\/types\/page"}],"author":[{"embeddable":true,"href":"https:\/\/esglesiajove.barcelona\/es\/wp-json\/wp\/v2\/users\/1"}],"replies":[{"embeddable":true,"href":"https:\/\/esglesiajove.barcelona\/es\/wp-json\/wp\/v2\/comments?post=10450"}],"version-history":[{"count":5,"href":"https:\/\/esglesiajove.barcelona\/es\/wp-json\/wp\/v2\/pages\/10450\/revisions"}],"predecessor-version":[{"id":10471,"href":"https:\/\/esglesiajove.barcelona\/es\/wp-json\/wp\/v2\/pages\/10450\/revisions\/10471"}],"wp:attachment":[{"href":"https:\/\/esglesiajove.barcelona\/es\/wp-json\/wp\/v2\/media?parent=10450"}],"curies":[{"name":"wp","href":"https:\/\/api.w.org\/{rel}","templated":true}]}}